{"id":100110,"date":"2025-10-13T14:10:13","date_gmt":"2025-10-13T14:10:13","guid":{"rendered":"https:\/\/www.climatepolicyinitiative.org\/?page_id=100110"},"modified":"2025-10-13T14:10:19","modified_gmt":"2025-10-13T14:10:19","slug":"construindo-uma-arquitetura-financeira-sob-medida-para-as-florestas-o-nexo-floresta-clima-uma-arquitetura-sob-medida-para-a-acao-climatica","status":"publish","type":"page","link":"https:\/\/www.climatepolicyinitiative.org\/pt-br\/construindo-uma-arquitetura-financeira-sob-medida-para-as-florestas-o-nexo-floresta-clima-uma-arquitetura-sob-medida-para-a-acao-climatica\/","title":{"rendered":"Construindo uma Arquitetura Financeira sob Medida para as Florestas <br><span style=\"font-size: 1.5rem; line-height: 0.5rem !important;\">(O Nexo Floresta-Clima: Uma Arquitetura Sob Medida para a A\u00e7\u00e3o Clim\u00e1tica)<\/span>"},"content":{"rendered":"\n<p><a href=\"https:\/\/www.climatepolicyinitiative.org\/pt-br\/publication\/o-nexo-floresta-clima-uma-arquitetura-sob-medida-para-a-acao-climatica\/\" target=\"_blank\" rel=\"noreferrer noopener\"><span class=\"button\">P\u00e1gina Inicial<\/span><\/a> <span class=\"button\"><a href=\"#https:\/\/www.climatepolicyinitiative.org\/wp-content\/uploads\/2025\/10\/O-Nexo-Floresta-Clima.pdf\" target=\"_blank\" rel=\"noreferrer noopener\">Relat\u00f3rio Completo (Em pdf)<\/a><\/span><\/p>\n\n\n\n<p>As florestas tropicais s\u00e3o uma das ferramentas mais poderosas, por\u00e9m subutilizadas, contra as mudan\u00e7as clim\u00e1ticas. Elas armazenam vastas reservas de carbono e oferecem um potencial excepcional para a captura de CO<sub>2<\/sub> em larga escala por meio da regenera\u00e7\u00e3o natural. Mas, apesar dos sucessos comprovados em conserva\u00e7\u00e3o e restaura\u00e7\u00e3o, os esfor\u00e7os permanecem inconsistentes e vulner\u00e1veis a mudan\u00e7as pol\u00edticas e press\u00f5es dissonantes. A escala e a diversidade da agenda florestal exigem incentivos financeiros capazes de abordar tr\u00eas quest\u00f5es centrais: deter o desmatamento, proteger as florestas existentes e impulsionar a restaura\u00e7\u00e3o em larga escala.<\/p>\n\n\n\n<p>Embora o JREDD+ tenha fornecido uma estrutura reconhecida para reduzir o desmatamento e o rec\u00e9m-proposto TFFF busque proteger as florestas em p\u00e9, ainda existe uma lacuna cr\u00edtica no financiamento clim\u00e1tico em rela\u00e7\u00e3o aos incentivos para a restaura\u00e7\u00e3o florestal. O RDM pode preencher essa lacuna, servindo como um modelo para mecanismos que recompensam jurisdi\u00e7\u00f5es pela restaura\u00e7\u00e3o de ecossistemas. Ao gerar cr\u00e9ditos de captura de carbono, o RDM apoia diretamente a mitiga\u00e7\u00e3o clim\u00e1tica, fortalece a resili\u00eancia das florestas tropicais, salvaguarda a biodiversidade e reduz os riscos de ultrapassar pontos de n\u00e3o retorno ecol\u00f3gicos.<\/p>\n\n\n\n<p><strong>Baseado em pagamentos jurisdicionais por resultados, o RDM \u00e9 escal\u00e1vel, adapt\u00e1vel e projetado para funcionar em conjunto com os mecanismos existentes. Dessa forma, os projetos jurisdicionais e baseados em resultados do JREDD+, TFFF e RDM se fortalecem mutuamente, proporcionando uma arquitetura financeira flex\u00edvel e sob medida para as florestas. <\/strong>Ao conectar incentivos financeiros a resultados mensur\u00e1veis de restaura\u00e7\u00e3o, o RDM demonstra como mecanismos bem estruturados podem transformar compromissos internacionais em a\u00e7\u00f5es concretas.<\/p>\n\n\n\n<p>\u00c9 importante ressaltar que o RDM opera dentro de um regime florestal internacional consolidado, com base em d\u00e9cadas de acordos, conven\u00e7\u00f5es e iniciativas multilaterais. As orienta\u00e7\u00f5es recentes do primeiro Balan\u00e7o Global na COP28 j\u00e1 orientaram os pa\u00edses a interromper e reverter o desmatamento, destacando a necessidade urgente de mecanismos como o RDM. An\u00e1lises do CPI\/PUC-Rio confirmam que o RDM pode n\u00e3o apenas contribuir substancialmente para a mitiga\u00e7\u00e3o clim\u00e1tica, mas tamb\u00e9m gerar receitas substanciais para pa\u00edses com florestas tropicais.<\/p>\n\n\n\n<p>A COP30, a ser realizada na Amaz\u00f4nia, representa uma oportunidade \u00fanica para colocar o financiamento florestal no centro da a\u00e7\u00e3o clim\u00e1tica global. Ancorar a ambi\u00e7\u00e3o clim\u00e1tica internacional na maior floresta tropical do mundo pode catalisar o compromisso pol\u00edtico e direcionar recursos para os pa\u00edses mais bem posicionados para restaurar as florestas em larga escala.<\/p>\n\n\n\n<p><strong>Se adotada, essa abordagem pode transformar as florestas tropicais em ativos clim\u00e1ticos duradouros, aumentando o sequestro de carbono, reduzindo o desmatamento, protegendo a biodiversidade e apoiando as comunidades que dependem da floresta. No entanto, o tempo para a\u00e7\u00e3o est\u00e1 se esgotando. Mobilizar vontade pol\u00edtica, recursos financeiros e parcerias intersetoriais \u00e9 essencial para destravar todo o potencial clim\u00e1tico, ecol\u00f3gico e econ\u00f4mico das florestas tropicais.<\/strong><\/p>\n\n\n\n<p class=\"has-cyan-bluish-gray-color has-text-color has-link-color has-small-font-size wp-elements-ae3219f6bf699dcf581bde698e4bb5ae\"><a href=\"#top\">\u2191 Voltar para o topo da p\u00e1gina<\/a><\/p>\n","protected":false},"excerpt":{"rendered":"<p>P\u00e1gina Inicial Relat\u00f3rio Completo (Em pdf) As florestas tropicais s\u00e3o uma das ferramentas mais poderosas, por\u00e9m subutilizadas, contra as mudan\u00e7as clim\u00e1ticas. Elas armazenam vastas reservas de carbono e oferecem um potencial excepcional para a captura de CO2 em larga escala por meio da regenera\u00e7\u00e3o natural. Mas, apesar dos sucessos comprovados em conserva\u00e7\u00e3o e restaura\u00e7\u00e3o, os [&hellip;]<\/p>\n","protected":false},"author":233,"featured_media":99049,"parent":0,"menu_order":0,"comment_status":"closed","ping_status":"closed","template":"","meta":{"_acf_changed":false,"footnotes":""},"programs":[],"regions":[1399],"topics":[1294,1261,1243],"collaborations":[],"class_list":["post-100110","page","type-page","status-publish","format-standard","has-post-thumbnail","hentry","regions-global","topics-inovacao-financeira","topics-mercado-de-carbono","topics-uso-da-terra"],"acf":[],"yoast_head":"<!-- This site is optimized with the Yoast SEO plugin v27.3 - https:\/\/yoast.com\/product\/yoast-seo-wordpress\/ -->\n<title>Construindo uma Arquitetura Financeira sob Medida para as Florestas (O Nexo Floresta-Clima: Uma Arquitetura Sob Medida para a A\u00e7\u00e3o Clim\u00e1tica) - CPI<\/title>\n<meta name=\"robots\" content=\"index, follow, max-snippet:-1, max-image-preview:large, max-video-preview:-1\" \/>\n<link rel=\"canonical\" href=\"https:\/\/www.climatepolicyinitiative.org\/pt-br\/construindo-uma-arquitetura-financeira-sob-medida-para-as-florestas-o-nexo-floresta-clima-uma-arquitetura-sob-medida-para-a-acao-climatica\/\" \/>\n<meta property=\"og:locale\" content=\"pt_BR\" \/>\n<meta property=\"og:type\" content=\"article\" \/>\n<meta property=\"og:title\" content=\"Construindo uma Arquitetura Financeira sob Medida para as Florestas (O Nexo Floresta-Clima: Uma Arquitetura Sob Medida para a A\u00e7\u00e3o Clim\u00e1tica) - CPI\" \/>\n<meta property=\"og:description\" content=\"P\u00e1gina Inicial Relat\u00f3rio Completo (Em pdf) As florestas tropicais s\u00e3o uma das ferramentas mais poderosas, por\u00e9m subutilizadas, contra as mudan\u00e7as clim\u00e1ticas. Elas armazenam vastas reservas de carbono e oferecem um potencial excepcional para a captura de CO2 em larga escala por meio da regenera\u00e7\u00e3o natural. Mas, apesar dos sucessos comprovados em conserva\u00e7\u00e3o e restaura\u00e7\u00e3o, os [&hellip;]\" \/>\n<meta property=\"og:url\" content=\"https:\/\/www.climatepolicyinitiative.org\/pt-br\/construindo-uma-arquitetura-financeira-sob-medida-para-as-florestas-o-nexo-floresta-clima-uma-arquitetura-sob-medida-para-a-acao-climatica\/\" \/>\n<meta property=\"og:site_name\" content=\"CPI\" \/>\n<meta property=\"article:publisher\" content=\"https:\/\/www.facebook.com\/ClimatePolicyInitiative\" \/>\n<meta property=\"article:modified_time\" content=\"2025-10-13T14:10:19+00:00\" \/>\n<meta property=\"og:image\" content=\"https:\/\/www.climatepolicyinitiative.org\/wp-content\/uploads\/2025\/09\/Nexus-Chapter-5.jpg\" \/>\n\t<meta property=\"og:image:width\" content=\"2000\" \/>\n\t<meta property=\"og:image:height\" content=\"900\" \/>\n\t<meta property=\"og:image:type\" content=\"image\/jpeg\" \/>\n<meta name=\"twitter:card\" content=\"summary_large_image\" \/>\n<meta name=\"twitter:site\" content=\"@climatepolicy\" \/>\n<meta name=\"twitter:label1\" content=\"Est. tempo de leitura\" \/>\n\t<meta name=\"twitter:data1\" content=\"3 minutos\" \/>\n<script type=\"application\/ld+json\" class=\"yoast-schema-graph\">{\"@context\":\"https:\\\/\\\/schema.org\",\"@graph\":[{\"@type\":\"WebPage\",\"@id\":\"https:\\\/\\\/www.climatepolicyinitiative.org\\\/pt-br\\\/construindo-uma-arquitetura-financeira-sob-medida-para-as-florestas-o-nexo-floresta-clima-uma-arquitetura-sob-medida-para-a-acao-climatica\\\/\",\"url\":\"https:\\\/\\\/www.climatepolicyinitiative.org\\\/pt-br\\\/construindo-uma-arquitetura-financeira-sob-medida-para-as-florestas-o-nexo-floresta-clima-uma-arquitetura-sob-medida-para-a-acao-climatica\\\/\",\"name\":\"Construindo uma Arquitetura Financeira sob Medida para as Florestas (O Nexo Floresta-Clima: Uma Arquitetura Sob Medida para a A\u00e7\u00e3o Clim\u00e1tica) - CPI\",\"isPartOf\":{\"@id\":\"https:\\\/\\\/www.climatepolicyinitiative.org\\\/pt-br\\\/#website\"},\"primaryImageOfPage\":{\"@id\":\"https:\\\/\\\/www.climatepolicyinitiative.org\\\/pt-br\\\/construindo-uma-arquitetura-financeira-sob-medida-para-as-florestas-o-nexo-floresta-clima-uma-arquitetura-sob-medida-para-a-acao-climatica\\\/#primaryimage\"},\"image\":{\"@id\":\"https:\\\/\\\/www.climatepolicyinitiative.org\\\/pt-br\\\/construindo-uma-arquitetura-financeira-sob-medida-para-as-florestas-o-nexo-floresta-clima-uma-arquitetura-sob-medida-para-a-acao-climatica\\\/#primaryimage\"},\"thumbnailUrl\":\"https:\\\/\\\/www.climatepolicyinitiative.org\\\/wp-content\\\/uploads\\\/2025\\\/09\\\/Nexus-Chapter-5.jpg\",\"datePublished\":\"2025-10-13T14:10:13+00:00\",\"dateModified\":\"2025-10-13T14:10:19+00:00\",\"breadcrumb\":{\"@id\":\"https:\\\/\\\/www.climatepolicyinitiative.org\\\/pt-br\\\/construindo-uma-arquitetura-financeira-sob-medida-para-as-florestas-o-nexo-floresta-clima-uma-arquitetura-sob-medida-para-a-acao-climatica\\\/#breadcrumb\"},\"inLanguage\":\"pt-BR\",\"potentialAction\":[{\"@type\":\"ReadAction\",\"target\":[\"https:\\\/\\\/www.climatepolicyinitiative.org\\\/pt-br\\\/construindo-uma-arquitetura-financeira-sob-medida-para-as-florestas-o-nexo-floresta-clima-uma-arquitetura-sob-medida-para-a-acao-climatica\\\/\"]}]},{\"@type\":\"ImageObject\",\"inLanguage\":\"pt-BR\",\"@id\":\"https:\\\/\\\/www.climatepolicyinitiative.org\\\/pt-br\\\/construindo-uma-arquitetura-financeira-sob-medida-para-as-florestas-o-nexo-floresta-clima-uma-arquitetura-sob-medida-para-a-acao-climatica\\\/#primaryimage\",\"url\":\"https:\\\/\\\/www.climatepolicyinitiative.org\\\/wp-content\\\/uploads\\\/2025\\\/09\\\/Nexus-Chapter-5.jpg\",\"contentUrl\":\"https:\\\/\\\/www.climatepolicyinitiative.org\\\/wp-content\\\/uploads\\\/2025\\\/09\\\/Nexus-Chapter-5.jpg\",\"width\":2000,\"height\":900},{\"@type\":\"BreadcrumbList\",\"@id\":\"https:\\\/\\\/www.climatepolicyinitiative.org\\\/pt-br\\\/construindo-uma-arquitetura-financeira-sob-medida-para-as-florestas-o-nexo-floresta-clima-uma-arquitetura-sob-medida-para-a-acao-climatica\\\/#breadcrumb\",\"itemListElement\":[{\"@type\":\"ListItem\",\"position\":1,\"name\":\"Home\",\"item\":\"https:\\\/\\\/www.climatepolicyinitiative.org\\\/pt-br\\\/\"},{\"@type\":\"ListItem\",\"position\":2,\"name\":\"Construindo uma Arquitetura Financeira sob Medida para as Florestas (O Nexo Floresta-Clima: Uma Arquitetura Sob Medida para a A\u00e7\u00e3o Clim\u00e1tica)\"}]},{\"@type\":\"WebSite\",\"@id\":\"https:\\\/\\\/www.climatepolicyinitiative.org\\\/pt-br\\\/#website\",\"url\":\"https:\\\/\\\/www.climatepolicyinitiative.org\\\/pt-br\\\/\",\"name\":\"CPI\",\"description\":\"Climate Policy Initiative works to improve the most important energy and land use policies around the world, with a particular focus on finance.\",\"publisher\":{\"@id\":\"https:\\\/\\\/www.climatepolicyinitiative.org\\\/pt-br\\\/#organization\"},\"potentialAction\":[{\"@type\":\"SearchAction\",\"target\":{\"@type\":\"EntryPoint\",\"urlTemplate\":\"https:\\\/\\\/www.climatepolicyinitiative.org\\\/pt-br\\\/?s={search_term_string}\"},\"query-input\":{\"@type\":\"PropertyValueSpecification\",\"valueRequired\":true,\"valueName\":\"search_term_string\"}}],\"inLanguage\":\"pt-BR\"},{\"@type\":\"Organization\",\"@id\":\"https:\\\/\\\/www.climatepolicyinitiative.org\\\/pt-br\\\/#organization\",\"name\":\"Climate Policy Initiative\",\"url\":\"https:\\\/\\\/www.climatepolicyinitiative.org\\\/pt-br\\\/\",\"logo\":{\"@type\":\"ImageObject\",\"inLanguage\":\"pt-BR\",\"@id\":\"https:\\\/\\\/www.climatepolicyinitiative.org\\\/pt-br\\\/#\\\/schema\\\/logo\\\/image\\\/\",\"url\":\"https:\\\/\\\/www.climatepolicyinitiative.org\\\/wp-content\\\/uploads\\\/2021\\\/07\\\/CPI_logo_cmyk_transparent.png\",\"contentUrl\":\"https:\\\/\\\/www.climatepolicyinitiative.org\\\/wp-content\\\/uploads\\\/2021\\\/07\\\/CPI_logo_cmyk_transparent.png\",\"width\":1728,\"height\":720,\"caption\":\"Climate Policy Initiative\"},\"image\":{\"@id\":\"https:\\\/\\\/www.climatepolicyinitiative.org\\\/pt-br\\\/#\\\/schema\\\/logo\\\/image\\\/\"},\"sameAs\":[\"https:\\\/\\\/www.facebook.com\\\/ClimatePolicyInitiative\",\"https:\\\/\\\/x.com\\\/climatepolicy\",\"https:\\\/\\\/www.linkedin.com\\\/company\\\/climate-policy-initiative\\\/?lipi=urn:li:page:d_flagship3_search_srp_all;GvyQ8DliSYaW9eZhdq8RBQ==\",\"https:\\\/\\\/www.youtube.com\\\/channel\\\/UCE8V0iDgBU8mreZdBegVCcA\",\"https:\\\/\\\/en.wikipedia.org\\\/wiki\\\/Climate_Policy_Initiative\"]}]}<\/script>\n<!-- \/ Yoast SEO plugin. -->","yoast_head_json":{"title":"Construindo uma Arquitetura Financeira sob Medida para as Florestas (O Nexo Floresta-Clima: Uma Arquitetura Sob Medida para a A\u00e7\u00e3o Clim\u00e1tica) - CPI","robots":{"index":"index","follow":"follow","max-snippet":"max-snippet:-1","max-image-preview":"max-image-preview:large","max-video-preview":"max-video-preview:-1"},"canonical":"https:\/\/www.climatepolicyinitiative.org\/pt-br\/construindo-uma-arquitetura-financeira-sob-medida-para-as-florestas-o-nexo-floresta-clima-uma-arquitetura-sob-medida-para-a-acao-climatica\/","og_locale":"pt_BR","og_type":"article","og_title":"Construindo uma Arquitetura Financeira sob Medida para as Florestas (O Nexo Floresta-Clima: Uma Arquitetura Sob Medida para a A\u00e7\u00e3o Clim\u00e1tica) - CPI","og_description":"P\u00e1gina Inicial Relat\u00f3rio Completo (Em pdf) As florestas tropicais s\u00e3o uma das ferramentas mais poderosas, por\u00e9m subutilizadas, contra as mudan\u00e7as clim\u00e1ticas. Elas armazenam vastas reservas de carbono e oferecem um potencial excepcional para a captura de CO2 em larga escala por meio da regenera\u00e7\u00e3o natural. Mas, apesar dos sucessos comprovados em conserva\u00e7\u00e3o e restaura\u00e7\u00e3o, os [&hellip;]","og_url":"https:\/\/www.climatepolicyinitiative.org\/pt-br\/construindo-uma-arquitetura-financeira-sob-medida-para-as-florestas-o-nexo-floresta-clima-uma-arquitetura-sob-medida-para-a-acao-climatica\/","og_site_name":"CPI","article_publisher":"https:\/\/www.facebook.com\/ClimatePolicyInitiative","article_modified_time":"2025-10-13T14:10:19+00:00","og_image":[{"width":2000,"height":900,"url":"https:\/\/www.climatepolicyinitiative.org\/wp-content\/uploads\/2025\/09\/Nexus-Chapter-5.jpg","type":"image\/jpeg"}],"twitter_card":"summary_large_image","twitter_site":"@climatepolicy","twitter_misc":{"Est. tempo de leitura":"3 minutos"},"schema":{"@context":"https:\/\/schema.org","@graph":[{"@type":"WebPage","@id":"https:\/\/www.climatepolicyinitiative.org\/pt-br\/construindo-uma-arquitetura-financeira-sob-medida-para-as-florestas-o-nexo-floresta-clima-uma-arquitetura-sob-medida-para-a-acao-climatica\/","url":"https:\/\/www.climatepolicyinitiative.org\/pt-br\/construindo-uma-arquitetura-financeira-sob-medida-para-as-florestas-o-nexo-floresta-clima-uma-arquitetura-sob-medida-para-a-acao-climatica\/","name":"Construindo uma Arquitetura Financeira sob Medida para as Florestas (O Nexo Floresta-Clima: Uma Arquitetura Sob Medida para a A\u00e7\u00e3o Clim\u00e1tica) - CPI","isPartOf":{"@id":"https:\/\/www.climatepolicyinitiative.org\/pt-br\/#website"},"primaryImageOfPage":{"@id":"https:\/\/www.climatepolicyinitiative.org\/pt-br\/construindo-uma-arquitetura-financeira-sob-medida-para-as-florestas-o-nexo-floresta-clima-uma-arquitetura-sob-medida-para-a-acao-climatica\/#primaryimage"},"image":{"@id":"https:\/\/www.climatepolicyinitiative.org\/pt-br\/construindo-uma-arquitetura-financeira-sob-medida-para-as-florestas-o-nexo-floresta-clima-uma-arquitetura-sob-medida-para-a-acao-climatica\/#primaryimage"},"thumbnailUrl":"https:\/\/www.climatepolicyinitiative.org\/wp-content\/uploads\/2025\/09\/Nexus-Chapter-5.jpg","datePublished":"2025-10-13T14:10:13+00:00","dateModified":"2025-10-13T14:10:19+00:00","breadcrumb":{"@id":"https:\/\/www.climatepolicyinitiative.org\/pt-br\/construindo-uma-arquitetura-financeira-sob-medida-para-as-florestas-o-nexo-floresta-clima-uma-arquitetura-sob-medida-para-a-acao-climatica\/#breadcrumb"},"inLanguage":"pt-BR","potentialAction":[{"@type":"ReadAction","target":["https:\/\/www.climatepolicyinitiative.org\/pt-br\/construindo-uma-arquitetura-financeira-sob-medida-para-as-florestas-o-nexo-floresta-clima-uma-arquitetura-sob-medida-para-a-acao-climatica\/"]}]},{"@type":"ImageObject","inLanguage":"pt-BR","@id":"https:\/\/www.climatepolicyinitiative.org\/pt-br\/construindo-uma-arquitetura-financeira-sob-medida-para-as-florestas-o-nexo-floresta-clima-uma-arquitetura-sob-medida-para-a-acao-climatica\/#primaryimage","url":"https:\/\/www.climatepolicyinitiative.org\/wp-content\/uploads\/2025\/09\/Nexus-Chapter-5.jpg","contentUrl":"https:\/\/www.climatepolicyinitiative.org\/wp-content\/uploads\/2025\/09\/Nexus-Chapter-5.jpg","width":2000,"height":900},{"@type":"BreadcrumbList","@id":"https:\/\/www.climatepolicyinitiative.org\/pt-br\/construindo-uma-arquitetura-financeira-sob-medida-para-as-florestas-o-nexo-floresta-clima-uma-arquitetura-sob-medida-para-a-acao-climatica\/#breadcrumb","itemListElement":[{"@type":"ListItem","position":1,"name":"Home","item":"https:\/\/www.climatepolicyinitiative.org\/pt-br\/"},{"@type":"ListItem","position":2,"name":"Construindo uma Arquitetura Financeira sob Medida para as Florestas (O Nexo Floresta-Clima: Uma Arquitetura Sob Medida para a A\u00e7\u00e3o Clim\u00e1tica)"}]},{"@type":"WebSite","@id":"https:\/\/www.climatepolicyinitiative.org\/pt-br\/#website","url":"https:\/\/www.climatepolicyinitiative.org\/pt-br\/","name":"CPI","description":"Climate Policy Initiative works to improve the most important energy and land use policies around the world, with a particular focus on finance.","publisher":{"@id":"https:\/\/www.climatepolicyinitiative.org\/pt-br\/#organization"},"potentialAction":[{"@type":"SearchAction","target":{"@type":"EntryPoint","urlTemplate":"https:\/\/www.climatepolicyinitiative.org\/pt-br\/?s={search_term_string}"},"query-input":{"@type":"PropertyValueSpecification","valueRequired":true,"valueName":"search_term_string"}}],"inLanguage":"pt-BR"},{"@type":"Organization","@id":"https:\/\/www.climatepolicyinitiative.org\/pt-br\/#organization","name":"Climate Policy Initiative","url":"https:\/\/www.climatepolicyinitiative.org\/pt-br\/","logo":{"@type":"ImageObject","inLanguage":"pt-BR","@id":"https:\/\/www.climatepolicyinitiative.org\/pt-br\/#\/schema\/logo\/image\/","url":"https:\/\/www.climatepolicyinitiative.org\/wp-content\/uploads\/2021\/07\/CPI_logo_cmyk_transparent.png","contentUrl":"https:\/\/www.climatepolicyinitiative.org\/wp-content\/uploads\/2021\/07\/CPI_logo_cmyk_transparent.png","width":1728,"height":720,"caption":"Climate Policy Initiative"},"image":{"@id":"https:\/\/www.climatepolicyinitiative.org\/pt-br\/#\/schema\/logo\/image\/"},"sameAs":["https:\/\/www.facebook.com\/ClimatePolicyInitiative","https:\/\/x.com\/climatepolicy","https:\/\/www.linkedin.com\/company\/climate-policy-initiative\/?lipi=urn:li:page:d_flagship3_search_srp_all;GvyQ8DliSYaW9eZhdq8RBQ==","https:\/\/www.youtube.com\/channel\/UCE8V0iDgBU8mreZdBegVCcA","https:\/\/en.wikipedia.org\/wiki\/Climate_Policy_Initiative"]}]}},"_links":{"self":[{"href":"https:\/\/www.climatepolicyinitiative.org\/pt-br\/wp-json\/wp\/v2\/pages\/100110","targetHints":{"allow":["GET"]}}],"collection":[{"href":"https:\/\/www.climatepolicyinitiative.org\/pt-br\/wp-json\/wp\/v2\/pages"}],"about":[{"href":"https:\/\/www.climatepolicyinitiative.org\/pt-br\/wp-json\/wp\/v2\/types\/page"}],"author":[{"embeddable":true,"href":"https:\/\/www.climatepolicyinitiative.org\/pt-br\/wp-json\/wp\/v2\/users\/233"}],"replies":[{"embeddable":true,"href":"https:\/\/www.climatepolicyinitiative.org\/pt-br\/wp-json\/wp\/v2\/comments?post=100110"}],"version-history":[{"count":0,"href":"https:\/\/www.climatepolicyinitiative.org\/pt-br\/wp-json\/wp\/v2\/pages\/100110\/revisions"}],"wp:featuredmedia":[{"embeddable":true,"href":"https:\/\/www.climatepolicyinitiative.org\/pt-br\/wp-json\/wp\/v2\/media\/99049"}],"wp:attachment":[{"href":"https:\/\/www.climatepolicyinitiative.org\/pt-br\/wp-json\/wp\/v2\/media?parent=100110"}],"wp:term":[{"taxonomy":"programs","embeddable":true,"href":"https:\/\/www.climatepolicyinitiative.org\/pt-br\/wp-json\/wp\/v2\/programs?post=100110"},{"taxonomy":"regions","embeddable":true,"href":"https:\/\/www.climatepolicyinitiative.org\/pt-br\/wp-json\/wp\/v2\/regions?post=100110"},{"taxonomy":"topics","embeddable":true,"href":"https:\/\/www.climatepolicyinitiative.org\/pt-br\/wp-json\/wp\/v2\/topics?post=100110"},{"taxonomy":"collaborations","embeddable":true,"href":"https:\/\/www.climatepolicyinitiative.org\/pt-br\/wp-json\/wp\/v2\/collaborations?post=100110"}],"curies":[{"name":"wp","href":"https:\/\/api.w.org\/{rel}","templated":true}]}}