{"id":65820,"date":"2023-12-18T16:50:02","date_gmt":"2023-12-18T16:50:02","guid":{"rendered":"https:\/\/www.climatepolicyinitiative.org\/?post_type=cpi_publications&#038;p=65820"},"modified":"2026-05-02T02:00:20","modified_gmt":"2026-05-02T02:00:20","slug":"onde-estamos-na-implementacao-do-codigo-florestal-radiografia-do-car-e-do-pra-nos-estados-brasileiros-edicao-2023","status":"publish","type":"cpi_publications","link":"https:\/\/www.climatepolicyinitiative.org\/pt-br\/publication\/onde-estamos-na-implementacao-do-codigo-florestal-radiografia-do-car-e-do-pra-nos-estados-brasileiros-edicao-2023\/","title":{"rendered":"Onde Estamos na Implementa\u00e7\u00e3o do C\u00f3digo Florestal? Radiografia do CAR e do PRA nos Estados Brasileiros &#8211; Edi\u00e7\u00e3o 2023"},"content":{"rendered":"\n<h1 class=\"wp-block-heading has-large-font-size\" style=\"font-style:normal;font-weight:700\"><strong>Sum\u00e1rio Executivo<\/strong><\/h1>\n\n\n\n<p>O C\u00f3digo Florestal (Lei n\u00ba 12.651\/2012), lei de prote\u00e7\u00e3o da vegeta\u00e7\u00e3o nativa com abrang\u00eancia em todo o pa\u00eds, \u00e9 uma das pol\u00edticas p\u00fablicas ambientais mais importantes do Brasil. A implementa\u00e7\u00e3o da lei \u00e9 essencial para o pa\u00eds atingir suas metas clim\u00e1ticas, conservar a sua biodiversidade e desenvolver uma economia verde e com solu\u00e7\u00f5es baseadas na natureza, promovendo uma agricultura sustent\u00e1vel e de baixo carbono, restaura\u00e7\u00e3o de \u00e1reas degradadas e manejo florestal sustent\u00e1vel.<\/p>\n\n\n\n<p>Por se tratar de uma pol\u00edtica p\u00fablica extremamente relevante, o Climate Policy Initiative\/ Pontif\u00edcia Universidade Cat\u00f3lica do Rio de Janeiro (CPI\/PUC-Rio) tem uma agenda de pesquisa inteiramente dedicada a essa lei. <strong>Esta publica\u00e7\u00e3o faz parte de um projeto de monitoramento permanente da implementa\u00e7\u00e3o do C\u00f3digo Florestal nos estados brasileiros, que conta com a contribui\u00e7\u00e3o dos \u00f3rg\u00e3os estaduais de meio ambiente e de agricultura. A partir da an\u00e1lise detalhada das regulamenta\u00e7\u00f5es estaduais, da coleta de dados e de informa\u00e7\u00f5es junto aos estados e da troca de experi\u00eancias entre os analistas e gestores estaduais, em encontros virtuais e presenciais, este relat\u00f3rio tra\u00e7a uma radiografia da implementa\u00e7\u00e3o da lei florestal com foco no Cadastro Ambiental Rural (CAR) e no Programa de Regulariza\u00e7\u00e3o Ambiental (PRA). <\/strong>Al\u00e9m disso, o estudo utiliza indicadores espec\u00edficos, que revelam os avan\u00e7os alcan\u00e7ados no \u00faltimo ano, e identifica as estrat\u00e9gias adotadas pelos estados que se encontram mais adiantados e que podem ser replicadas, as principais lacunas e desafios existentes, assim como as oportunidades para acelerar a implementa\u00e7\u00e3o da lei.<\/p>\n\n\n\n<p>Ao publicizar essas informa\u00e7\u00f5es, este relat\u00f3rio permite o acompanhamento cont\u00ednuo do status da regulamenta\u00e7\u00e3o e da implementa\u00e7\u00e3o do C\u00f3digo Florestal em cada um dos estados brasileiros, servindo como guia para direcionar os esfor\u00e7os e os recursos dispon\u00edveis. Este documento \u00e9 a quinta edi\u00e7\u00e3o do relat\u00f3rio, cuja primeira vers\u00e3o foi publicada em 2019. A cada ano, as informa\u00e7\u00f5es s\u00e3o completamente revistas e atualizadas, acompanhando o desenvolvimento da agenda.<\/p>\n\n\n\n<h2 class=\"wp-block-heading\"><strong>Contexto Pol\u00edtico em 2023 e seus Reflexos no CAR<\/strong><\/h2>\n\n\n\n<p>Em 2023, ano de retomada do protagonismo da agenda ambiental pelo governo federal e de grandes expectativas em rela\u00e7\u00e3o \u00e0 prioriza\u00e7\u00e3o do C\u00f3digo Florestal, muita energia foi gasta em discuss\u00f5es sobre a quem caberia a gest\u00e3o do CAR, que representa o principal pilar da pol\u00edtica. O CAR esteve sob a gest\u00e3o do Minist\u00e9rio da Agricultura, Pecu\u00e1ria e Abastecimento (Mapa) de 2019 a 2023, quando o Servi\u00e7o Florestal Brasileiro (SFB) foi transferido para esse minist\u00e9rio. Com a mudan\u00e7a de governo, em 2023, e o retorno do SFB ao Minist\u00e9rio do Meio Ambiente e Mudan\u00e7a do Clima (MMA), o CAR passou a ser alvo de acirradas disputas, que se estenderam at\u00e9 a edi\u00e7\u00e3o da Lei no 14.600, de 19 de junho de 2023, regulamentada apenas em outubro do mesmo ano com a edi\u00e7\u00e3o do Decreto n\u00ba 11.731\/2023. Essa normativa passou <strong>a gest\u00e3o do CAR para o Minist\u00e9rio da Gest\u00e3o e da Inova\u00e7\u00e3o em Servi\u00e7os P\u00fablicos (MGI).<\/strong><\/p>\n\n\n\n<p>A formaliza\u00e7\u00e3o legal n\u00e3o representou a migra\u00e7\u00e3o na pr\u00e1tica. At\u00e9 o momento, essa transi\u00e7\u00e3o ainda n\u00e3o foi conclu\u00edda e o SFB continua gerindo a base do CAR. A expectativa de migra\u00e7\u00e3o do CAR gera muita apreens\u00e3o nos estados, que temem sofrer com novas instabilidades e problemas no Sistema Nacional de Cadastro Ambiental Rural (Sicar), sistema que re\u00fane e integra todas as bases estaduais do CAR. Em 2022, o sistema que ficava armazenado em uma infraestrutura f\u00edsica (data center), sob a gest\u00e3o do SFB, migrou para uma infraestrutura de nuvem, sob a gest\u00e3o do Departamento de Tecnologia da Informa\u00e7\u00e3o (DTI) do Mapa, gerando uma s\u00e9rie de problemas, como instabilidade, demora na integra\u00e7\u00e3o entre as bases estaduais e o sistema federal e na corre\u00e7\u00e3o de falhas. Mas h\u00e1 quem veja nessa migra\u00e7\u00e3o um movimento positivo de colocar a base de dados sob a gest\u00e3o de um minist\u00e9rio com compet\u00eancia em gest\u00e3o de dados, capaz de criar uma infraestrutura digital que permita customizar m\u00f3dulos e ferramentas com mais agilidade e realizar a integra\u00e7\u00e3o do CAR com outros cadastros.<\/p>\n\n\n\n<p>Ao mesmo tempo, o CAR n\u00e3o \u00e9 formado apenas pela base de dados de inscri\u00e7\u00e3o dos im\u00f3veis rurais; o CAR integra o Sicar, que \u00e9 composto por v\u00e1rios m\u00f3dulos para gerenciar as inscri\u00e7\u00f5es, as an\u00e1lises (por equipe e dinamizada), a regulariza\u00e7\u00e3o ambiental, dentre outros m\u00f3dulos em desenvolvimento. O MMA e o MGI est\u00e3o conversando sobre a possibilidade de a gest\u00e3o do Sicar ser compartilhada entre os dois minist\u00e9rios, mas n\u00e3o est\u00e1 claro como isso poder\u00e1 ser operacionalizado. O ano de 2023 termina sem que essa migra\u00e7\u00e3o tenha se concretizado.<\/p>\n\n\n\n<p><strong>Apesar das mudan\u00e7as e incertezas com rela\u00e7\u00e3o ao CAR\/Sicar, os avan\u00e7os constatados pelos estados, em 2023, refor\u00e7am a compet\u00eancia e o papel de lideran\u00e7a dos entes subnacionais na implementa\u00e7\u00e3o do C\u00f3digo Florestal.<\/strong> Os estados n\u00e3o ficaram parados esperando as defini\u00e7\u00f5es em \u00e2mbito federal; eles tomaram decis\u00f5es e implementaram estrat\u00e9gias e solu\u00e7\u00f5es para avan\u00e7ar com as an\u00e1lises e a implementa\u00e7\u00e3o do Programa de Regulariza\u00e7\u00e3o Ambiental (PRA). Ainda assim, as a\u00e7\u00f5es em \u00e2mbito federal continuam sendo essenciais para o avan\u00e7o da agenda, incluindo o fortalecimento do Sicar como prioridade e a disponibiliza\u00e7\u00e3o de ferramentas, insumos e m\u00f3dulos adicionais integrados ao sistema.<\/p>\n\n\n\n<h2 class=\"wp-block-heading\"><strong>Avan\u00e7os da Implementa\u00e7\u00e3o do C\u00f3digo Florestal nos Estados<\/strong><\/h2>\n\n\n\n<p>A implementa\u00e7\u00e3o do C\u00f3digo Florestal nos estados brasileiros vem ocorrendo de forma bastante desigual desde a sua edi\u00e7\u00e3o.<strong> Ap\u00f3s cinco anos de avan\u00e7os concentrados em alguns poucos estados, em 2023, observa-se um salto na agenda<\/strong>, com estados ganhando escala na an\u00e1lise dos cadastros e outros regulamentando e implantando o PRA, ampliando, assim, o grupo de estados na vanguarda do C\u00f3digo Florestal.<\/p>\n\n\n\n<p><strong>O grande destaque de 2023 \u00e9 Minas Gerais<\/strong>: o estado n\u00e3o s\u00f3 alcan\u00e7ou novas etapas na implementa\u00e7\u00e3o, como teve um crescimento significativo das an\u00e1lises do CAR tanto em n\u00famero de an\u00e1lise iniciada como de an\u00e1lise conclu\u00edda. O estado adotou diferentes estrat\u00e9gias para a an\u00e1lise: contrata\u00e7\u00e3o de empresa especializada; refor\u00e7o na equipe t\u00e9cnica do CAR; e uso inicial da ferramenta de an\u00e1lise dinamizada do SFB e, em est\u00e1gio piloto, da ferramenta CAR 2.0, da Plataforma Selo Verde. Minas Gerais tamb\u00e9m avan\u00e7ou na implementa\u00e7\u00e3o do PRA declarat\u00f3rio com aumento no n\u00famero de termos de compromisso assinados e propostas de ades\u00e3o ao PRA. Esses avan\u00e7os foram alcan\u00e7ados, porque a agenda do C\u00f3digo Florestal est\u00e1 sendo encarada como estruturante no estado. O Programa PRA Produzir Sustent\u00e1vel \u00e9 um programa guarda-chuva que alinha o C\u00f3digo Florestal a outras pol\u00edticas como restaura\u00e7\u00e3o, Pagamento por Servi\u00e7os Ambientais (PSA), clima e recursos h\u00eddricos. O programa pretende promover a adequa\u00e7\u00e3o ambiental atrav\u00e9s da restaura\u00e7\u00e3o produtiva, gerando renda para os produtores rurais.<strong><\/strong><\/p>\n\n\n\n<p><strong>Outro estado que se sobressaiu no \u00faltimo ano foi Alagoas<\/strong><strong>. <\/strong>O pequeno estado do Nordeste, uma das regi\u00f5es mais atrasadas na implementa\u00e7\u00e3o do C\u00f3digo Florestal, teve um progresso importante em 2023. Alagoas avan\u00e7ou nas an\u00e1lises do CAR, regulamentou e implementou o PRA e j\u00e1 conta com alguns termos de compromissos para a regulariza\u00e7\u00e3o ambiental, alcan\u00e7ando todas as etapas de implementa\u00e7\u00e3o da lei. Esse avan\u00e7o foi impulsionado gra\u00e7as ao aumento da equipe dedicada \u00e0 agenda, atrav\u00e9s da contrata\u00e7\u00e3o de t\u00e9cnicos para o Instituto do Meio Ambiente de Alagoas (IMA\/AL), e por um pedido do Minist\u00e9rio P\u00fablico Federal (MPF) para o \u00f3rg\u00e3o analisar todos os cadastros das propriedades ao longo do Rio S\u00e3o Francisco. As an\u00e1lises ganharam escala e foram expandidas para im\u00f3veis rurais dentro de unidades de conserva\u00e7\u00e3o ou vinculados a processos de licenciamento ambiental.<\/p>\n\n\n\n<p><strong>Dentre os estados que v\u00eam liderando a implementa\u00e7\u00e3o do C\u00f3digo Florestal na regi\u00e3o Amaz\u00f4nica \u2014 Par\u00e1, Mato Grosso, Rond\u00f4nia e Acre \u2014 Par\u00e1 \u00e9 o estado que mais inova e avan\u00e7a nas an\u00e1lises do CAR e na regulariza\u00e7\u00e3o de im\u00f3veis rurais, com o incremento de \u00e1reas em adequa\u00e7\u00e3o ambiental. <\/strong>O estado implementou, em 2023, a ferramenta de an\u00e1lise automatizada CAR 2.0 e manteve uma grande equipe t\u00e9cnica dedicada \u00e0s an\u00e1lises. Com isso, o estado obteve um avan\u00e7o significativo de cadastros com an\u00e1lises conclu\u00eddas. O estado tamb\u00e9m avan\u00e7ou na \u00faltima e mais importante etapa do processo de regulariza\u00e7\u00e3o ambiental, que \u00e9 a assinatura de termos de compromisso, no \u00e2mbito do PRA, abrangendo uma \u00e1rea de 110 mil hectares em processo de recupera\u00e7\u00e3o. Par\u00e1 tem adotado estrat\u00e9gias diversificadas para implementar a lei florestal, alinhando o Programa Regulariza Par\u00e1 com outras pol\u00edticas ambientais. Por um lado, o estado promove o combate ao desmatamento, priorizando a an\u00e1lise dos CARs de im\u00f3veis maiores que quatro m\u00f3dulos fiscais com alto \u00edndice de supress\u00e3o ilegal de floresta, e quando n\u00e3o respondem \u00e0s notifica\u00e7\u00f5es para regulariza\u00e7\u00e3o ambiental, suspendendo e cancelando os cadastros dos propriet\u00e1rios. Por outro lado, o estado priorizou a an\u00e1lise dos cadastros de agricultores familiares que mant\u00eam a floresta conservada, permitindo o recebimento de mais de 433 mil reais a t\u00edtulo de PSA, no \u00e2mbito do Projeto Floresta+ Amaz\u00f4nia, do governo federal.<\/p>\n\n\n\n<p><strong>Vale mencionar os avan\u00e7os em S\u00e3o Paulo, estado que j\u00e1 tinha alcan\u00e7ado um progresso importante, em 2022, com a an\u00e1lise dinamizada, mas que conseguiu avan\u00e7ar ainda mais em 2023, triplicando o n\u00famero de cadastros com a an\u00e1lise conclu\u00edda.<\/strong> Para enfrentar o maior obst\u00e1culo da etapa de an\u00e1lise do CAR, que \u00e9 a comunica\u00e7\u00e3o com os propriet\u00e1rios para a retifica\u00e7\u00e3o dos cadastros, S\u00e3o Paulo adotou diferente estrat\u00e9gias: equipe t\u00e9cnica robusta e capacitada, plant\u00f5es de atendimento presencial, implementa\u00e7\u00e3o de um <em>call center<\/em> para tirar d\u00favidas sobre o C\u00f3digo (FaleCAR) e realiza\u00e7\u00e3o de parcerias com \u00f3rg\u00e3os t\u00e9cnicos para a capacita\u00e7\u00e3o de consultores que trabalham na agenda. Al\u00e9m disso, depois de anos de judicializa\u00e7\u00e3o da regulamenta\u00e7\u00e3o do PRA, o estado conseguiu implementar o programa, ap\u00f3s uma defini\u00e7\u00e3o da situa\u00e7\u00e3o jur\u00eddica e da ado\u00e7\u00e3o do m\u00f3dulo de regulariza\u00e7\u00e3o ambiental (MRA), desenvolvido pelo SFB, mas customizado para atender \u00e0s peculiaridades do estado.<\/p>\n\n\n\n<p><strong>Por fim, Mato Grosso do Sul e Paran\u00e1 tamb\u00e9m tiveram progressos importantes na etapa de an\u00e1lise do CAR com a implementa\u00e7\u00e3o da ferramenta de an\u00e1lise dinamizada dos cadastros, ao passo que o Distrito Federal alcan\u00e7ou novas etapas com a implementa\u00e7\u00e3o do PRA.<\/strong><strong> <\/strong><strong><\/strong><\/p>\n\n\n\n<p>H\u00e1 um grupo de estados que n\u00e3o obteve progressos significativos em 2023 e se manteve praticamente no n\u00edvel de implementa\u00e7\u00e3o do ano anterior. Nesse grupo, encontram-se: Piau\u00ed, Pernambuco, Rio de Janeiro, Rio Grande do Sul, Rio Grande do Norte, Roraima, Santa Catarina e Sergipe.<\/p>\n\n\n\n<p>O status dos estados em todas as etapas de implementa\u00e7\u00e3o do C\u00f3digo Florestal pode ser visto na Figura 1, abaixo.<\/p>\n\n\n\n<p><strong>Figura 1.<\/strong> Status da Implementa\u00e7\u00e3o do CAR e do PRA pelos Estados, 2023<\/p>\n\n\n\n<p><img loading=\"lazy\" decoding=\"async\" width=\"30\" height=\"30\" class=\"wp-image-52367\" style=\"width: 30px;\" src=\"https:\/\/www.climatepolicyinitiative.org\/wp-content\/uploads\/2022\/12\/Asset-3.jpg\" alt=\"\" srcset=\"https:\/\/www.climatepolicyinitiative.org\/wp-content\/uploads\/2022\/12\/Asset-3.jpg 1234w, https:\/\/www.climatepolicyinitiative.org\/wp-content\/uploads\/2022\/12\/Asset-3-300x300.jpg 300w, https:\/\/www.climatepolicyinitiative.org\/wp-content\/uploads\/2022\/12\/Asset-3-1024x1024.jpg 1024w, https:\/\/www.climatepolicyinitiative.org\/wp-content\/uploads\/2022\/12\/Asset-3-150x150.jpg 150w\" sizes=\"auto, (max-width: 30px) 100vw, 30px\" \/><em>Mapa interativo<\/em><\/p>\n\n\n\n<div class=\"flourish-embed flourish-map\" data-src=\"visualisation\/16147869?502650\"><script src=\"https:\/\/public.flourish.studio\/resources\/embed.js\"><\/script><\/div>\n\n\n\n<p><em><strong>Fonte: <\/strong>CPI\/PUC-Rio com base nos dados atualizados fornecidos pelos \u00f3rg\u00e3os estaduais, 2023<\/em><\/p>\n\n\n\n<h2 class=\"wp-block-heading\"><strong>Etapas de Inscri\u00e7\u00e3o dos Im\u00f3veis Rurais no CAR<\/strong><\/h2>\n\n\n\n<h3 class=\"wp-block-heading\"><strong>Inscri\u00e7\u00e3o dos Im\u00f3veis Rurais no CAR<\/strong><\/h3>\n\n\n\n<p><strong>A etapa de inscri\u00e7\u00e3o dos im\u00f3veis rurais no CAR j\u00e1 est\u00e1 consolidada em todos os estados.<\/strong><a id=\"_ftnref1\" href=\"#_ftn1\"><sup>[1]<\/sup><\/a> Ainda assim, observa-se um aumento constante na base cadastral em todo o pa\u00eds em decorr\u00eancia da inscri\u00e7\u00e3o de pequenos agricultores e de povos e comunidades tradicionais (PCT) e tamb\u00e9m pela din\u00e2mica de desmembramento, remembramento e atualiza\u00e7\u00f5es cadastrais de im\u00f3veis rurais. No \u00faltimo ano, o n\u00famero de inscri\u00e7\u00f5es no CAR aumentou em 8,6%, alcan\u00e7ando o total de 7,24 milh\u00f5es de cadastros em novembro de 2023. Bahia e Minas Gerais s\u00e3o os estados com o maior n\u00famero de cadastros do pa\u00eds e, atualmente, ambos possuem mais de um milh\u00e3o de cadastros em suas bases (Figura 2).<\/p>\n\n\n\n<p><strong>Figura 2.<\/strong> Im\u00f3veis Rurais Inscritos no CAR, 2023<\/p>\n\n\n\n<p><a href=\"https:\/\/www.climatepolicyinitiative.org\/wp-content\/uploads\/2023\/12\/WP-OE2023-FIG02-PT-17Dez23.jpg\" target=\"_blank\" rel=\"noreferrer noopener\"><img loading=\"lazy\" decoding=\"async\" width=\"900\" height=\"753\" class=\"wp-image-65913\" style=\"width: 900px;\" src=\"https:\/\/www.climatepolicyinitiative.org\/wp-content\/uploads\/2023\/12\/WP-OE2023-FIG02-PT-17Dez23.jpg\" alt=\"\" srcset=\"https:\/\/www.climatepolicyinitiative.org\/wp-content\/uploads\/2023\/12\/WP-OE2023-FIG02-PT-17Dez23.jpg 2236w, https:\/\/www.climatepolicyinitiative.org\/wp-content\/uploads\/2023\/12\/WP-OE2023-FIG02-PT-17Dez23-300x251.jpg 300w, https:\/\/www.climatepolicyinitiative.org\/wp-content\/uploads\/2023\/12\/WP-OE2023-FIG02-PT-17Dez23-1024x857.jpg 1024w, https:\/\/www.climatepolicyinitiative.org\/wp-content\/uploads\/2023\/12\/WP-OE2023-FIG02-PT-17Dez23-1536x1285.jpg 1536w, https:\/\/www.climatepolicyinitiative.org\/wp-content\/uploads\/2023\/12\/WP-OE2023-FIG02-PT-17Dez23-2048x1714.jpg 2048w\" sizes=\"auto, (max-width: 900px) 100vw, 900px\" \/><\/a><\/p>\n\n\n\n<p><em><strong>Fonte: <\/strong>CPI\/PUC-Rio com base nos dados atualizados fornecidos pelos \u00f3rg\u00e3os estaduais respons\u00e1veis pelo CAR (novembro de 2023) e dados da Consulta P\u00fablica do CAR (atualizada em novembro de 2023), 2023<\/em><\/p>\n\n\n\n<h3 class=\"wp-block-heading\"><strong>Inscri\u00e7\u00e3o de Territ\u00f3rios de PCT no CAR<\/strong><\/h3>\n\n\n\n<p><strong>A inscri\u00e7\u00e3o de territ\u00f3rios de PCT no m\u00f3dulo pr\u00f3prio CAR\/PCT vem avan\u00e7ando nos \u00faltimos anos em v\u00e1rios estados. Apenas Esp\u00edrito Santo, Mato Grosso e o Distrito Federal n\u00e3o possuem nenhum territ\u00f3rio tradicional inscrito no CAR\/PCT.<\/strong> Alguns estados se destacam com um elevado n\u00famero de inscri\u00e7\u00f5es, como \u00e9 o caso do Maranh\u00e3o com 680 CAR\/PCT, Bahia com 345 e S\u00e3o Paulo com 310. Paran\u00e1, Piau\u00ed, Minas Gerais e Pernambuco possuem entre 100 e 180 CAR\/PCT e, em Alagoas, Amazonas, Goi\u00e1s, Par\u00e1 e Rio Grande do Norte, as inscri\u00e7\u00f5es variam entre 10 e 100 cadastros. Os demais estados \u2014 Acre, Amap\u00e1, Cear\u00e1, Mato Grosso do Sul, Para\u00edba, Rio de Janeiro, Rio Grande do Sul, Rond\u00f4nia, Santa Catarina, Sergipe e Tocantins \u2014 possuem menos de 10 CAR\/PCT. Alguns estados t\u00eam estrat\u00e9gias pr\u00f3prias para promover essas inscri\u00e7\u00f5es, como \u00e9 o caso do Par\u00e1. O estado promove encontros e capacita\u00e7\u00e3o das pr\u00f3prias comunidades, que participam ativamente de todo o processo para a inscri\u00e7\u00e3o no CAR\/PCT. O estado criou uma metodologia junto com as comunidades, que envolve v\u00e1rias fases at\u00e9 a inscri\u00e7\u00e3o se concretizar (Semas\/PA 2023). Essas a\u00e7\u00f5es permitiram a inscri\u00e7\u00e3o de 37 territ\u00f3rios quilombolas e 13 territ\u00f3rios extrativistas, abrangendo uma \u00e1rea de mais de um milh\u00e3o de hectares e contemplando mais de 12 mil benefici\u00e1rios. H\u00e1 estados em que a compet\u00eancia para a inscri\u00e7\u00e3o de CAR\/PCT \u00e9 do \u00f3rg\u00e3o ambiental, como Amazonas, Par\u00e1 e S\u00e3o Paulo, e em outros estados a compet\u00eancia \u00e9 de \u00f3rg\u00e3os ligados \u00e0 agricultura e desenvolvimento rural, como no Cear\u00e1 e no Rio Grande do Sul. A maioria dos cadastros s\u00e3o de comunidades quilombolas, mas h\u00e1 tamb\u00e9m inscri\u00e7\u00f5es de comunidades de cipozeiros, extrativistas, faxinais, fundo e fecho de pasto, geraizeiros, ilh\u00e9us, ind\u00edgenas, quebradeiras de coco baba\u00e7u, pescadores e ribeirinhos.<a id=\"_ftnref2\" href=\"#_ftn2\"><sup>[2]<\/sup><\/a><\/p>\n\n\n\n<h3 class=\"wp-block-heading\"><strong>Inscri\u00e7\u00e3o Individualizada dos Lotes de Projetos de Assentamentos da Reforma Agr\u00e1ria no CAR<\/strong><\/h3>\n\n\n\n<p><strong>Em 2023, houve um grande avan\u00e7o com a institui\u00e7\u00e3o e operacionaliza\u00e7\u00e3o do M\u00f3dulo Lote CAR (MLC) para a inscri\u00e7\u00e3o individualizada dos lotes de assentamentos da reforma agr\u00e1ria no CAR. <\/strong>A Instru\u00e7\u00e3o Normativa no 131\/2023 do<strong> <\/strong>Instituto Nacional de Coloniza\u00e7\u00e3o e Reforma Agr\u00e1ria (Incra), institui formalmente o MLC e estabelece normas e procedimentos administrativos para a individualiza\u00e7\u00e3o automatizada dos lotes de benefici\u00e1rios do Programa Nacional de Reforma Agr\u00e1ria (PNRA) no CAR. Antes, apenas os per\u00edmetros dos projetos de assentamento tinham sido inscritos no CAR, o que dificultava o acesso dos assentados a pol\u00edticas p\u00fablicas e ao cr\u00e9dito rural, j\u00e1 que usam o CAR como condi\u00e7\u00e3o para o benef\u00edcio. Agora, o assentado interessado poder\u00e1 requerer a inscri\u00e7\u00e3o da sua parcela junto \u00e0s unidades do Incra ou nas institui\u00e7\u00f5es parceiras. A individualiza\u00e7\u00e3o dos cadastros dos lotes de assentamentos tamb\u00e9m \u00e9 fundamental para promover a regulariza\u00e7\u00e3o ambiental das \u00e1reas, j\u00e1 que uma parcela significativa do desmatamento na Amaz\u00f4nia ocorre nos assentamentos rurais (Mour\u00e3o, Sessim e Souza 2023). A implementa\u00e7\u00e3o dessa ferramenta j\u00e1 est\u00e1 em curso nas superintend\u00eancias regionais do Incra em nove estados: Goi\u00e1s, Maranh\u00e3o, Para\u00edba, Paran\u00e1, Pernambuco, Piau\u00ed, Rio Grande do Norte, Roraima e Sergipe, totalizando 2.273 inscri\u00e7\u00f5es realizadas at\u00e9 o momento.<\/p>\n\n\n\n<h2 class=\"wp-block-heading\"><strong>Etapa de An\u00e1lise do CAR<\/strong><\/h2>\n\n\n\n<h3 class=\"wp-block-heading\"><strong>An\u00e1lise dos Dados do CAR<\/strong><\/h3>\n\n\n\n<p><strong>Em 2023, v\u00e1rios estados obtiveram progressos importantes na an\u00e1lise dos dados declarados no CAR, como Alagoas, Goi\u00e1s, Mato Grosso do Sul, Minas Gerais, Par\u00e1, Paran\u00e1 e o Distrito Federal.<\/strong> Esse avan\u00e7o na etapa mais desafiadora da implementa\u00e7\u00e3o do C\u00f3digo Florestal ocorreu tanto pelo aumento das equipes t\u00e9cnicas de an\u00e1lise quanto pela ado\u00e7\u00e3o de ferramentas de an\u00e1lise automatizada do CAR<strong>. Mas quatro estados \u2014 Piau\u00ed, Pernambuco, Rio Grande do Norte e Roraima \u2014 se mant\u00eam na retaguarda e n\u00e3o conseguiram iniciar essa etapa.<\/strong><\/p>\n\n\n\n<p><strong>Em 2023, houve um avan\u00e7o significativo na ado\u00e7\u00e3o de ferramentas para an\u00e1lise automatizada do CAR, que j\u00e1 foram implementadas em seis estados, quatro a mais do que no ano passado, abrangendo Amap\u00e1, Mato Grosso do Sul, Minas Gerais, Par\u00e1, Paran\u00e1 e S\u00e3o Paulo.<\/strong> Alguns estados usam o m\u00f3dulo de an\u00e1lise dinamizada desenvolvido pelo SFB, como \u00e9 o caso do Amap\u00e1, Mato Grosso do Sul, Minas Gerais e Paran\u00e1; j\u00e1 S\u00e3o Paulo customizou esse sistema para atender \u00e0s peculiaridades do estado. Par\u00e1 e Minas Gerais adotaram o CAR 2.0, que tamb\u00e9m \u00e9 uma ferramenta de automatiza\u00e7\u00e3o das an\u00e1lises, desenvolvida por uma consultoria para a Plataforma Selo Verde. A an\u00e1lise automatizada do CAR garantiu um ganho de escala nas an\u00e1lises iniciadas e conclu\u00eddas em todos esses estados, com destaque para Mato Grosso do Sul e Paran\u00e1. Mato Grosso do Sul conseguiu analisar 70% da sua base cadastral, um salto significativo com rela\u00e7\u00e3o a 2022. Paran\u00e1 est\u00e1 rodando a an\u00e1lise dinamizada por regionais e alcan\u00e7ando resultados bastante positivos, tendo conseguido triplicar o n\u00famero de CARs analisados.<\/p>\n\n\n\n<p><strong>As ferramentas de an\u00e1lise automatizada do CAR est\u00e3o sendo bastante \u00fateis para os cadastros que n\u00e3o necessitam retificar os dados e n\u00e3o possuem passivos ambientais, ou seja, elas s\u00e3o particularmente eficazes para im\u00f3veis rurais menores que quatro m\u00f3dulos fiscais.<\/strong> Nesse contexto, \u00e9 interessante notar a rela\u00e7\u00e3o entre n\u00famero de cadastros com an\u00e1lise conclu\u00edda e a \u00e1rea correspondente ocupada. No Par\u00e1, cerca de 11 mil CARs foram totalmente analisados pela equipe t\u00e9cnica e 23 mil pelo CAR 2.0. Entretanto, em termos de \u00e1rea, as an\u00e1lises por equipe abrangeram mais de seis milh\u00f5es de hectares, enquanto a an\u00e1lise automatizada, apenas 776 mil hectares.<\/p>\n\n\n\n<p>Minas Gerais foi o estado que teve o maior progresso no n\u00famero de an\u00e1lises, passando de 16 cadastros com an\u00e1lise iniciada em 2022 para mais de 13 mil cadastros em 2023 \u2014 dos quais, quase 12 mil an\u00e1lises foram feitas pela equipe t\u00e9cnica. Entretanto, o desafio do estado \u00e9 colossal. Minas Gerais conta com mais de um milh\u00e3o de cadastros em sua base, e todo esse progresso alcan\u00e7ado representa uma parcela \u00ednfima dos im\u00f3veis. <\/p>\n\n\n\n<p>Alagoas tamb\u00e9m se destacou, neste ano, aumentando em 12 vezes o n\u00famero de cadastros analisados no estado. Distrito Federal e Goi\u00e1s triplicaram o n\u00famero de cadastros analisados, e Sergipe dobrou suas an\u00e1lises em 2023. Em termos absolutos, os estados que mais possuem cadastros com an\u00e1lises iniciadas s\u00e3o S\u00e3o Paulo, com 387 mil CARs, e Par\u00e1, com 219 mil CARs. Cear\u00e1, Esp\u00edrito Santo, Mato Grosso, Mato Grosso do Sul e Rond\u00f4nia possuem entre 40 mil e 80 mil CARs com an\u00e1lise iniciada. Acre, Amazonas, G\u00f3ias, Maranh\u00e3o e Minas Gerais possuem entre 10 mil e pouco mais de 30 mil CARs analisados. Nos demais estados, menos de 1.500 cadastros j\u00e1 passaram por an\u00e1lise.<\/p>\n\n\n\n<p>Com rela\u00e7\u00e3o \u00e0 propor\u00e7\u00e3o de CARs com an\u00e1lise iniciada pelo total de cadastros no estado, apenas quatro estados se destacam: S\u00e3o Paulo, Par\u00e1, Mato Grosso do Sul e Esp\u00edrito Santo, com mais de 70% da base cadastral com an\u00e1lise iniciada. J\u00e1 no Acre, Amap\u00e1, Amazonas, Cear\u00e1, Goi\u00e1s, Mato Grosso e Rond\u00f4nia, essa propor\u00e7\u00e3o cai para 10% a 40%. Mesmo avan\u00e7ando nas an\u00e1lises, Minas Gerais e Paran\u00e1 possuem muitos cadastros e a propor\u00e7\u00e3o da an\u00e1lise iniciada pelo total de cadastros da base \u00e9 muito baixa, indicando o tamanho do desafio que os estados ainda t\u00eam pela frente. <\/p>\n\n\n\n<p>A Figura 3 mostra o n\u00famero total de an\u00e1lises iniciadas e a propor\u00e7\u00e3o das an\u00e1lises iniciadas pelo total de cadastros do estado. <strong>Considerando o pa\u00eds como um todo, mais de um milh\u00e3o de CARs j\u00e1 passaram pela an\u00e1lise por equipe ou automatizada, o que representa cerca de 14,1% de todos os cadastros do Brasil.<\/strong><\/p>\n\n\n\n<p><strong>Figura 3.<\/strong> Propor\u00e7\u00e3o da An\u00e1lise Iniciada do CAR e N\u00famero total de CAR com An\u00e1lise Iniciada, 2023<\/p>\n\n\n\n<p><img loading=\"lazy\" decoding=\"async\" width=\"30\" height=\"30\" class=\"wp-image-52367\" style=\"width: 30px;\" src=\"https:\/\/www.climatepolicyinitiative.org\/wp-content\/uploads\/2022\/12\/Asset-3.jpg\" alt=\"\" srcset=\"https:\/\/www.climatepolicyinitiative.org\/wp-content\/uploads\/2022\/12\/Asset-3.jpg 1234w, https:\/\/www.climatepolicyinitiative.org\/wp-content\/uploads\/2022\/12\/Asset-3-300x300.jpg 300w, https:\/\/www.climatepolicyinitiative.org\/wp-content\/uploads\/2022\/12\/Asset-3-1024x1024.jpg 1024w, https:\/\/www.climatepolicyinitiative.org\/wp-content\/uploads\/2022\/12\/Asset-3-150x150.jpg 150w\" sizes=\"auto, (max-width: 30px) 100vw, 30px\" \/><em>Mapa interativo<\/em><\/p>\n\n\n\n<div class=\"flourish-embed flourish-map\" data-src=\"visualisation\/16147862?502650\"><script src=\"https:\/\/public.flourish.studio\/resources\/embed.js\"><\/script><\/div>\n\n\n\n<p><em><strong>Fonte: <\/strong>CPI\/PUC-Rio com base nos dados atualizados fornecidos pelos \u00f3rg\u00e3os estaduais respons\u00e1veis pelo CAR (novembro de 2023), dados da Consulta P\u00fablica do CAR (atualizada em novembro de 2023), dados do portal Regulariza Par\u00e1 (Semas\/PA 2023) e dados do geoportal da Sema\/MT (2023), 2023<\/em><\/p>\n\n\n\n<h3 class=\"wp-block-heading\"><strong>Conclus\u00e3o da An\u00e1lise<\/strong><\/h3>\n\n\n\n<p><strong>Em 2023, observa-se um grande avan\u00e7o em alguns estados na conclus\u00e3o das an\u00e1lises do CAR, com destaque para o Mato Grosso do Sul, Par\u00e1, Paran\u00e1 e S\u00e3o Paulo.<\/strong><strong> <\/strong>Esses quatros estados usam ferramentas de an\u00e1lise automatizada do CAR, o que certamente ajudou a impulsionar a conclus\u00e3o das an\u00e1lises dos cadastros sem pend\u00eancia. Em termos percentuais, o Mato Grosso do Sul teve o maior progresso, aumentando em mais de 600% o n\u00famero de cadastros com an\u00e1lise finalizada pelo \u00f3rg\u00e3o competente, passando de 1.800 CARs, em 2022, para mais de 14 mil CARs, em 2023. J\u00e1 em termos absolutos, Par\u00e1 e S\u00e3o Paulo alcan\u00e7aram a marca de mais de 34 mil CARs com an\u00e1lise conclu\u00edda.<\/p>\n\n\n\n<p>Apesar dos progressos alcan\u00e7ados nesses estados, o Esp\u00edrito Santo continua sendo o mais avan\u00e7ado nessa etapa, com aproximadamente 77 mil cadastros totalmente analisados. O estado conseguiu esse \u00eaxito, porque a elabora\u00e7\u00e3o dos cadastros de im\u00f3veis rurais menores que quatro m\u00f3dulos fiscais foi feita com apoio t\u00e9cnico do Instituto de Defesa Agropecu\u00e1ria e Florestal do Esp\u00edrito Santo (Idaf\/ES). Esses cadastros j\u00e1 foram inscritos com informa\u00e7\u00f5es corretas, o que facilitou as an\u00e1lises pelo \u00f3rg\u00e3o competente. Mas o Esp\u00edrito Santo n\u00e3o vem avan\u00e7ando nas an\u00e1lises dos demais cadastros do estado.<\/p>\n\n\n\n<p><strong>Alguns estados que tinham zero cadastros com an\u00e1lise conclu\u00edda em 2022 conseguiram finalizar totalmente a an\u00e1lise de alguns cadastros, como \u00e9 o caso do Amap\u00e1, Minas Gerais, Para\u00edba e Tocantins. <\/strong>Ainda que, em termos absolutos, o n\u00famero de cadastros com an\u00e1lise conclu\u00edda seja baixo nesses estados, os avan\u00e7os na etapa mais desafiadora da implementa\u00e7\u00e3o do C\u00f3digo Florestal j\u00e1 representam um progresso.<\/p>\n\n\n\n<p><strong>Apesar dos avan\u00e7os, a conclus\u00e3o da an\u00e1lise do CAR, com a homologa\u00e7\u00e3o dos dados declarados no CAR e a an\u00e1lise da regularidade ambiental do im\u00f3vel, continua sendo o grande gargalo na implementa\u00e7\u00e3o do C\u00f3digo Florestal. <\/strong>Como mostra a Figura 4, a propor\u00e7\u00e3o de CARs com an\u00e1lise conclu\u00edda pelo total de cadastros no estado continua cr\u00edtica, com a exce\u00e7\u00e3o do Esp\u00edrito Santo, que tem cerca de 68% da base cadastral toda analisada, e de Mato Grosso do Sul e Par\u00e1, que j\u00e1 possuem mais de 10% dos cadastros do estado com an\u00e1lise conclu\u00edda<strong>. Considerando todos os estados, cerca de 2,7% dos cadastros do pa\u00eds j\u00e1 tiveram a an\u00e1lise conclu\u00edda por equipe ou pelo sistema de an\u00e1lise dinamizada. Em termos percentuais, o avan\u00e7o no \u00faltimo ano foi pequeno, mas, em termos absolutos, foram mais de 70 mil cadastros com an\u00e1lise finalizada.<\/strong><\/p>\n\n\n\n<p><strong>O principal motivo para a an\u00e1lise dinamizada n\u00e3o ter tido a efic\u00e1cia esperada \u00e9 que o n\u00famero de cadastros que precisa de retifica\u00e7\u00e3o \u00e9 gigantesco<\/strong>. S\u00f3 em S\u00e3o Paulo, quase 90% dos cadastros que passaram pelo sistema precisam de alguma retifica\u00e7\u00e3o. Esse problema n\u00e3o \u00e9 espec\u00edfico de S\u00e3o Paulo, nem da an\u00e1lise dinamizada; \u00e9 um desafio de todos os estados, seja na an\u00e1lise por equipe ou automatizada. No Par\u00e1, dos 219 mil cadastros que j\u00e1 foram objeto de an\u00e1lise, 123 mil est\u00e3o aguardando o produtor responder as notifica\u00e7\u00f5es para retificar ou complementar os dados do CAR. Em Rond\u00f4nia, dos mais de 49 mil CARs com an\u00e1lise iniciada, o \u00f3rg\u00e3o competente aguarda o atendimento da notifica\u00e7\u00e3o de quase 42 mil cadastros. V\u00e1rios outros estados enfrentam esse mesmo desafio. H\u00e1 uma constata\u00e7\u00e3o de que os cadastros est\u00e3o \u201cvelhos\u201d, pois os im\u00f3veis mudaram ao longo desses 10 anos de implementa\u00e7\u00e3o do CAR e, hoje, as an\u00e1lises contam com novas bases de refer\u00eancia, com mais precis\u00e3o e acur\u00e1cia, apontando inconsist\u00eancias, que n\u00e3o eram identificadas quando os cadastros foram feitos. Muitos t\u00e9cnicos dizem que <strong>est\u00e1 havendo um verdadeiro <em>recall<\/em> dos cadastros.<\/strong><\/p>\n\n\n\n<p><strong>Dificuldades na comunica\u00e7\u00e3o com propriet\u00e1rios e possuidores \u00e9 a principal raz\u00e3o pela qual as notifica\u00e7\u00f5es n\u00e3o s\u00e3o atendidas. <\/strong>Alguns estados, como Acre e S\u00e3o Paulo, conseguiram avan\u00e7os nesse sentido. O Acre criou, no \u00faltimo ano, o Setor de Notifica\u00e7\u00e3o no \u00e2mbito do Escrit\u00f3rio T\u00e9cnico de Gest\u00e3o do CAR e PRA. Esse novo setor possui equipe dedicada para contatar os propriet\u00e1rios e falar das notifica\u00e7\u00f5es e agendar a assinatura de termos de compromisso. Com isso, o estado conseguiu aumentar a quantidade de an\u00e1lises conclu\u00eddas em mais de 60% e encaminhar os produtores com passivo para a regulariza\u00e7\u00e3o dos im\u00f3veis rurais. S\u00e3o Paulo fez plant\u00f5es de atendimento presencial nos munic\u00edpios e implementou um <em>call center<\/em> (FaleCAR) para tirar d\u00favidas sobre o C\u00f3digo. De abril a novembro de 2023, o FaleCAR recebeu mais de oito mil chamadas para resolver problemas, que v\u00e3o desde dificuldades com o Sicar at\u00e9 d\u00favidas sobre compensa\u00e7\u00e3o de Reserva Legal. Essas estrat\u00e9gias parecem ter sido efetivas: 87% das demandas do FaleCAR foram resolvidas, v\u00e1rias notifica\u00e7\u00f5es foram atendidas, e o estado conseguiu avan\u00e7ar em mais de 200% na conclus\u00e3o das an\u00e1lises.<\/p>\n\n\n\n<p><strong>Figura 4.<\/strong> Propor\u00e7\u00e3o da An\u00e1lise Conclu\u00edda do CAR e N\u00famero Total de CAR com An\u00e1lise Conclu\u00edda, 2023<\/p>\n\n\n\n<p><img loading=\"lazy\" decoding=\"async\" width=\"30\" height=\"30\" class=\"wp-image-52367\" style=\"width: 30px;\" src=\"https:\/\/www.climatepolicyinitiative.org\/wp-content\/uploads\/2022\/12\/Asset-3.jpg\" alt=\"\" srcset=\"https:\/\/www.climatepolicyinitiative.org\/wp-content\/uploads\/2022\/12\/Asset-3.jpg 1234w, https:\/\/www.climatepolicyinitiative.org\/wp-content\/uploads\/2022\/12\/Asset-3-300x300.jpg 300w, https:\/\/www.climatepolicyinitiative.org\/wp-content\/uploads\/2022\/12\/Asset-3-1024x1024.jpg 1024w, https:\/\/www.climatepolicyinitiative.org\/wp-content\/uploads\/2022\/12\/Asset-3-150x150.jpg 150w\" sizes=\"auto, (max-width: 30px) 100vw, 30px\" \/><em>Mapa interativo<\/em><\/p>\n\n\n\n<div class=\"flourish-embed flourish-map\" data-src=\"visualisation\/16147865?502650\"><script src=\"https:\/\/public.flourish.studio\/resources\/embed.js\"><\/script><\/div>\n\n\n\n<p><em><strong>Fonte: <\/strong>CPI\/PUC-Rio com base nos dados atualizados fornecidos pelos \u00f3rg\u00e3os estaduais respons\u00e1veis pelo CAR (novembro de 2023), dados da Consulta P\u00fablica do CAR (atualizada em novembro de 2023), dados do portal Regulariza Par\u00e1 (Semas\/PA 2023) e dados do geoportal da Sema\/MT (2023), 2023<\/em><\/p>\n\n\n\n<h3 class=\"wp-block-heading\"><strong>Cancelamento de CAR Sobreposto a \u00c1reas N\u00e3o Cadastr\u00e1veis<\/strong><\/h3>\n\n\n\n<p>O cancelamento de CARs sobrepostos \u00e0s Terras Ind\u00edgenas (TIs), Unidades de Conserva\u00e7\u00e3o (UCs) de dom\u00ednio p\u00fablico e outras \u00e1reas p\u00fablicas n\u00e3o cadastr\u00e1veis \u00e9 um indicador importante da implementa\u00e7\u00e3o do C\u00f3digo Florestal, mas n\u00e3o foi poss\u00edvel quantificar progressos ou retrocessos, neste \u00faltimo ano. Par\u00e1 mant\u00e9m, permanentemente, a\u00e7\u00f5es de cancelamento e suspens\u00e3o de cadastros irregulares, disponibilizando os dados georreferenciados publicamente.<a id=\"_ftnref3\" href=\"#_ftn3\"><sup>[3]<\/sup><\/a> O estado vem suspendendo e cancelando centenas de cadastros em TIs e em UCs, mas novos CARs s\u00e3o inscritos, todos os anos, nessas \u00e1reas. Acre, Amazonas, Mato Groso e Rond\u00f4nia s\u00e3o estados que j\u00e1 promoveram o cancelamento de CARs irregulares. Essa quest\u00e3o continua sendo um problema de dif\u00edcil solu\u00e7\u00e3o j\u00e1 que n\u00e3o h\u00e1 um bloqueio permanente no sistema de novas inscri\u00e7\u00f5es sobre essas \u00e1reas. Promover uma solu\u00e7\u00e3o r\u00e1pida e eficiente para cancelar os cadastros irregulares e evitar que novos cadastros sejam feitos \u00e9 uma quest\u00e3o de ordem fundi\u00e1ria, social e ambiental, que deve ser tratada de modo priorit\u00e1rio e urgente.<\/p>\n\n\n\n<h2 class=\"wp-block-heading\"><strong>Etapa de Regulamenta\u00e7\u00e3o do C\u00f3digo Florestal pelos Estados<\/strong><\/h2>\n\n\n\n<h3 class=\"wp-block-heading\"><strong>Regulamenta\u00e7\u00e3o do PRA e dos Passivos em \u00c1rea de Preserva\u00e7\u00e3o Permanente (APP) e Reserva Legal<\/strong><\/h3>\n\n\n\n<p><strong>Alagoas e Maranh\u00e3o regulamentaram o PRA no segundo semestre de 2023, alcan\u00e7ando essa nova e importante etapa<\/strong>. Ao todo, 16 estados e o Distrito Federal j\u00e1 regulamentaram efetivamente o PRA e j\u00e1 adotaram normas para recupera\u00e7\u00e3o dos passivos em APP e Reserva Legal. Mas 10 estados \u2014 Alagoas, Esp\u00edrito Santo, Para\u00edba, Piau\u00ed, Rio Grande do Norte, Rio Grande do Sul, Roraima, Santa Catarina, Sergipe e Tocantins \u2014 ainda est\u00e3o muito atrasados na constru\u00e7\u00e3o de um conjunto normativo m\u00ednimo para a regulariza\u00e7\u00e3o ambiental dos im\u00f3veis rurais. Nesses estados, o PRA n\u00e3o est\u00e1 regulamentado ou a regulamenta\u00e7\u00e3o adotada n\u00e3o \u00e9 suficiente, e n\u00e3o h\u00e1 procedimentos e crit\u00e9rios estabelecidos para a recupera\u00e7\u00e3o dos passivos de vegeta\u00e7\u00e3o.<\/p>\n\n\n\n<p>No \u00faltimo ano, alguns estados atualizaram a sua legisla\u00e7\u00e3o com a ado\u00e7\u00e3o de novas normas, por vezes complementando normas anteriores, por vezes substituindo totalmente a regulamenta\u00e7\u00e3o do PRA, como foi o caso de Rond\u00f4nia. Mais de 30 normas relativas \u00e0 implementa\u00e7\u00e3o do C\u00f3digo Florestal foram editadas este ano pelos estados e, ao menos, oito normas federais relevantes foram editadas no \u00faltimo ano.<\/p>\n\n\n\n<p><strong>Rond\u00f4nia editou a Lei complementar n\u00ba 1.193, de 22 de junho de 2023, implantando o Programa Permanente de Regulariza\u00e7\u00e3o Ambiental (PPRA) e<\/strong> <strong>reduzindo o percentual de Reserva Legal de 80% para 50% para fins exclusivamente de regulariza\u00e7\u00e3o dos passivos anteriores a 22 de julho de 2008<\/strong>. <strong>Mato Grosso foi outro estado da Amaz\u00f4nia Legal que tamb\u00e9m regulamentou, em 2023, a redu\u00e7\u00e3o do percentual de Reserva Legal de 80% para 50% para fins de recomposi\u00e7\u00e3o do passivo, mas estipula como marco temporal a data de edi\u00e7\u00e3o do C\u00f3digo Florestal, 25 de maio de 2012.<\/strong> Em Mato Grosso, a redu\u00e7\u00e3o da Reserva Legal \u00e9 aplic\u00e1vel apenas para recomposi\u00e7\u00e3o ou regenera\u00e7\u00e3o do pr\u00f3prio im\u00f3vel; para fins de compensa\u00e7\u00e3o, o percentual de Reserva Legal se mant\u00e9m de no m\u00ednimo 80%. Al\u00e9m de Mato Grosso e Rond\u00f4nia,Roraima j\u00e1 tinha regulamentado, em 2022, a redu\u00e7\u00e3o do percentual de Reserva Legal. <strong>Por\u00e9m, em Roraima, a redu\u00e7\u00e3o da Reserva Legal n\u00e3o \u00e9 apenas para fins de regulariza\u00e7\u00e3o, \u00e9 aplic\u00e1vel para todos os im\u00f3veis rurais<\/strong>, pois o estado possui mais de 65% do seu territ\u00f3rio ocupado por UCs de dom\u00ednio p\u00fablico e por TIs homologadas, condi\u00e7\u00e3o exigida pelo C\u00f3digo Florestal para aplicar essa redu\u00e7\u00e3o (Lopes e Minsky 2023).<\/p>\n\n\n\n<p><strong>Goi\u00e1s j\u00e1 tinha editado, em 2022, um procedimento alternativo \u2014 e ainda mais flex\u00edvel que o previsto pelo C\u00f3digo Florestal \u2014 para a regulariza\u00e7\u00e3o ambiental de passivos de vegeta\u00e7\u00e3o nativa<\/strong> <strong>anteriores e posteriores a 22 de julho de 2008.<\/strong> A Lei estadual no 21.231\/2022 amplia, at\u00e9 2019, a possibilidade de compensa\u00e7\u00e3o de passivos de Reserva Legal. A compensa\u00e7\u00e3o, entretanto, deve seguir uma m\u00e9trica de 2:1, quer dizer, para cada hectare desmatado, o propriet\u00e1rio tem que compensar o dobro. Em 2023, o estado implementou a Declara\u00e7\u00e3o Ambiental do Im\u00f3vel (DAI) para a regulariza\u00e7\u00e3o dos passivos de APP e Reserva Legal. De acordo com a Secretaria de Estado de Meio Ambiente e Desenvolvimento Sustent\u00e1vel\/Goi\u00e1s (Semad\/GO), cerca de 4.500 hectares foram doados para UCs, 80 hectares de servid\u00e3o ambiental foram averbados, e aproximadamente 300 hectares de servid\u00e3o est\u00e3o aguardando a averba\u00e7\u00e3o, al\u00e9m de 100 hectares que est\u00e3o em recupera\u00e7\u00e3o. Antes da edi\u00e7\u00e3o dessa lei, dos 150 projetos de recupera\u00e7\u00e3o de \u00e1reas degradadas (PRADs) apresentados pelos produtores rurais, entre 2011 e 2023, apenas cinco efetivamente recuperaram os danos. Para o \u00f3rg\u00e3o ambiental goiano, a nova lei pode gerar mais ganhos ambientais, entretanto, \u00e9 importante ressaltar que a lei goiana abre um precedente que pode desencadear uma revis\u00e3o da legisla\u00e7\u00e3o em outros estados, com retrocessos ainda maiores. Essa regulamenta\u00e7\u00e3o foi alterada por uma nova lei, em 2023, cujos dispositivos j\u00e1 foram objeto de judicializa\u00e7\u00e3o perante o Supremo Tribunal Federal (STF), atrav\u00e9s da A\u00e7\u00e3o Direta de Inconstitucionalidade (ADI) n\u00ba 7438\/DF. O MPF j\u00e1 se posicionou contr\u00e1rio \u00e0 legisla\u00e7\u00e3o (MPF 2023) e h\u00e1 uma possibilidade dos demais dispositivos da Lei estadual no 21.231\/2022 tamb\u00e9m serem questionados por uma nova ADI.<\/p>\n\n\n\n<p>Por fim, o ano de 2023 termina com a expectativa do julgamento pelo STF dos embargos de declara\u00e7\u00e3o da decis\u00e3o sobre as ADIs relativas ao C\u00f3digo Florestal (ADIs n\u00ba 4901\/DF; 4902\/DF; 4903\/DF; e 4937\/DF)<strong>. Esse julgamento poder\u00e1 estender o crit\u00e9rio da identidade ecol\u00f3gica para todas as formas de compensa\u00e7\u00e3o de Reserva Legal, com impactos relevantes na implementa\u00e7\u00e3o do C\u00f3digo Florestal, especialmente, na regulamenta\u00e7\u00e3o dos estados, na regulariza\u00e7\u00e3o fundi\u00e1ria de UCs (federal e estadual) e para os produtores que j\u00e1 promoveram a regulariza\u00e7\u00e3o da Reserva Legal por meio da compensa\u00e7\u00e3o <\/strong>(Lopes, Segovia e Chiavari 2023).O julgamento foi suspenso por conta do pedido de vistas do ministro Lu\u00eds Roberto Barroso e ser\u00e1 retomado na primeira semana de fevereiro de 2024. Seis dos 11 ministros do STF j\u00e1 publicaram seus votos, dos quais cinco s\u00e3o favor\u00e1veis \u00e0 ado\u00e7\u00e3o do crit\u00e9rio da identidade ecol\u00f3gica e um contr\u00e1rio.<\/p>\n\n\n\n<h2 class=\"wp-block-heading\"><strong>Etapa de Implementa\u00e7\u00e3o do PRA<\/strong><\/h2>\n\n\n\n<h3 class=\"wp-block-heading\"><strong>Ades\u00e3o ao PRA<\/strong><\/h3>\n\n\n\n<p><strong>Em 2023, observa-se um progresso na implementa\u00e7\u00e3o do PRA, com tr\u00eas novos estados alcan\u00e7ando essa etapa \u2014 Alagoas, Distrito Federal e S\u00e3o Paulo \u2014 e com tr\u00eas estados ganhando escala com o aumento de termos de compromisso assinados para adequa\u00e7\u00e3o ambiental \u2014 Mato Grosso, Minas Gerais e Par\u00e1.<\/strong><\/p>\n\n\n\n<p>Ainda assim, a etapa final de regulariza\u00e7\u00e3o dos passivos em APP e Reserva Legal, por meio da ades\u00e3o ao PRA, apresenta\u00e7\u00e3o de Projetos de Regulariza\u00e7\u00e3o de \u00c1reas Degradadas e Alteradas (Pradas) e assinatura de termos de compromisso continua sendo um objetivo distante de ser alcan\u00e7ado no curto ou m\u00e9dio prazo no pa\u00eds.<\/p>\n\n\n\n<h3 class=\"wp-block-heading\"><strong>Assinatura dos Termos de Compromisso<\/strong><\/h3>\n\n\n\n<p><strong>Nos estados em que o PRA est\u00e1 em opera\u00e7\u00e3o, apenas uma parte dos cadastros com an\u00e1lise da regularidade ambiental conclu\u00edda \u2014 confirmando a exist\u00eancia de passivos \u2014 segue para a etapa de ades\u00e3o ao PRA, apresenta\u00e7\u00e3o de Prada e assinatura dos termos de compromisso para a regulariza\u00e7\u00e3o de APP e Reserva Legal.<\/strong> As dificuldades v\u00e3o desde a resist\u00eancia dos produtores em se comprometerem com a regulariza\u00e7\u00e3o ambiental at\u00e9 o desconhecimento de solu\u00e7\u00f5es de restaura\u00e7\u00e3o florestal produtiva e\/ou multifuncional.<\/p>\n\n\n\n<p>Alguns estados t\u00eam buscado estrat\u00e9gias para superar esse obst\u00e1culo. Por exemplo, desde 2022, as etapas de an\u00e1lise do CAR e ades\u00e3o ao PRA fazem parte de um \u00fanico fluxo procedimental em Mato Grosso. Essa unifica\u00e7\u00e3o impulsiona a ades\u00e3o ao PRA e a assinatura dos termos de compromisso para a regulariza\u00e7\u00e3o dos im\u00f3veis rurais. Em 2023, o n\u00famero de termos de compromisso assinados no estado aumentou 50% com rela\u00e7\u00e3o ao ano anterior. O Par\u00e1 tamb\u00e9m concentrou esfor\u00e7os na implementa\u00e7\u00e3o da \u00faltima etapa do C\u00f3digo Florestal e viu o n\u00famero de termos de compromisso assinados no estado aumentar em sete vezes. J\u00e1 Minas Gerais permite que os produtores apresentem um PRA volunt\u00e1rio, se comprometendo a recuperar os passivos antes mesmo da an\u00e1lise do CAR pelo \u00f3rg\u00e3o competente. Os interessados apresentam um Prada e o termo de compromisso \u00e9 assinado pelo produtor e pelo \u00f3rg\u00e3o competente. De 2022 para 2023, o n\u00famero de termos de compromissos em Minas passou de 10 para 118, sem contar com 470 propostas de ades\u00e3o ao PRA, que j\u00e1 foram submetidas e est\u00e3o em an\u00e1lise.<\/p>\n\n\n\n<p>A Figura 5 apresenta dados relativos aos estados nos quais o PRA est\u00e1 em opera\u00e7\u00e3o e traz informa\u00e7\u00f5es sobre o n\u00famero de CARs com an\u00e1lise conclu\u00edda e passivos confirmados, o n\u00famero de Pradas que j\u00e1 foram apresentados e foram aprovados ou est\u00e3o em an\u00e1lise pelo \u00f3rg\u00e3o competente e o n\u00famero de termos de compromisso assinados. O termo de compromisso \u00e9 o documento que formaliza a ades\u00e3o do produtor ao PRA e estabelece o cronograma da regulariza\u00e7\u00e3o, por isso \u00e9 o melhor indicador da regulariza\u00e7\u00e3o dos im\u00f3veis rurais. Este ano, o relat\u00f3rio apresenta dados relativos aos Pradas de propriet\u00e1rios que ainda n\u00e3o assinaram termos de compromisso como indicativo de que devem formalizar a regulariza\u00e7\u00e3o no curto prazo. Apesar dos avan\u00e7os recentes em alguns estados, observa-se uma grande diferen\u00e7a entre im\u00f3veis cujo status do CAR est\u00e1 \u201caguardando a regulariza\u00e7\u00e3o ambiental\u201d e im\u00f3veis efetivamente em regulariza\u00e7\u00e3o ambiental. Rond\u00f4nia \u00e9 o estado que mais chama a aten\u00e7\u00e3o pela diferen\u00e7a entre im\u00f3veis com passivos e im\u00f3veis em regulariza\u00e7\u00e3o.<\/p>\n\n\n\n<p><strong>Figura 5.<\/strong> N\u00famero de CAR com Passivos em APP e\/ou Reserva Legal, N\u00famero de Pradas e N\u00famero de Termos de Compromisso Assinados, 2023<\/p>\n\n\n\n<p><img loading=\"lazy\" decoding=\"async\" width=\"30\" height=\"30\" class=\"wp-image-52367\" style=\"width: 30px;\" src=\"https:\/\/www.climatepolicyinitiative.org\/wp-content\/uploads\/2022\/12\/Asset-3.jpg\" alt=\"\" srcset=\"https:\/\/www.climatepolicyinitiative.org\/wp-content\/uploads\/2022\/12\/Asset-3.jpg 1234w, https:\/\/www.climatepolicyinitiative.org\/wp-content\/uploads\/2022\/12\/Asset-3-300x300.jpg 300w, https:\/\/www.climatepolicyinitiative.org\/wp-content\/uploads\/2022\/12\/Asset-3-1024x1024.jpg 1024w, https:\/\/www.climatepolicyinitiative.org\/wp-content\/uploads\/2022\/12\/Asset-3-150x150.jpg 150w\" sizes=\"auto, (max-width: 30px) 100vw, 30px\" \/><em>Gr\u00e1fico interativo<\/em><\/p>\n\n\n\n<div class=\"flourish-embed flourish-chart\" data-src=\"visualisation\/16147877?502650\"><script src=\"https:\/\/public.flourish.studio\/resources\/embed.js\"><\/script><\/div>\n\n\n\n<p><em><strong>Fonte: <\/strong>CPI\/PUC-Rio, 2023<\/em><\/p>\n\n\n\n<h2 class=\"wp-block-heading\"><strong>Etapa de Monitoramento da Regulariza\u00e7\u00e3o Ambiental<\/strong><\/h2>\n\n\n\n<h3 class=\"wp-block-heading\"><strong>Monitoramento da Regulariza\u00e7\u00e3o dos Passivos em APP e Reserva Legal<\/strong><\/h3>\n\n\n\n<p><strong>V\u00e1rios estados j\u00e1 estabeleceram regras para o monitoramento da regulariza\u00e7\u00e3o dos passivos em APP e Reserva Legal, mas, na pr\u00e1tica, poucos estados adotaram sistemas e ferramentas para o acompanhamento da restaura\u00e7\u00e3o. <\/strong>A maioria dos estados prev\u00ea o automonitoramento por parte do propriet\u00e1rio ou possuidor, com entrega de relat\u00f3rios peri\u00f3dicos, e tamb\u00e9m o monitoramento pelo \u00f3rg\u00e3o ambiental, atrav\u00e9s de sensoriamento remoto e vistoria de campo, quando julgar necess\u00e1rio. O uso de tecnologias, como sistemas de monitoramento e plataforma com dados geoespaciais, e o uso de aplicativos, como o AgroTagVEG, desenvolvido pela Empresa Brasileira de Pesquisa Agropecu\u00e1ria (Embrapa), s\u00e3o ferramentas essenciais no gerenciamento da restaura\u00e7\u00e3o florestal.<\/p>\n\n\n\n<h2 class=\"wp-block-heading\"><strong>Alinhamento do C\u00f3digo Florestal com Outras Pol\u00edticas P\u00fablicas<\/strong><\/h2>\n\n\n\n<p>Fortalecer o alinhamento do C\u00f3digo Florestal com outras pol\u00edticas p\u00fablicas ambientais, atrav\u00e9s da integra\u00e7\u00e3o dos dados do CAR com informa\u00e7\u00f5es de banco de dados referentes a licenciamentos, autoriza\u00e7\u00f5es, embargos e desmatamento no im\u00f3vel rural, \u00e9 fundamental para o pa\u00eds avan\u00e7ar com sua agenda ambiental. <strong>Alguns estados j\u00e1 est\u00e3o seguindo nesse sentido.<\/strong> <strong>\u00c9 o caso do Amazonas, que criou uma rotina para coibir o desmatamento ilegal no estado e ainda cobrar a regulariza\u00e7\u00e3o dessas \u00e1reas<\/strong>. O estado faz o cruzamento dos alertas de desmatamento do Instituto de Pesquisas Espaciais (Inpe) com os CARs e, quando identifica que a supress\u00e3o florestal foi promovida sem autoriza\u00e7\u00e3o, o \u00f3rg\u00e3o competente suspende imediatamente o CAR do im\u00f3vel, embarga a \u00e1rea e multa o propriet\u00e1rio. Mais de tr\u00eas mil cadastros j\u00e1 foram suspensos, o que impede os produtores de obter cr\u00e9dito, a emiss\u00e3o de guia de transporte animal (GTA) e a concess\u00e3o de outras autoriza\u00e7\u00f5es administrativas. Para que o CAR volte \u00e0 condi\u00e7\u00e3o de ativo, os produtores precisam apresentar um projeto de regulariza\u00e7\u00e3o ambiental do im\u00f3vel e assinar um termo de compromisso, o que pode ser feito no pr\u00f3prio processo administrativo de autua\u00e7\u00e3o ambiental.<\/p>\n\n\n\n<p>De modo semelhante, o Par\u00e1 tamb\u00e9m tem adotado estrat\u00e9gias diversificadas para implementar a lei florestal, alinhando o C\u00f3digo Florestal com outras pol\u00edticas ambientais. O governo do estado e o MMA criaram, em abril de 2023, um grupo de trabalho com o objetivo de propor medidas para garantir a efetividade do CAR como instrumento de gest\u00e3o ambiental rural e monitoramento, de controle do desmatamento e degrada\u00e7\u00e3o ilegais e de incentivos econ\u00f4micos. O Par\u00e1 identificou os munic\u00edpios priorit\u00e1rios nos quais h\u00e1 im\u00f3veis acima de quatro m\u00f3dulos fiscais com desmatamento ilegal acima de 50 hectares, entre 2018 e 2022. O estado realizou mutir\u00f5es nesses munic\u00edpios para auxiliar os produtores na regulariza\u00e7\u00e3o ambiental, analisou os CARs dos im\u00f3veis priorit\u00e1rios e promoveu a suspens\u00e3o de quem n\u00e3o atendeu \u00e0s notifica\u00e7\u00f5es. A Secretaria de Meio Ambiente e Sustentabilidade\/Par\u00e1 (Semas\/PA) do Par\u00e1 vai publicar um edital notificando novamente os produtores sob pena de cancelamento do CAR, se n\u00e3o responderem em 30 dias. Al\u00e9m de a\u00e7\u00f5es de comando e controle, o estado tamb\u00e9m est\u00e1 promovendo parceria com o governo federal para pagamento por servi\u00e7os ambientais (PSA) de conserva\u00e7\u00e3o, por meio do Programa Floresta+ Amaz\u00f4nia.<\/p>\n\n\n\n<p>Al\u00e9m de pol\u00edticas de conserva\u00e7\u00e3o, pol\u00edticas de restaura\u00e7\u00e3o de paisagens e florestas associadas a mecanismos de mercado, como PSA, REDD+ e cr\u00e9ditos de carbono, tamb\u00e9m podem ser usadas para incentivar a restaura\u00e7\u00e3o e o cumprimento do C\u00f3digo Florestal, sobretudo em im\u00f3veis da agricultura familiar, promovendo recupera\u00e7\u00e3o de \u00e1reas degradadas e gera\u00e7\u00e3o de renda.<\/p>\n\n\n\n<p>Por fim, o alinhamento do C\u00f3digo Florestal com a pol\u00edtica de cr\u00e9dito rural tamb\u00e9m \u00e9 essencial para promover uma agropecu\u00e1ria sustent\u00e1vel e compat\u00edvel com a preserva\u00e7\u00e3o ambiental. Iniciativas do sistema financeiro, como as resolu\u00e7\u00f5es do Conselho Monet\u00e1rio Nacional (CMN) e do Banco Central do Brasil (BCB), atuam tanto no impedimento do acesso ao cr\u00e9dito para produtores que n\u00e3o est\u00e3o em conformidade com a legisla\u00e7\u00e3o ambiental quanto em condi\u00e7\u00f5es facilitadas de acesso para produtores, de acordo com a condi\u00e7\u00e3o do CAR ativo e do status da an\u00e1lise do cadastro (analisado em conformidade com a lei ou em regulariza\u00e7\u00e3o ambiental).<\/p>\n\n\n\n<h1 class=\"wp-block-heading has-large-font-size\" style=\"font-style:normal;font-weight:700\"><strong>Introdu\u00e7\u00e3o<\/strong><\/h1>\n\n\n\n<p>A Lei de Prote\u00e7\u00e3o da Vegeta\u00e7\u00e3o Nativa (Lei n\u00ba 12.651\/2012), conhecida apenas por C\u00f3digo Florestal, \u00e9 a principal pol\u00edtica p\u00fablica de conserva\u00e7\u00e3o em \u00e1reas privadas. Ela define como deve ser a ocupa\u00e7\u00e3o e o uso do solo nos im\u00f3veis rurais e estabelece regras claras para a conserva\u00e7\u00e3o e a restaura\u00e7\u00e3o de florestas e outras formas de vegeta\u00e7\u00e3o nativa.<\/p>\n\n\n\n<p>Mais do que simplesmente uma ferramenta de prote\u00e7\u00e3o da vegeta\u00e7\u00e3o nativa no pa\u00eds, o c\u00f3digo \u00e9 tamb\u00e9m um instrumento de moderniza\u00e7\u00e3o da agricultura brasileira. Ao estabelecer restri\u00e7\u00f5es sobre a expans\u00e3o da \u00e1rea destinada \u00e0 agropecu\u00e1ria em propriedades rurais, a lei estimula aumentos de produtividade no lugar da supress\u00e3o de vegeta\u00e7\u00e3o para a expans\u00e3o agr\u00edcola. Al\u00e9m disso, o cumprimento do c\u00f3digo garante que a produ\u00e7\u00e3o agropecu\u00e1ria brasileira esteja em conformidade com uma legisla\u00e7\u00e3o ambiental criteriosa, contribuindo para a abertura de novos mercados e a manuten\u00e7\u00e3o dos mercados existentes. Nesse sentido, a edi\u00e7\u00e3o do Regulamento da Uni\u00e3o Europeia para Produtos Livres de Desmatamento, que pro\u00edbe a importa\u00e7\u00e3o e o com\u00e9rcio, no bloco europeu, de produtos derivados de algumas commodities \u2014 gado, soja, palma de dend\u00ea (<em>oil palm<\/em>), caf\u00e9, cacau, madeira e borracha \u2014 provenientes de \u00e1reas de floresta desmatadas ap\u00f3s 31 de dezembro de 2020, mostra a import\u00e2ncia do alinhamento entre produ\u00e7\u00e3o e prote\u00e7\u00e3o (Lopes, Chiavari e Segovia 2023). Finalmente, o c\u00f3digo pode ter um papel central de indutor de crescimento verde, atraindo recursos financeiros alinhados \u00e0 conserva\u00e7\u00e3o e \u00e0 restaura\u00e7\u00e3o florestal.<\/p>\n\n\n\n<p>Al\u00e9m disso, a lei florestal se apresenta como uma pol\u00edtica guarda-chuva que atrav\u00e9s de instrumentos e normas disp\u00f5e sobre: a conserva\u00e7\u00e3o da vegeta\u00e7\u00e3o nativa; a regulariza\u00e7\u00e3o de passivos ambientais, o monitoramento e controle do desmatamento e queimadas; a compensa\u00e7\u00e3o de danos ambientais; o manejo florestal sustent\u00e1vel de florestas nativas, monitoramento e gest\u00e3o ambiental dos im\u00f3veis rurais e incentivos econ\u00f4micos para a preserva\u00e7\u00e3o e restaura\u00e7\u00e3o da vegeta\u00e7\u00e3o.<\/p>\n\n\n\n<p>O C\u00f3digo Florestal \u00e9 uma lei federal, mas sua implementa\u00e7\u00e3o se d\u00e1 no \u00e2mbito estadual, por isso o protagonismo dos estados na regulamenta\u00e7\u00e3o e na operacionaliza\u00e7\u00e3o das regras e instrumentos do c\u00f3digo \u00e9 fundamental para o seu sucesso. Para isso, os estados precisam tomar uma s\u00e9rie de medidas, que incluem: (i) a regulamenta\u00e7\u00e3o dos procedimentos de regulariza\u00e7\u00e3o ambiental \u2014 incluindo as regras relativas ao Cadastro Ambiental Rural (CAR) e ao Programa de Regulariza\u00e7\u00e3o Ambiental (PRA) \u2014 e das modalidades e par\u00e2metros de restaura\u00e7\u00e3o da vegeta\u00e7\u00e3o; (ii) a implementa\u00e7\u00e3o de sistemas de informa\u00e7\u00e3o capazes de processar muitos dados sobre os im\u00f3veis rurais e criar interfaces com o produtor rural; (iii) a aquisi\u00e7\u00e3o de recursos t\u00e9cnicos como imagens de sat\u00e9lites e bases cartogr\u00e1ficas; e (iv) a contrata\u00e7\u00e3o e a capacita\u00e7\u00e3o de recursos humanos.<\/p>\n\n\n\n<p>Com mais de uma d\u00e9cada de vida, o C\u00f3digo Florestal ainda est\u00e1 longe de ser efetivamente implementado em todos os estados brasileiros. Isso n\u00e3o significa que os estados n\u00e3o t\u00eam avan\u00e7ado com essa agenda. Pelo contr\u00e1rio, na maioria deles, podemos identificar progressos alcan\u00e7ados ao longo desses anos, e 2023 \u00e9 um ano em que \u00e9 poss\u00edvel observar um salto na agenda. Entretanto, ainda existem gargalos importantes a serem superados, e um pequeno grupo de estados persiste bastante atrasado.<\/p>\n\n\n\n<p>Neste documento, <strong>pesquisadoras do CPI\/PUC-Rio tra\u00e7am uma radiografia atualizada do status de implementa\u00e7\u00e3o da lei nos estados brasileiros, tendo como base o ano de 2023.<\/strong> A radiografia atualizada foi constru\u00edda a partir do exame do procedimento de regulariza\u00e7\u00e3o ambiental em \u00e2mbito federal, como disciplinado pelo C\u00f3digo Florestal, bem como da regulamenta\u00e7\u00e3o estadual existente, a partir de indicadores espec\u00edficos e de dados e informa\u00e7\u00f5es coletados diretamente com os \u00f3rg\u00e3os estaduais de meio ambiente e de agricultura.<a id=\"_ftnref4\" href=\"#_ftn4\"><sup>[4]<\/sup><\/a><\/p>\n\n\n\n<h2 class=\"wp-block-heading\"><strong>Metodologia<\/strong><\/h2>\n\n\n\n<p>Para tra\u00e7ar o panorama do C\u00f3digo Florestal nos estados brasileiros em 2023, as pesquisadoras do CPI\/PUC-Rio revisaram os levantamentos realizados em 2019, 2020, 2021 e 2022 de toda a legisla\u00e7\u00e3o federal aplic\u00e1vel e da regulamenta\u00e7\u00e3o em vigor em cada uma das unidades da federa\u00e7\u00e3o. Essa atualiza\u00e7\u00e3o inclui tanto a legisla\u00e7\u00e3o estadual espec\u00edfica, que regulamenta dispositivos do C\u00f3digo Florestal, como legisla\u00e7\u00f5es estaduais florestais ou C\u00f3digos Ambientais Estaduais revisados ap\u00f3s a entrada em vigor da <a href=\"http:\/\/bit.ly\/3FP8kNZ\" target=\"_blank\" rel=\"noreferrer noopener\">Lei n\u00ba 12.651\/2012<\/a>. As normas revogadas foram exclu\u00eddas e as novas legisla\u00e7\u00f5es, devidamente analisadas. A se\u00e7\u00e3o Legisla\u00e7\u00e3o Consultada, nas Refer\u00eancias deste relat\u00f3rio, lista todo o arcabou\u00e7o legal utilizado.<\/p>\n\n\n\n<p>O CPI\/PUC-Rio tamb\u00e9m promoveu o Webinar \u201cAn\u00e1lise do CAR pelos estados: Desafios e Oportunidades\u201d, em 31 de outubro de 2023, para tratar de quest\u00f5es relacionadas \u00e0 implementa\u00e7\u00e3o do C\u00f3digo Florestal, especialmente da an\u00e1lise dinamizada e por equipe, debatendo os desafios de cada forma de an\u00e1lise do CAR e explorando formas de otimiza\u00e7\u00e3o e ganho de escala. O evento teve a participa\u00e7\u00e3o de representantes do SFB e de \u00f3rg\u00e3os de meio ambiente e agricultura de 16 estados, quais sejam: Amazonas, Bahia, Cear\u00e1, Distrito Federal, Esp\u00edrito Santo, Goi\u00e1s, Maranh\u00e3o, Minas Gerais, Par\u00e1, Paran\u00e1, Pernambuco, Piau\u00ed, Rio de Janeiro, Rio Grande do Norte, Rio Grande do Sul e S\u00e3o Paulo. A programa\u00e7\u00e3o do webinar contou com a apresenta\u00e7\u00e3o do SFB sobre a an\u00e1lise do CAR na perspectiva do \u00f3rg\u00e3o, de S\u00e3o Paulo sobre os resultados da an\u00e1lise dinamizada no estado, do Par\u00e1 sobre a implementa\u00e7\u00e3o do CAR 2.0, do Maranh\u00e3o sobre a an\u00e1lise por equipe e ainda com roda de conversa com representante dos demais estados sobre os desafios e as oportunidades na an\u00e1lise dos cadastros. Para a elabora\u00e7\u00e3o deste relat\u00f3rio, utilizamos as informa\u00e7\u00f5es e os dados coletados nesse encontro.<\/p>\n\n\n\n<p>Al\u00e9m disso, um question\u00e1rio foi enviado para os representantes de todas as unidades da federa\u00e7\u00e3o, com o objetivo de levantar as informa\u00e7\u00f5es e os dados sobre a edi\u00e7\u00e3o de novas normas, o n\u00famero de cadastros com an\u00e1lise iniciada e conclu\u00edda, o n\u00famero de termos de compromisso assinados para a regulariza\u00e7\u00e3o ambiental da propriedade e as estrat\u00e9gias de comunica\u00e7\u00e3o entre os \u00f3rg\u00e3os competentes e os produtores rurais. As pesquisadoras tamb\u00e9m solicitaram, atrav\u00e9s da Lei de Acesso \u00e0 Informa\u00e7\u00e3o (LAI), dados atualizados sobre a an\u00e1lise da base de dados do CAR nos estados. Ademais, as pesquisadoras tiveram reuni\u00f5es bilaterais com representantes dos estados do Alagoas, Amazonas, Bahia, Esp\u00edrito Santo, Goi\u00e1s, Mato Grosso do Sul, Minas Gerais, Par\u00e1, Paran\u00e1, Rio Grande do Norte, Rio Grande do Sul e S\u00e3o Paulo. Atrav\u00e9s das tr\u00eas estrat\u00e9gias de coleta de dados, foi poss\u00edvel obter dados atualizados diretamente com 23 unidades federativas,<a id=\"_ftnref5\" href=\"#_ftn5\"><sup>[5]<\/sup><\/a> complementando ainda com dados dispon\u00edveis nas secretarias estaduais de meio ambiente e na Consulta P\u00fablica do CAR, atualizado em novembro de 2023 (Sicar 2023). Por exemplo, no caso do Par\u00e1, os dados do portal Regulariza Par\u00e1 foram utilizados (Semas\/PA 2023). No caso de Mato Grosso, foram utilizados os dados espaciais dispon\u00edveis no geoportal da Sema\/MT (2023). No caso de Santa Catarina, Sergipe e Tocantins, os dados foram coletados exclusivamente atrav\u00e9s do Consulta P\u00fablica do CAR.<\/p>\n\n\n\n<p>As informa\u00e7\u00f5es coletadas foram sistematizadas, a partir de indicadores desenvolvidos pelas autoras, a fim de medir o progresso alcan\u00e7ado neste ano pelos estados. Eventuais d\u00favidas remanescentes foram posteriormente submetidas aos representantes estaduais para complementa\u00e7\u00e3o. O resultado dessa coleta e an\u00e1lise \u00e9 apresentado nesta publica\u00e7\u00e3o.<\/p>\n\n\n\n<h2 class=\"wp-block-heading\"><strong>Estrutura do Relat\u00f3rio<\/strong><\/h2>\n\n\n\n<p>O relat\u00f3rio est\u00e1 dividido em quatro partes. A primeira parte, o Sum\u00e1rio Executivo, apresenta os indicadores da implementa\u00e7\u00e3o do C\u00f3digo Florestal nos estados, o progresso alcan\u00e7ado em 2023 e as principais mensagens desta edi\u00e7\u00e3o.<\/p>\n\n\n\n<p>A segunda parte descreve de forma resumida as principais etapas do procedimento de regulariza\u00e7\u00e3o ambiental, de acordo com as regras estabelecidas pelo C\u00f3digo Florestal. Para facilitar o entendimento do processo de regulariza\u00e7\u00e3o, h\u00e1 um fluxograma representando suas etapas. Essa primeira parte est\u00e1 dividida em duas se\u00e7\u00f5es: a primeira se\u00e7\u00e3o descreve o processo de regulariza\u00e7\u00e3o ambiental de \u00e1reas rurais consolidadas em \u00c1reas de Preserva\u00e7\u00e3o Permanente (APP) e Reserva Legal, antes de 22 de julho de 2008, e a segunda trata da regulariza\u00e7\u00e3o ambiental de im\u00f3veis rurais com passivos em APP e Reserva Legal, ap\u00f3s 22 de julho de 2008.<\/p>\n\n\n\n<p>A terceira parte descreve e analisa a regulamenta\u00e7\u00e3o do C\u00f3digo Florestal pelas unidades da federa\u00e7\u00e3o. Ela tamb\u00e9m est\u00e1 dividida em se\u00e7\u00f5es. A primeira dedica-se \u00e0 an\u00e1lise da regulamenta\u00e7\u00e3o dos PRAs estaduais; a segunda exp\u00f5e detalhadamente as regras de regulariza\u00e7\u00e3o das \u00e1reas consolidadas em APP e Reserva Legal; a terceira trata das regras de regulariza\u00e7\u00e3o dos passivos em APP e Reserva Legal, ap\u00f3s 22 de julho de 2008; e a quarta apresenta as regras relativas ao monitoramento da regulariza\u00e7\u00e3o ambiental.<\/p>\n\n\n\n<p>A quarta parte descreve a situa\u00e7\u00e3o atual do CAR e do PRA em todas as unidades da federa\u00e7\u00e3o. Uma se\u00e7\u00e3o preliminar discorre sobre informa\u00e7\u00e3o e transpar\u00eancia dos dados do CAR e do PRA. A segunda se\u00e7\u00e3o informa sobre o status do CAR e \u00e9 subdividida em quatro partes: (i) inscri\u00e7\u00e3o no CAR; (ii) cancelamento de CARs sobrepostos \u00e0s Terras Ind\u00edgenas (TI), \u00e0s Unidades de Conserva\u00e7\u00e3o (UCs) de dom\u00ednio p\u00fablico e outras \u00e1reas consideradas impeditivas; (iii) an\u00e1lise dos dados do CAR e (iv) principais desafios. Por fim, a terceira se\u00e7\u00e3o informa sobre o status do PRA e \u00e9 subdividida em seis partes: (i) ades\u00e3o ao PRA; (ii) M\u00f3dulo de Regulariza\u00e7\u00e3o Ambiental (MRA); (iii) elabora\u00e7\u00e3o e aprova\u00e7\u00e3o do Projeto de Recupera\u00e7\u00e3o de \u00c1reas Degradadas e Alteradas (Prada) e assinatura do termo de compromisso; (iv) execu\u00e7\u00e3o e monitoramento dos projetos de regulariza\u00e7\u00e3o de APP e Reserva Legal; (v) PRA autodeclarat\u00f3rio e (vi) implementa\u00e7\u00e3o do PRA.<\/p>\n\n\n\n<hr class=\"wp-block-separator has-alpha-channel-opacity\"\/>\n\n\n\n<p><em>Este trabalho n\u00e3o seria poss\u00edvel sem o apoio financeiro de Norway&#8217;s International Climate and Forest Initiative (NICFI) e do Instituto Clima e Sociedade (iCS).<\/em><\/p>\n\n\n\n<p><em>As autoras gostariam de agradecer a Eduardo Minsky pelo trabalho de an\u00e1lise de dados, Elena Ravaioli pela assist\u00eancia \u00e0 pesquisa e Anna Maria C\u00e1rcamo e Wagner Oliveira pelos coment\u00e1rios e sugest\u00f5es. Tamb\u00e9m gostar\u00edamos de agradecer a Giovanna de Miranda e Camila Calado pela revis\u00e3o e edi\u00e7\u00e3o do texto e Meyrele Nascimento e Nina Oswald Vieira pelo trabalho de formata\u00e7\u00e3o de design gr\u00e1fico. Agradecemos aos participantes do webinar promovido pelo Climate Policy Initiative\/Pontif\u00edcia Universidade Cat\u00f3lica do Rio de Janeiro (CPI\/PUC-Rio) e aqueles que contribu\u00edram com dados e informa\u00e7\u00f5es, incluindo: Acre, Alagoas, Amap\u00e1, Amazonas, Bahia, Cear\u00e1, Distrito Federal, Esp\u00edrito Santo, Goi\u00e1s, Maranh\u00e3o, Mato Grosso do Sul, Minas Gerais, Par\u00e1, Para\u00edba, Paran\u00e1, Pernambuco, Piau\u00ed, Rio de Janeiro, Rio Grande do Norte, Rio Grande do Sul, Rond\u00f4nia, Roraima, S\u00e3o Paulo e Servi\u00e7o Florestal Brasileiro (SFB).<\/em><\/p>\n\n\n\n<hr class=\"wp-block-separator has-alpha-channel-opacity\"\/>\n\n\n\n<p><a id=\"_ftn1\" href=\"#_ftnref1\">[1]<\/a> O CAR \u00e9 um cadastro permanente, sem prazo para inscri\u00e7\u00e3o de im\u00f3veis rurais. Entretanto, para garantir o direito de ades\u00e3o ao PRA, a suspens\u00e3o das multas e o benef\u00edcio das regras mais flex\u00edveis para regulariza\u00e7\u00e3o ambiental das \u00e1reas rurais consolidadas, a inscri\u00e7\u00e3o do im\u00f3vel rural no CAR para os propriet\u00e1rios e possuidores dos im\u00f3veis rurais com \u00e1rea acima de quatro m\u00f3dulos fiscais deve ser feita at\u00e9 o dia 31 de dezembro de 2023. Para aqueles com im\u00f3veis rurais com \u00e1rea de at\u00e9 quatro m\u00f3dulos fiscais ou que atendam ao disposto no art. 3\u00ba da Lei n\u00ba 11.326\/2006 devem se inscrever no CAR at\u00e9 o dia 31 de dezembro de 2025 para garantir esse direito.<\/p>\n\n\n\n<p><a id=\"_ftn2\" href=\"#_ftnref2\">[2]<\/a> O Decreto n\u00ba 8.750\/2016, que disp\u00f5e sobre o Conselho Nacional de Povos e Comunidades Tradicionais, enumera as comunidades que j\u00e1 s\u00e3o formalmente reconhecidas.<\/p>\n\n\n\n<p><a id=\"_ftn3\" href=\"#_ftnref3\">[3]<\/a> Para dados de CAR em Terras Ind\u00edgenas no Par\u00e1, acesse: <a href=\"http:\/\/bit.ly\/3Ri9dTV\" target=\"_blank\" rel=\"noreferrer noopener\"><u>bit.ly\/3Ri9dTV<\/u><\/a>. Para dados de CAR em Unidades de Conserva\u00e7\u00e3o no Par\u00e1, acesse: <a href=\"https:\/\/bit.ly\/3RDgcIq\" target=\"_blank\" rel=\"noreferrer noopener\"><u>bit.ly\/3RDgcIq<\/u><\/a><strong>. <\/strong><\/p>\n\n\n\n<p><a id=\"_ftn4\" href=\"#_ftnref4\">[4]<\/a> Este relat\u00f3rio descreve somente o processo de regulariza\u00e7\u00e3o ambiental de im\u00f3veis rurais para fins de adequa\u00e7\u00e3o \u00e0s principais obriga\u00e7\u00f5es estabelecidas pelo C\u00f3digo Florestal. Entretanto, a legisla\u00e7\u00e3o ambiental imp\u00f5e outras regras que devem ser observadas por propriet\u00e1rios e possuidores rurais para que seus im\u00f3veis sejam considerados totalmente regularizados, tais como: procedimentos relativos ao licenciamento ambiental e outorga de recursos h\u00eddricos \u2013 normas que n\u00e3o fazem parte do escopo deste trabalho.<\/p>\n\n\n\n<p><a id=\"_ftn5\" href=\"#_ftnref5\">[5]<\/a> As excess\u00f5es s\u00e3o Mato Grosso, Santa Catarina, Sergipe e Tocantins. Tais estados n\u00e3o responderam question\u00e1rio nem solicita\u00e7\u00e3o atrav\u00e9s da LAI.<\/p>\n","protected":false},"excerpt":{"rendered":"<p>O relat\u00f3rio apresenta uma radiografia in\u00e9dita da implementa\u00e7\u00e3o do C\u00f3digo Florestal nos estados brasileiros, com dados atualizados de 2023. \u00c9 a quinta edi\u00e7\u00e3o do Onde Estamos, medindo o progresso anual do C\u00f3digo e consolidando o balan\u00e7o dos \u00faltimos 11 anos. <\/p>\n","protected":false},"author":233,"featured_media":66047,"template":"","format":"standard","meta":{"_acf_changed":false},"programs":[1241],"regions":[1377],"topics":[1458,1246,1267],"collaborations":[],"class_list":["post-65820","cpi_publications","type-cpi_publications","status-publish","format-standard","has-post-thumbnail","hentry","programs-brazil-policy-center","regions-brasil","topics-analise-legal","topics-codigo-florestal","topics-direito-e-governanca-do-clima"],"acf":[],"yoast_head":"<!-- This site is optimized with the Yoast SEO plugin v27.3 - https:\/\/yoast.com\/product\/yoast-seo-wordpress\/ -->\n<title>Onde Estamos na Implementa\u00e7\u00e3o do C\u00f3digo Florestal? Radiografia do CAR e do PRA nos Estados Brasileiros - Edi\u00e7\u00e3o 2023 - CPI<\/title>\n<meta name=\"robots\" content=\"index, follow, max-snippet:-1, max-image-preview:large, max-video-preview:-1\" \/>\n<link rel=\"canonical\" href=\"https:\/\/www.climatepolicyinitiative.org\/pt-br\/publication\/onde-estamos-na-implementacao-do-codigo-florestal-radiografia-do-car-e-do-pra-nos-estados-brasileiros-edicao-2023\/\" \/>\n<meta property=\"og:locale\" content=\"pt_BR\" \/>\n<meta property=\"og:type\" content=\"article\" \/>\n<meta property=\"og:title\" content=\"Onde Estamos na Implementa\u00e7\u00e3o do C\u00f3digo Florestal? Radiografia do CAR e do PRA nos Estados Brasileiros - Edi\u00e7\u00e3o 2023 - CPI\" \/>\n<meta property=\"og:description\" content=\"O relat\u00f3rio apresenta uma radiografia in\u00e9dita da implementa\u00e7\u00e3o do C\u00f3digo Florestal nos estados brasileiros, com dados atualizados de 2023. \u00c9 a quinta edi\u00e7\u00e3o do Onde Estamos, medindo o progresso anual do C\u00f3digo e consolidando o balan\u00e7o dos \u00faltimos 11 anos.\" \/>\n<meta property=\"og:url\" content=\"https:\/\/www.climatepolicyinitiative.org\/pt-br\/publication\/onde-estamos-na-implementacao-do-codigo-florestal-radiografia-do-car-e-do-pra-nos-estados-brasileiros-edicao-2023\/\" \/>\n<meta property=\"og:site_name\" content=\"CPI\" \/>\n<meta property=\"article:publisher\" content=\"https:\/\/www.facebook.com\/ClimatePolicyInitiative\" \/>\n<meta property=\"article:modified_time\" content=\"2026-05-02T02:00:20+00:00\" \/>\n<meta property=\"og:image\" content=\"https:\/\/www.climatepolicyinitiative.org\/wp-content\/uploads\/2023\/12\/Foto-Cris-capa-principal-e-site-scaled.jpg\" \/>\n\t<meta property=\"og:image:width\" content=\"2560\" \/>\n\t<meta property=\"og:image:height\" content=\"1495\" \/>\n\t<meta property=\"og:image:type\" content=\"image\/jpeg\" \/>\n<meta name=\"twitter:card\" content=\"summary_large_image\" \/>\n<meta name=\"twitter:site\" content=\"@climatepolicy\" \/>\n<meta name=\"twitter:label1\" content=\"Est. tempo de leitura\" \/>\n\t<meta name=\"twitter:data1\" content=\"37 minutos\" \/>\n<script type=\"application\/ld+json\" class=\"yoast-schema-graph\">{\"@context\":\"https:\\\/\\\/schema.org\",\"@graph\":[{\"@type\":\"WebPage\",\"@id\":\"https:\\\/\\\/www.climatepolicyinitiative.org\\\/pt-br\\\/publication\\\/onde-estamos-na-implementacao-do-codigo-florestal-radiografia-do-car-e-do-pra-nos-estados-brasileiros-edicao-2023\\\/\",\"url\":\"https:\\\/\\\/www.climatepolicyinitiative.org\\\/pt-br\\\/publication\\\/onde-estamos-na-implementacao-do-codigo-florestal-radiografia-do-car-e-do-pra-nos-estados-brasileiros-edicao-2023\\\/\",\"name\":\"Onde Estamos na Implementa\u00e7\u00e3o do C\u00f3digo Florestal? Radiografia do CAR e do PRA nos Estados Brasileiros - Edi\u00e7\u00e3o 2023 - CPI\",\"isPartOf\":{\"@id\":\"https:\\\/\\\/www.climatepolicyinitiative.org\\\/pt-br\\\/#website\"},\"primaryImageOfPage\":{\"@id\":\"https:\\\/\\\/www.climatepolicyinitiative.org\\\/pt-br\\\/publication\\\/onde-estamos-na-implementacao-do-codigo-florestal-radiografia-do-car-e-do-pra-nos-estados-brasileiros-edicao-2023\\\/#primaryimage\"},\"image\":{\"@id\":\"https:\\\/\\\/www.climatepolicyinitiative.org\\\/pt-br\\\/publication\\\/onde-estamos-na-implementacao-do-codigo-florestal-radiografia-do-car-e-do-pra-nos-estados-brasileiros-edicao-2023\\\/#primaryimage\"},\"thumbnailUrl\":\"https:\\\/\\\/www.climatepolicyinitiative.org\\\/wp-content\\\/uploads\\\/2023\\\/12\\\/Foto-Cris-capa-principal-e-site-scaled.jpg\",\"datePublished\":\"2023-12-18T16:50:02+00:00\",\"dateModified\":\"2026-05-02T02:00:20+00:00\",\"breadcrumb\":{\"@id\":\"https:\\\/\\\/www.climatepolicyinitiative.org\\\/pt-br\\\/publication\\\/onde-estamos-na-implementacao-do-codigo-florestal-radiografia-do-car-e-do-pra-nos-estados-brasileiros-edicao-2023\\\/#breadcrumb\"},\"inLanguage\":\"pt-BR\",\"potentialAction\":[{\"@type\":\"ReadAction\",\"target\":[\"https:\\\/\\\/www.climatepolicyinitiative.org\\\/pt-br\\\/publication\\\/onde-estamos-na-implementacao-do-codigo-florestal-radiografia-do-car-e-do-pra-nos-estados-brasileiros-edicao-2023\\\/\"]}]},{\"@type\":\"ImageObject\",\"inLanguage\":\"pt-BR\",\"@id\":\"https:\\\/\\\/www.climatepolicyinitiative.org\\\/pt-br\\\/publication\\\/onde-estamos-na-implementacao-do-codigo-florestal-radiografia-do-car-e-do-pra-nos-estados-brasileiros-edicao-2023\\\/#primaryimage\",\"url\":\"https:\\\/\\\/www.climatepolicyinitiative.org\\\/wp-content\\\/uploads\\\/2023\\\/12\\\/Foto-Cris-capa-principal-e-site-scaled.jpg\",\"contentUrl\":\"https:\\\/\\\/www.climatepolicyinitiative.org\\\/wp-content\\\/uploads\\\/2023\\\/12\\\/Foto-Cris-capa-principal-e-site-scaled.jpg\",\"width\":2560,\"height\":1495,\"caption\":\"Foto: Cristina Leme Lopes\"},{\"@type\":\"BreadcrumbList\",\"@id\":\"https:\\\/\\\/www.climatepolicyinitiative.org\\\/pt-br\\\/publication\\\/onde-estamos-na-implementacao-do-codigo-florestal-radiografia-do-car-e-do-pra-nos-estados-brasileiros-edicao-2023\\\/#breadcrumb\",\"itemListElement\":[{\"@type\":\"ListItem\",\"position\":1,\"name\":\"Home\",\"item\":\"https:\\\/\\\/www.climatepolicyinitiative.org\\\/pt-br\\\/\"},{\"@type\":\"ListItem\",\"position\":2,\"name\":\"Publications\",\"item\":\"https:\\\/\\\/www.climatepolicyinitiative.org\\\/publication\\\/\"},{\"@type\":\"ListItem\",\"position\":3,\"name\":\"Onde Estamos na Implementa\u00e7\u00e3o do C\u00f3digo Florestal? Radiografia do CAR e do PRA nos Estados Brasileiros &#8211; Edi\u00e7\u00e3o 2023\"}]},{\"@type\":\"WebSite\",\"@id\":\"https:\\\/\\\/www.climatepolicyinitiative.org\\\/pt-br\\\/#website\",\"url\":\"https:\\\/\\\/www.climatepolicyinitiative.org\\\/pt-br\\\/\",\"name\":\"CPI\",\"description\":\"Climate Policy Initiative works to improve the most important energy and land use policies around the world, with a particular focus on finance.\",\"publisher\":{\"@id\":\"https:\\\/\\\/www.climatepolicyinitiative.org\\\/pt-br\\\/#organization\"},\"potentialAction\":[{\"@type\":\"SearchAction\",\"target\":{\"@type\":\"EntryPoint\",\"urlTemplate\":\"https:\\\/\\\/www.climatepolicyinitiative.org\\\/pt-br\\\/?s={search_term_string}\"},\"query-input\":{\"@type\":\"PropertyValueSpecification\",\"valueRequired\":true,\"valueName\":\"search_term_string\"}}],\"inLanguage\":\"pt-BR\"},{\"@type\":\"Organization\",\"@id\":\"https:\\\/\\\/www.climatepolicyinitiative.org\\\/pt-br\\\/#organization\",\"name\":\"Climate Policy Initiative\",\"url\":\"https:\\\/\\\/www.climatepolicyinitiative.org\\\/pt-br\\\/\",\"logo\":{\"@type\":\"ImageObject\",\"inLanguage\":\"pt-BR\",\"@id\":\"https:\\\/\\\/www.climatepolicyinitiative.org\\\/pt-br\\\/#\\\/schema\\\/logo\\\/image\\\/\",\"url\":\"https:\\\/\\\/www.climatepolicyinitiative.org\\\/wp-content\\\/uploads\\\/2021\\\/07\\\/CPI_logo_cmyk_transparent.png\",\"contentUrl\":\"https:\\\/\\\/www.climatepolicyinitiative.org\\\/wp-content\\\/uploads\\\/2021\\\/07\\\/CPI_logo_cmyk_transparent.png\",\"width\":1728,\"height\":720,\"caption\":\"Climate Policy Initiative\"},\"image\":{\"@id\":\"https:\\\/\\\/www.climatepolicyinitiative.org\\\/pt-br\\\/#\\\/schema\\\/logo\\\/image\\\/\"},\"sameAs\":[\"https:\\\/\\\/www.facebook.com\\\/ClimatePolicyInitiative\",\"https:\\\/\\\/x.com\\\/climatepolicy\",\"https:\\\/\\\/www.linkedin.com\\\/company\\\/climate-policy-initiative\\\/?lipi=urn:li:page:d_flagship3_search_srp_all;GvyQ8DliSYaW9eZhdq8RBQ==\",\"https:\\\/\\\/www.youtube.com\\\/channel\\\/UCE8V0iDgBU8mreZdBegVCcA\",\"https:\\\/\\\/en.wikipedia.org\\\/wiki\\\/Climate_Policy_Initiative\"]}]}<\/script>\n<!-- \/ Yoast SEO plugin. -->","yoast_head_json":{"title":"Onde Estamos na Implementa\u00e7\u00e3o do C\u00f3digo Florestal? Radiografia do CAR e do PRA nos Estados Brasileiros - Edi\u00e7\u00e3o 2023 - CPI","robots":{"index":"index","follow":"follow","max-snippet":"max-snippet:-1","max-image-preview":"max-image-preview:large","max-video-preview":"max-video-preview:-1"},"canonical":"https:\/\/www.climatepolicyinitiative.org\/pt-br\/publication\/onde-estamos-na-implementacao-do-codigo-florestal-radiografia-do-car-e-do-pra-nos-estados-brasileiros-edicao-2023\/","og_locale":"pt_BR","og_type":"article","og_title":"Onde Estamos na Implementa\u00e7\u00e3o do C\u00f3digo Florestal? Radiografia do CAR e do PRA nos Estados Brasileiros - Edi\u00e7\u00e3o 2023 - CPI","og_description":"O relat\u00f3rio apresenta uma radiografia in\u00e9dita da implementa\u00e7\u00e3o do C\u00f3digo Florestal nos estados brasileiros, com dados atualizados de 2023. \u00c9 a quinta edi\u00e7\u00e3o do Onde Estamos, medindo o progresso anual do C\u00f3digo e consolidando o balan\u00e7o dos \u00faltimos 11 anos.","og_url":"https:\/\/www.climatepolicyinitiative.org\/pt-br\/publication\/onde-estamos-na-implementacao-do-codigo-florestal-radiografia-do-car-e-do-pra-nos-estados-brasileiros-edicao-2023\/","og_site_name":"CPI","article_publisher":"https:\/\/www.facebook.com\/ClimatePolicyInitiative","article_modified_time":"2026-05-02T02:00:20+00:00","og_image":[{"width":2560,"height":1495,"url":"https:\/\/www.climatepolicyinitiative.org\/wp-content\/uploads\/2023\/12\/Foto-Cris-capa-principal-e-site-scaled.jpg","type":"image\/jpeg"}],"twitter_card":"summary_large_image","twitter_site":"@climatepolicy","twitter_misc":{"Est. tempo de leitura":"37 minutos"},"schema":{"@context":"https:\/\/schema.org","@graph":[{"@type":"WebPage","@id":"https:\/\/www.climatepolicyinitiative.org\/pt-br\/publication\/onde-estamos-na-implementacao-do-codigo-florestal-radiografia-do-car-e-do-pra-nos-estados-brasileiros-edicao-2023\/","url":"https:\/\/www.climatepolicyinitiative.org\/pt-br\/publication\/onde-estamos-na-implementacao-do-codigo-florestal-radiografia-do-car-e-do-pra-nos-estados-brasileiros-edicao-2023\/","name":"Onde Estamos na Implementa\u00e7\u00e3o do C\u00f3digo Florestal? Radiografia do CAR e do PRA nos Estados Brasileiros - Edi\u00e7\u00e3o 2023 - CPI","isPartOf":{"@id":"https:\/\/www.climatepolicyinitiative.org\/pt-br\/#website"},"primaryImageOfPage":{"@id":"https:\/\/www.climatepolicyinitiative.org\/pt-br\/publication\/onde-estamos-na-implementacao-do-codigo-florestal-radiografia-do-car-e-do-pra-nos-estados-brasileiros-edicao-2023\/#primaryimage"},"image":{"@id":"https:\/\/www.climatepolicyinitiative.org\/pt-br\/publication\/onde-estamos-na-implementacao-do-codigo-florestal-radiografia-do-car-e-do-pra-nos-estados-brasileiros-edicao-2023\/#primaryimage"},"thumbnailUrl":"https:\/\/www.climatepolicyinitiative.org\/wp-content\/uploads\/2023\/12\/Foto-Cris-capa-principal-e-site-scaled.jpg","datePublished":"2023-12-18T16:50:02+00:00","dateModified":"2026-05-02T02:00:20+00:00","breadcrumb":{"@id":"https:\/\/www.climatepolicyinitiative.org\/pt-br\/publication\/onde-estamos-na-implementacao-do-codigo-florestal-radiografia-do-car-e-do-pra-nos-estados-brasileiros-edicao-2023\/#breadcrumb"},"inLanguage":"pt-BR","potentialAction":[{"@type":"ReadAction","target":["https:\/\/www.climatepolicyinitiative.org\/pt-br\/publication\/onde-estamos-na-implementacao-do-codigo-florestal-radiografia-do-car-e-do-pra-nos-estados-brasileiros-edicao-2023\/"]}]},{"@type":"ImageObject","inLanguage":"pt-BR","@id":"https:\/\/www.climatepolicyinitiative.org\/pt-br\/publication\/onde-estamos-na-implementacao-do-codigo-florestal-radiografia-do-car-e-do-pra-nos-estados-brasileiros-edicao-2023\/#primaryimage","url":"https:\/\/www.climatepolicyinitiative.org\/wp-content\/uploads\/2023\/12\/Foto-Cris-capa-principal-e-site-scaled.jpg","contentUrl":"https:\/\/www.climatepolicyinitiative.org\/wp-content\/uploads\/2023\/12\/Foto-Cris-capa-principal-e-site-scaled.jpg","width":2560,"height":1495,"caption":"Foto: Cristina Leme Lopes"},{"@type":"BreadcrumbList","@id":"https:\/\/www.climatepolicyinitiative.org\/pt-br\/publication\/onde-estamos-na-implementacao-do-codigo-florestal-radiografia-do-car-e-do-pra-nos-estados-brasileiros-edicao-2023\/#breadcrumb","itemListElement":[{"@type":"ListItem","position":1,"name":"Home","item":"https:\/\/www.climatepolicyinitiative.org\/pt-br\/"},{"@type":"ListItem","position":2,"name":"Publications","item":"https:\/\/www.climatepolicyinitiative.org\/publication\/"},{"@type":"ListItem","position":3,"name":"Onde Estamos na Implementa\u00e7\u00e3o do C\u00f3digo Florestal? Radiografia do CAR e do PRA nos Estados Brasileiros &#8211; Edi\u00e7\u00e3o 2023"}]},{"@type":"WebSite","@id":"https:\/\/www.climatepolicyinitiative.org\/pt-br\/#website","url":"https:\/\/www.climatepolicyinitiative.org\/pt-br\/","name":"CPI","description":"Climate Policy Initiative works to improve the most important energy and land use policies around the world, with a particular focus on finance.","publisher":{"@id":"https:\/\/www.climatepolicyinitiative.org\/pt-br\/#organization"},"potentialAction":[{"@type":"SearchAction","target":{"@type":"EntryPoint","urlTemplate":"https:\/\/www.climatepolicyinitiative.org\/pt-br\/?s={search_term_string}"},"query-input":{"@type":"PropertyValueSpecification","valueRequired":true,"valueName":"search_term_string"}}],"inLanguage":"pt-BR"},{"@type":"Organization","@id":"https:\/\/www.climatepolicyinitiative.org\/pt-br\/#organization","name":"Climate Policy Initiative","url":"https:\/\/www.climatepolicyinitiative.org\/pt-br\/","logo":{"@type":"ImageObject","inLanguage":"pt-BR","@id":"https:\/\/www.climatepolicyinitiative.org\/pt-br\/#\/schema\/logo\/image\/","url":"https:\/\/www.climatepolicyinitiative.org\/wp-content\/uploads\/2021\/07\/CPI_logo_cmyk_transparent.png","contentUrl":"https:\/\/www.climatepolicyinitiative.org\/wp-content\/uploads\/2021\/07\/CPI_logo_cmyk_transparent.png","width":1728,"height":720,"caption":"Climate Policy Initiative"},"image":{"@id":"https:\/\/www.climatepolicyinitiative.org\/pt-br\/#\/schema\/logo\/image\/"},"sameAs":["https:\/\/www.facebook.com\/ClimatePolicyInitiative","https:\/\/x.com\/climatepolicy","https:\/\/www.linkedin.com\/company\/climate-policy-initiative\/?lipi=urn:li:page:d_flagship3_search_srp_all;GvyQ8DliSYaW9eZhdq8RBQ==","https:\/\/www.youtube.com\/channel\/UCE8V0iDgBU8mreZdBegVCcA","https:\/\/en.wikipedia.org\/wiki\/Climate_Policy_Initiative"]}]}},"_links":{"self":[{"href":"https:\/\/www.climatepolicyinitiative.org\/pt-br\/wp-json\/wp\/v2\/cpi_publications\/65820","targetHints":{"allow":["GET"]}}],"collection":[{"href":"https:\/\/www.climatepolicyinitiative.org\/pt-br\/wp-json\/wp\/v2\/cpi_publications"}],"about":[{"href":"https:\/\/www.climatepolicyinitiative.org\/pt-br\/wp-json\/wp\/v2\/types\/cpi_publications"}],"author":[{"embeddable":true,"href":"https:\/\/www.climatepolicyinitiative.org\/pt-br\/wp-json\/wp\/v2\/users\/233"}],"wp:featuredmedia":[{"embeddable":true,"href":"https:\/\/www.climatepolicyinitiative.org\/pt-br\/wp-json\/wp\/v2\/media\/66047"}],"wp:attachment":[{"href":"https:\/\/www.climatepolicyinitiative.org\/pt-br\/wp-json\/wp\/v2\/media?parent=65820"}],"wp:term":[{"taxonomy":"programs","embeddable":true,"href":"https:\/\/www.climatepolicyinitiative.org\/pt-br\/wp-json\/wp\/v2\/programs?post=65820"},{"taxonomy":"regions","embeddable":true,"href":"https:\/\/www.climatepolicyinitiative.org\/pt-br\/wp-json\/wp\/v2\/regions?post=65820"},{"taxonomy":"topics","embeddable":true,"href":"https:\/\/www.climatepolicyinitiative.org\/pt-br\/wp-json\/wp\/v2\/topics?post=65820"},{"taxonomy":"collaborations","embeddable":true,"href":"https:\/\/www.climatepolicyinitiative.org\/pt-br\/wp-json\/wp\/v2\/collaborations?post=65820"}],"curies":[{"name":"wp","href":"https:\/\/api.w.org\/{rel}","templated":true}]}}