{"id":29905,"date":"2020-03-30T14:14:23","date_gmt":"2020-03-30T14:14:23","guid":{"rendered":"http:\/\/climatepolicyinitiative.org\/?post_type=cpi_publications&#038;p=29905"},"modified":"2026-04-28T01:51:33","modified_gmt":"2026-04-28T01:51:33","slug":"a-zona-franca-de-manaus-tem-impacto-na-eficiencia-da-industria","status":"publish","type":"cpi_publications","link":"https:\/\/www.climatepolicyinitiative.org\/pt-br\/publication\/a-zona-franca-de-manaus-tem-impacto-na-eficiencia-da-industria\/","title":{"rendered":"A Zona Franca de Manaus tem Impacto na Efici\u00eancia da Ind\u00fastria?"},"content":{"rendered":"\n<p>Este estudo, realizado por pesquisadores do Climate Policy Initiative\/Pontif\u00edcia Universidade Cat\u00f3lica do Rio de Janeiro (CPI\/PUC-Rio), busca contribuir para esse debate, ao analisar o impacto da Zona Franca de Manaus (ZFM) sobre a ind\u00fastria brasileira, no que tange particularmente \u00e0 efici\u00eancia produtiva (EP) e \u00e0 efici\u00eancia energ\u00e9tica (EE). Os pesquisadores observam que os n\u00edveis de efici\u00eancia da ZFM e do Brasil s\u00e3o semelhantes e permanecem est\u00e1veis ao longo do per\u00edodo analisado. Isso significa que, apesar do alto volume de ren\u00fancias fiscais concedidas \u00e0s ind\u00fastrias da ZFM, n\u00e3o existe um indicativo de contrapartida em termos de efici\u00eancia.<\/p>\n","protected":false},"excerpt":{"rendered":"<p>Este estudo, realizado por pesquisadores do CPI\/PUC-Rio, busca contribuir para esse debate, ao analisar o impacto da Zona Franca de Manaus sobre a ind\u00fastria brasileira, no que tange particularmente \u00e0 efici\u00eancia produtiva e \u00e0 efici\u00eancia energ\u00e9tica. <\/p>\n","protected":false},"author":76,"featured_media":29654,"template":"","format":"standard","meta":{"_acf_changed":false},"programs":[1241],"regions":[1377],"topics":[1288],"collaborations":[],"class_list":["post-29905","cpi_publications","type-cpi_publications","status-publish","format-standard","has-post-thumbnail","hentry","programs-brazil-policy-center","regions-brasil","topics-eficiencia-energetica"],"acf":[],"yoast_head":"<!-- This site is optimized with the Yoast SEO plugin v27.3 - https:\/\/yoast.com\/product\/yoast-seo-wordpress\/ -->\n<title>A Zona Franca de Manaus tem Impacto na Efici\u00eancia da Ind\u00fastria? - CPI<\/title>\n<meta name=\"robots\" content=\"index, follow, max-snippet:-1, max-image-preview:large, max-video-preview:-1\" \/>\n<link rel=\"canonical\" href=\"https:\/\/www.climatepolicyinitiative.org\/pt-br\/publication\/a-zona-franca-de-manaus-tem-impacto-na-eficiencia-da-industria\/\" \/>\n<meta property=\"og:locale\" content=\"pt_BR\" \/>\n<meta property=\"og:type\" content=\"article\" \/>\n<meta property=\"og:title\" content=\"A Zona Franca de Manaus tem Impacto na Efici\u00eancia da Ind\u00fastria? - CPI\" \/>\n<meta property=\"og:description\" content=\"Este estudo, realizado por pesquisadores do CPI\/PUC-Rio, busca contribuir para esse debate, ao analisar o impacto da Zona Franca de Manaus sobre a ind\u00fastria brasileira, no que tange particularmente \u00e0 efici\u00eancia produtiva e \u00e0 efici\u00eancia energ\u00e9tica.\" \/>\n<meta property=\"og:url\" content=\"https:\/\/www.climatepolicyinitiative.org\/pt-br\/publication\/a-zona-franca-de-manaus-tem-impacto-na-eficiencia-da-industria\/\" \/>\n<meta property=\"og:site_name\" content=\"CPI\" \/>\n<meta property=\"article:publisher\" content=\"https:\/\/www.facebook.com\/ClimatePolicyInitiative\" \/>\n<meta property=\"article:modified_time\" content=\"2026-04-28T01:51:33+00:00\" \/>\n<meta property=\"og:image\" content=\"https:\/\/www.climatepolicyinitiative.org\/wp-content\/uploads\/2020\/03\/zfm-thumb.png\" \/>\n\t<meta property=\"og:image:width\" content=\"1991\" \/>\n\t<meta property=\"og:image:height\" content=\"1267\" \/>\n\t<meta property=\"og:image:type\" content=\"image\/png\" \/>\n<meta name=\"twitter:card\" content=\"summary_large_image\" \/>\n<meta name=\"twitter:site\" content=\"@climatepolicy\" \/>\n<meta name=\"twitter:label1\" content=\"Est. tempo de leitura\" \/>\n\t<meta name=\"twitter:data1\" content=\"1 minuto\" \/>\n<script type=\"application\/ld+json\" class=\"yoast-schema-graph\">{\"@context\":\"https:\\\/\\\/schema.org\",\"@graph\":[{\"@type\":\"WebPage\",\"@id\":\"https:\\\/\\\/www.climatepolicyinitiative.org\\\/pt-br\\\/publication\\\/a-zona-franca-de-manaus-tem-impacto-na-eficiencia-da-industria\\\/\",\"url\":\"https:\\\/\\\/www.climatepolicyinitiative.org\\\/pt-br\\\/publication\\\/a-zona-franca-de-manaus-tem-impacto-na-eficiencia-da-industria\\\/\",\"name\":\"A Zona Franca de Manaus tem Impacto na Efici\u00eancia da Ind\u00fastria? - CPI\",\"isPartOf\":{\"@id\":\"https:\\\/\\\/www.climatepolicyinitiative.org\\\/pt-br\\\/#website\"},\"primaryImageOfPage\":{\"@id\":\"https:\\\/\\\/www.climatepolicyinitiative.org\\\/pt-br\\\/publication\\\/a-zona-franca-de-manaus-tem-impacto-na-eficiencia-da-industria\\\/#primaryimage\"},\"image\":{\"@id\":\"https:\\\/\\\/www.climatepolicyinitiative.org\\\/pt-br\\\/publication\\\/a-zona-franca-de-manaus-tem-impacto-na-eficiencia-da-industria\\\/#primaryimage\"},\"thumbnailUrl\":\"https:\\\/\\\/www.climatepolicyinitiative.org\\\/wp-content\\\/uploads\\\/2020\\\/03\\\/zfm-thumb.png\",\"datePublished\":\"2020-03-30T14:14:23+00:00\",\"dateModified\":\"2026-04-28T01:51:33+00:00\",\"breadcrumb\":{\"@id\":\"https:\\\/\\\/www.climatepolicyinitiative.org\\\/pt-br\\\/publication\\\/a-zona-franca-de-manaus-tem-impacto-na-eficiencia-da-industria\\\/#breadcrumb\"},\"inLanguage\":\"pt-BR\",\"potentialAction\":[{\"@type\":\"ReadAction\",\"target\":[\"https:\\\/\\\/www.climatepolicyinitiative.org\\\/pt-br\\\/publication\\\/a-zona-franca-de-manaus-tem-impacto-na-eficiencia-da-industria\\\/\"]}]},{\"@type\":\"ImageObject\",\"inLanguage\":\"pt-BR\",\"@id\":\"https:\\\/\\\/www.climatepolicyinitiative.org\\\/pt-br\\\/publication\\\/a-zona-franca-de-manaus-tem-impacto-na-eficiencia-da-industria\\\/#primaryimage\",\"url\":\"https:\\\/\\\/www.climatepolicyinitiative.org\\\/wp-content\\\/uploads\\\/2020\\\/03\\\/zfm-thumb.png\",\"contentUrl\":\"https:\\\/\\\/www.climatepolicyinitiative.org\\\/wp-content\\\/uploads\\\/2020\\\/03\\\/zfm-thumb.png\",\"width\":1991,\"height\":1267},{\"@type\":\"BreadcrumbList\",\"@id\":\"https:\\\/\\\/www.climatepolicyinitiative.org\\\/pt-br\\\/publication\\\/a-zona-franca-de-manaus-tem-impacto-na-eficiencia-da-industria\\\/#breadcrumb\",\"itemListElement\":[{\"@type\":\"ListItem\",\"position\":1,\"name\":\"Home\",\"item\":\"https:\\\/\\\/www.climatepolicyinitiative.org\\\/pt-br\\\/\"},{\"@type\":\"ListItem\",\"position\":2,\"name\":\"Publications\",\"item\":\"https:\\\/\\\/www.climatepolicyinitiative.org\\\/publication\\\/\"},{\"@type\":\"ListItem\",\"position\":3,\"name\":\"A Zona Franca de Manaus tem Impacto na Efici\u00eancia da Ind\u00fastria?\"}]},{\"@type\":\"WebSite\",\"@id\":\"https:\\\/\\\/www.climatepolicyinitiative.org\\\/pt-br\\\/#website\",\"url\":\"https:\\\/\\\/www.climatepolicyinitiative.org\\\/pt-br\\\/\",\"name\":\"CPI\",\"description\":\"Climate Policy Initiative works to improve the most important energy and land use policies around the world, with a particular focus on finance.\",\"publisher\":{\"@id\":\"https:\\\/\\\/www.climatepolicyinitiative.org\\\/pt-br\\\/#organization\"},\"potentialAction\":[{\"@type\":\"SearchAction\",\"target\":{\"@type\":\"EntryPoint\",\"urlTemplate\":\"https:\\\/\\\/www.climatepolicyinitiative.org\\\/pt-br\\\/?s={search_term_string}\"},\"query-input\":{\"@type\":\"PropertyValueSpecification\",\"valueRequired\":true,\"valueName\":\"search_term_string\"}}],\"inLanguage\":\"pt-BR\"},{\"@type\":\"Organization\",\"@id\":\"https:\\\/\\\/www.climatepolicyinitiative.org\\\/pt-br\\\/#organization\",\"name\":\"Climate Policy Initiative\",\"url\":\"https:\\\/\\\/www.climatepolicyinitiative.org\\\/pt-br\\\/\",\"logo\":{\"@type\":\"ImageObject\",\"inLanguage\":\"pt-BR\",\"@id\":\"https:\\\/\\\/www.climatepolicyinitiative.org\\\/pt-br\\\/#\\\/schema\\\/logo\\\/image\\\/\",\"url\":\"https:\\\/\\\/www.climatepolicyinitiative.org\\\/wp-content\\\/uploads\\\/2021\\\/07\\\/CPI_logo_cmyk_transparent.png\",\"contentUrl\":\"https:\\\/\\\/www.climatepolicyinitiative.org\\\/wp-content\\\/uploads\\\/2021\\\/07\\\/CPI_logo_cmyk_transparent.png\",\"width\":1728,\"height\":720,\"caption\":\"Climate Policy Initiative\"},\"image\":{\"@id\":\"https:\\\/\\\/www.climatepolicyinitiative.org\\\/pt-br\\\/#\\\/schema\\\/logo\\\/image\\\/\"},\"sameAs\":[\"https:\\\/\\\/www.facebook.com\\\/ClimatePolicyInitiative\",\"https:\\\/\\\/x.com\\\/climatepolicy\",\"https:\\\/\\\/www.linkedin.com\\\/company\\\/climate-policy-initiative\\\/?lipi=urn:li:page:d_flagship3_search_srp_all;GvyQ8DliSYaW9eZhdq8RBQ==\",\"https:\\\/\\\/www.youtube.com\\\/channel\\\/UCE8V0iDgBU8mreZdBegVCcA\",\"https:\\\/\\\/en.wikipedia.org\\\/wiki\\\/Climate_Policy_Initiative\"]}]}<\/script>\n<!-- \/ Yoast SEO plugin. -->","yoast_head_json":{"title":"A Zona Franca de Manaus tem Impacto na Efici\u00eancia da Ind\u00fastria? - CPI","robots":{"index":"index","follow":"follow","max-snippet":"max-snippet:-1","max-image-preview":"max-image-preview:large","max-video-preview":"max-video-preview:-1"},"canonical":"https:\/\/www.climatepolicyinitiative.org\/pt-br\/publication\/a-zona-franca-de-manaus-tem-impacto-na-eficiencia-da-industria\/","og_locale":"pt_BR","og_type":"article","og_title":"A Zona Franca de Manaus tem Impacto na Efici\u00eancia da Ind\u00fastria? - CPI","og_description":"Este estudo, realizado por pesquisadores do CPI\/PUC-Rio, busca contribuir para esse debate, ao analisar o impacto da Zona Franca de Manaus sobre a ind\u00fastria brasileira, no que tange particularmente \u00e0 efici\u00eancia produtiva e \u00e0 efici\u00eancia energ\u00e9tica.","og_url":"https:\/\/www.climatepolicyinitiative.org\/pt-br\/publication\/a-zona-franca-de-manaus-tem-impacto-na-eficiencia-da-industria\/","og_site_name":"CPI","article_publisher":"https:\/\/www.facebook.com\/ClimatePolicyInitiative","article_modified_time":"2026-04-28T01:51:33+00:00","og_image":[{"width":1991,"height":1267,"url":"https:\/\/www.climatepolicyinitiative.org\/wp-content\/uploads\/2020\/03\/zfm-thumb.png","type":"image\/png"}],"twitter_card":"summary_large_image","twitter_site":"@climatepolicy","twitter_misc":{"Est. tempo de leitura":"1 minuto"},"schema":{"@context":"https:\/\/schema.org","@graph":[{"@type":"WebPage","@id":"https:\/\/www.climatepolicyinitiative.org\/pt-br\/publication\/a-zona-franca-de-manaus-tem-impacto-na-eficiencia-da-industria\/","url":"https:\/\/www.climatepolicyinitiative.org\/pt-br\/publication\/a-zona-franca-de-manaus-tem-impacto-na-eficiencia-da-industria\/","name":"A Zona Franca de Manaus tem Impacto na Efici\u00eancia da Ind\u00fastria? - CPI","isPartOf":{"@id":"https:\/\/www.climatepolicyinitiative.org\/pt-br\/#website"},"primaryImageOfPage":{"@id":"https:\/\/www.climatepolicyinitiative.org\/pt-br\/publication\/a-zona-franca-de-manaus-tem-impacto-na-eficiencia-da-industria\/#primaryimage"},"image":{"@id":"https:\/\/www.climatepolicyinitiative.org\/pt-br\/publication\/a-zona-franca-de-manaus-tem-impacto-na-eficiencia-da-industria\/#primaryimage"},"thumbnailUrl":"https:\/\/www.climatepolicyinitiative.org\/wp-content\/uploads\/2020\/03\/zfm-thumb.png","datePublished":"2020-03-30T14:14:23+00:00","dateModified":"2026-04-28T01:51:33+00:00","breadcrumb":{"@id":"https:\/\/www.climatepolicyinitiative.org\/pt-br\/publication\/a-zona-franca-de-manaus-tem-impacto-na-eficiencia-da-industria\/#breadcrumb"},"inLanguage":"pt-BR","potentialAction":[{"@type":"ReadAction","target":["https:\/\/www.climatepolicyinitiative.org\/pt-br\/publication\/a-zona-franca-de-manaus-tem-impacto-na-eficiencia-da-industria\/"]}]},{"@type":"ImageObject","inLanguage":"pt-BR","@id":"https:\/\/www.climatepolicyinitiative.org\/pt-br\/publication\/a-zona-franca-de-manaus-tem-impacto-na-eficiencia-da-industria\/#primaryimage","url":"https:\/\/www.climatepolicyinitiative.org\/wp-content\/uploads\/2020\/03\/zfm-thumb.png","contentUrl":"https:\/\/www.climatepolicyinitiative.org\/wp-content\/uploads\/2020\/03\/zfm-thumb.png","width":1991,"height":1267},{"@type":"BreadcrumbList","@id":"https:\/\/www.climatepolicyinitiative.org\/pt-br\/publication\/a-zona-franca-de-manaus-tem-impacto-na-eficiencia-da-industria\/#breadcrumb","itemListElement":[{"@type":"ListItem","position":1,"name":"Home","item":"https:\/\/www.climatepolicyinitiative.org\/pt-br\/"},{"@type":"ListItem","position":2,"name":"Publications","item":"https:\/\/www.climatepolicyinitiative.org\/publication\/"},{"@type":"ListItem","position":3,"name":"A Zona Franca de Manaus tem Impacto na Efici\u00eancia da Ind\u00fastria?"}]},{"@type":"WebSite","@id":"https:\/\/www.climatepolicyinitiative.org\/pt-br\/#website","url":"https:\/\/www.climatepolicyinitiative.org\/pt-br\/","name":"CPI","description":"Climate Policy Initiative works to improve the most important energy and land use policies around the world, with a particular focus on finance.","publisher":{"@id":"https:\/\/www.climatepolicyinitiative.org\/pt-br\/#organization"},"potentialAction":[{"@type":"SearchAction","target":{"@type":"EntryPoint","urlTemplate":"https:\/\/www.climatepolicyinitiative.org\/pt-br\/?s={search_term_string}"},"query-input":{"@type":"PropertyValueSpecification","valueRequired":true,"valueName":"search_term_string"}}],"inLanguage":"pt-BR"},{"@type":"Organization","@id":"https:\/\/www.climatepolicyinitiative.org\/pt-br\/#organization","name":"Climate Policy Initiative","url":"https:\/\/www.climatepolicyinitiative.org\/pt-br\/","logo":{"@type":"ImageObject","inLanguage":"pt-BR","@id":"https:\/\/www.climatepolicyinitiative.org\/pt-br\/#\/schema\/logo\/image\/","url":"https:\/\/www.climatepolicyinitiative.org\/wp-content\/uploads\/2021\/07\/CPI_logo_cmyk_transparent.png","contentUrl":"https:\/\/www.climatepolicyinitiative.org\/wp-content\/uploads\/2021\/07\/CPI_logo_cmyk_transparent.png","width":1728,"height":720,"caption":"Climate Policy Initiative"},"image":{"@id":"https:\/\/www.climatepolicyinitiative.org\/pt-br\/#\/schema\/logo\/image\/"},"sameAs":["https:\/\/www.facebook.com\/ClimatePolicyInitiative","https:\/\/x.com\/climatepolicy","https:\/\/www.linkedin.com\/company\/climate-policy-initiative\/?lipi=urn:li:page:d_flagship3_search_srp_all;GvyQ8DliSYaW9eZhdq8RBQ==","https:\/\/www.youtube.com\/channel\/UCE8V0iDgBU8mreZdBegVCcA","https:\/\/en.wikipedia.org\/wiki\/Climate_Policy_Initiative"]}]}},"_links":{"self":[{"href":"https:\/\/www.climatepolicyinitiative.org\/pt-br\/wp-json\/wp\/v2\/cpi_publications\/29905","targetHints":{"allow":["GET"]}}],"collection":[{"href":"https:\/\/www.climatepolicyinitiative.org\/pt-br\/wp-json\/wp\/v2\/cpi_publications"}],"about":[{"href":"https:\/\/www.climatepolicyinitiative.org\/pt-br\/wp-json\/wp\/v2\/types\/cpi_publications"}],"author":[{"embeddable":true,"href":"https:\/\/www.climatepolicyinitiative.org\/pt-br\/wp-json\/wp\/v2\/users\/76"}],"wp:featuredmedia":[{"embeddable":true,"href":"https:\/\/www.climatepolicyinitiative.org\/pt-br\/wp-json\/wp\/v2\/media\/29654"}],"wp:attachment":[{"href":"https:\/\/www.climatepolicyinitiative.org\/pt-br\/wp-json\/wp\/v2\/media?parent=29905"}],"wp:term":[{"taxonomy":"programs","embeddable":true,"href":"https:\/\/www.climatepolicyinitiative.org\/pt-br\/wp-json\/wp\/v2\/programs?post=29905"},{"taxonomy":"regions","embeddable":true,"href":"https:\/\/www.climatepolicyinitiative.org\/pt-br\/wp-json\/wp\/v2\/regions?post=29905"},{"taxonomy":"topics","embeddable":true,"href":"https:\/\/www.climatepolicyinitiative.org\/pt-br\/wp-json\/wp\/v2\/topics?post=29905"},{"taxonomy":"collaborations","embeddable":true,"href":"https:\/\/www.climatepolicyinitiative.org\/pt-br\/wp-json\/wp\/v2\/collaborations?post=29905"}],"curies":[{"name":"wp","href":"https:\/\/api.w.org\/{rel}","templated":true}]}}