{"id":28910,"date":"2017-07-11T16:36:40","date_gmt":"2017-07-11T16:36:40","guid":{"rendered":"http:\/\/climatepolicyinitiative.org\/publication\/como-interpretar-o-aumento-da-regeneracao-na-amazonia-brasileira\/"},"modified":"2026-05-01T10:47:07","modified_gmt":"2026-05-01T10:47:07","slug":"como-interpretar-o-aumento-da-regeneracao-na-amazonia-brasileira","status":"publish","type":"cpi_publications","link":"https:\/\/www.climatepolicyinitiative.org\/pt-br\/publication\/como-interpretar-o-aumento-da-regeneracao-na-amazonia-brasileira\/","title":{"rendered":"Como Interpretar o Aumento da Regenera\u00e7\u00e3o na Amaz\u00f4nia Brasileira?"},"content":{"rendered":"<p>Dados recentemente divulgados pelo Instituto Nacional de Pesquisas Espaciais (INPE) mostram que, enquanto o desmatamento na Amaz\u00f4nia ca\u00eda na segunda metade da d\u00e9cada de 2000, a vegeta\u00e7\u00e3o secund\u00e1ria \u2013 regenera\u00e7\u00e3o que ocorre em terras desmatadas \u2013 aumentava. Houve crescimento de mais de 70% entre 2004 e 2014, passando de menos de 10 milh\u00f5es de hectares para mais de 17 milh\u00f5es de hectares. Em 2014, quase um quarto da \u00e1rea desmatada na Amaz\u00f4nia brasileira ao longo de sua hist\u00f3ria continha ind\u00edcio de regenera\u00e7\u00e3o.<\/p>\n<p>Embora o aumento da vegeta\u00e7\u00e3o secund\u00e1ria seja uma not\u00edcia impressionante, ainda \u00e9 cedo para afirmar o que isso representa para a Amaz\u00f4nia. O que se sabe ao certo \u00e9 que a regenera\u00e7\u00e3o ocorreu em \u00e1rea expressiva. Poss\u00edveis causas e consequ\u00eancias desse fen\u00f4meno, contudo, ainda precisam ser investigadas. Este resumo destaca algumas das quest\u00f5es centrais sobre o assunto, indicadas pelos analistas do N\u00facleo de Avalia\u00e7\u00e3o de Pol\u00edticas Clim\u00e1ticas da PUC-Rio\/ Climate Policy Initiative (NACP\/ CPI), atrav\u00e9s do projeto INPUT.<\/p>\n<p>Esse estudo chama aten\u00e7\u00e3o para a necessidade de avaliar de que forma a regenera\u00e7\u00e3o se integra ao novo C\u00f3digo Florestal e identificar como essa nova vegeta\u00e7\u00e3o afeta as metas brasileiras de redu\u00e7\u00e3o de emiss\u00f5es. Ele serve, portanto, como um primeiro passo para auxiliar formuladores de pol\u00edticas p\u00fablicas na interpreta\u00e7\u00e3o dos novos dados.<\/p>\n<p>Cabe, aqui, uma ressalva. Ainda que a regenera\u00e7\u00e3o da Amaz\u00f4nia traga grandes expectativas, \u00e9 importante frisar que florestas secund\u00e1rias n\u00e3o s\u00e3o necessariamente equivalentes \u00e0s florestas prim\u00e1rias em termos biol\u00f3gicos ou ecol\u00f3gicos.<\/p>\n","protected":false},"excerpt":{"rendered":"<p>A partir de uma an\u00e1lise de dados, pesquisadores do CPI, atrav\u00e9s do projeto INPUT, realizaram um estudo que busca interpretar o crescimento da vegeta\u00e7\u00e3o secund\u00e1ria da Amaz\u00f4nia brasileira. <\/p>\n","protected":false},"author":33,"featured_media":26875,"template":"","format":"standard","meta":{"_acf_changed":false},"programs":[1241],"regions":[1242,1377],"topics":[1351,1249,1251,1243],"collaborations":[],"class_list":["post-28910","cpi_publications","type-cpi_publications","status-publish","format-standard","has-post-thumbnail","hentry","programs-brazil-policy-center","regions-amazonia","regions-brasil","topics-agricultura-sustentavel","topics-conservacao-de-recursos-naturais","topics-regulacao-e-politica-publica","topics-uso-da-terra"],"acf":[],"yoast_head":"<!-- This site is optimized with the Yoast SEO plugin v27.3 - https:\/\/yoast.com\/product\/yoast-seo-wordpress\/ -->\n<title>Como Interpretar o Aumento da Regenera\u00e7\u00e3o na Amaz\u00f4nia Brasileira? - CPI<\/title>\n<meta name=\"robots\" content=\"index, follow, max-snippet:-1, max-image-preview:large, max-video-preview:-1\" \/>\n<link rel=\"canonical\" href=\"https:\/\/www.climatepolicyinitiative.org\/pt-br\/publication\/como-interpretar-o-aumento-da-regeneracao-na-amazonia-brasileira\/\" \/>\n<meta property=\"og:locale\" content=\"pt_BR\" \/>\n<meta property=\"og:type\" content=\"article\" \/>\n<meta property=\"og:title\" content=\"Como Interpretar o Aumento da Regenera\u00e7\u00e3o na Amaz\u00f4nia Brasileira? - CPI\" \/>\n<meta property=\"og:description\" content=\"A partir de uma an\u00e1lise de dados, pesquisadores do CPI, atrav\u00e9s do projeto INPUT, realizaram um estudo que busca interpretar o crescimento da vegeta\u00e7\u00e3o secund\u00e1ria da Amaz\u00f4nia brasileira.\" \/>\n<meta property=\"og:url\" content=\"https:\/\/www.climatepolicyinitiative.org\/pt-br\/publication\/como-interpretar-o-aumento-da-regeneracao-na-amazonia-brasileira\/\" \/>\n<meta property=\"og:site_name\" content=\"CPI\" \/>\n<meta property=\"article:publisher\" content=\"https:\/\/www.facebook.com\/ClimatePolicyInitiative\" \/>\n<meta property=\"article:modified_time\" content=\"2026-05-01T10:47:07+00:00\" \/>\n<meta property=\"og:image\" content=\"https:\/\/www.climatepolicyinitiative.org\/wp-content\/uploads\/2017\/07\/Figura_02_crop2.jpg\" \/>\n\t<meta property=\"og:image:width\" content=\"1433\" \/>\n\t<meta property=\"og:image:height\" content=\"1573\" \/>\n\t<meta property=\"og:image:type\" content=\"image\/jpeg\" \/>\n<meta name=\"twitter:card\" content=\"summary_large_image\" \/>\n<meta name=\"twitter:site\" content=\"@climatepolicy\" \/>\n<meta name=\"twitter:label1\" content=\"Est. tempo de leitura\" \/>\n\t<meta name=\"twitter:data1\" content=\"1 minuto\" \/>\n<script type=\"application\/ld+json\" class=\"yoast-schema-graph\">{\"@context\":\"https:\\\/\\\/schema.org\",\"@graph\":[{\"@type\":\"WebPage\",\"@id\":\"https:\\\/\\\/www.climatepolicyinitiative.org\\\/pt-br\\\/publication\\\/como-interpretar-o-aumento-da-regeneracao-na-amazonia-brasileira\\\/\",\"url\":\"https:\\\/\\\/www.climatepolicyinitiative.org\\\/pt-br\\\/publication\\\/como-interpretar-o-aumento-da-regeneracao-na-amazonia-brasileira\\\/\",\"name\":\"Como Interpretar o Aumento da Regenera\u00e7\u00e3o na Amaz\u00f4nia Brasileira? - CPI\",\"isPartOf\":{\"@id\":\"https:\\\/\\\/www.climatepolicyinitiative.org\\\/pt-br\\\/#website\"},\"primaryImageOfPage\":{\"@id\":\"https:\\\/\\\/www.climatepolicyinitiative.org\\\/pt-br\\\/publication\\\/como-interpretar-o-aumento-da-regeneracao-na-amazonia-brasileira\\\/#primaryimage\"},\"image\":{\"@id\":\"https:\\\/\\\/www.climatepolicyinitiative.org\\\/pt-br\\\/publication\\\/como-interpretar-o-aumento-da-regeneracao-na-amazonia-brasileira\\\/#primaryimage\"},\"thumbnailUrl\":\"https:\\\/\\\/www.climatepolicyinitiative.org\\\/wp-content\\\/uploads\\\/2017\\\/07\\\/Figura_02_crop2.jpg\",\"datePublished\":\"2017-07-11T16:36:40+00:00\",\"dateModified\":\"2026-05-01T10:47:07+00:00\",\"breadcrumb\":{\"@id\":\"https:\\\/\\\/www.climatepolicyinitiative.org\\\/pt-br\\\/publication\\\/como-interpretar-o-aumento-da-regeneracao-na-amazonia-brasileira\\\/#breadcrumb\"},\"inLanguage\":\"pt-BR\",\"potentialAction\":[{\"@type\":\"ReadAction\",\"target\":[\"https:\\\/\\\/www.climatepolicyinitiative.org\\\/pt-br\\\/publication\\\/como-interpretar-o-aumento-da-regeneracao-na-amazonia-brasileira\\\/\"]}]},{\"@type\":\"ImageObject\",\"inLanguage\":\"pt-BR\",\"@id\":\"https:\\\/\\\/www.climatepolicyinitiative.org\\\/pt-br\\\/publication\\\/como-interpretar-o-aumento-da-regeneracao-na-amazonia-brasileira\\\/#primaryimage\",\"url\":\"https:\\\/\\\/www.climatepolicyinitiative.org\\\/wp-content\\\/uploads\\\/2017\\\/07\\\/Figura_02_crop2.jpg\",\"contentUrl\":\"https:\\\/\\\/www.climatepolicyinitiative.org\\\/wp-content\\\/uploads\\\/2017\\\/07\\\/Figura_02_crop2.jpg\",\"width\":1433,\"height\":1573},{\"@type\":\"BreadcrumbList\",\"@id\":\"https:\\\/\\\/www.climatepolicyinitiative.org\\\/pt-br\\\/publication\\\/como-interpretar-o-aumento-da-regeneracao-na-amazonia-brasileira\\\/#breadcrumb\",\"itemListElement\":[{\"@type\":\"ListItem\",\"position\":1,\"name\":\"Home\",\"item\":\"https:\\\/\\\/www.climatepolicyinitiative.org\\\/pt-br\\\/\"},{\"@type\":\"ListItem\",\"position\":2,\"name\":\"Publications\",\"item\":\"https:\\\/\\\/www.climatepolicyinitiative.org\\\/publication\\\/\"},{\"@type\":\"ListItem\",\"position\":3,\"name\":\"Como Interpretar o Aumento da Regenera\u00e7\u00e3o na Amaz\u00f4nia Brasileira?\"}]},{\"@type\":\"WebSite\",\"@id\":\"https:\\\/\\\/www.climatepolicyinitiative.org\\\/pt-br\\\/#website\",\"url\":\"https:\\\/\\\/www.climatepolicyinitiative.org\\\/pt-br\\\/\",\"name\":\"CPI\",\"description\":\"Climate Policy Initiative works to improve the most important energy and land use policies around the world, with a particular focus on finance.\",\"publisher\":{\"@id\":\"https:\\\/\\\/www.climatepolicyinitiative.org\\\/pt-br\\\/#organization\"},\"potentialAction\":[{\"@type\":\"SearchAction\",\"target\":{\"@type\":\"EntryPoint\",\"urlTemplate\":\"https:\\\/\\\/www.climatepolicyinitiative.org\\\/pt-br\\\/?s={search_term_string}\"},\"query-input\":{\"@type\":\"PropertyValueSpecification\",\"valueRequired\":true,\"valueName\":\"search_term_string\"}}],\"inLanguage\":\"pt-BR\"},{\"@type\":\"Organization\",\"@id\":\"https:\\\/\\\/www.climatepolicyinitiative.org\\\/pt-br\\\/#organization\",\"name\":\"Climate Policy Initiative\",\"url\":\"https:\\\/\\\/www.climatepolicyinitiative.org\\\/pt-br\\\/\",\"logo\":{\"@type\":\"ImageObject\",\"inLanguage\":\"pt-BR\",\"@id\":\"https:\\\/\\\/www.climatepolicyinitiative.org\\\/pt-br\\\/#\\\/schema\\\/logo\\\/image\\\/\",\"url\":\"https:\\\/\\\/www.climatepolicyinitiative.org\\\/wp-content\\\/uploads\\\/2021\\\/07\\\/CPI_logo_cmyk_transparent.png\",\"contentUrl\":\"https:\\\/\\\/www.climatepolicyinitiative.org\\\/wp-content\\\/uploads\\\/2021\\\/07\\\/CPI_logo_cmyk_transparent.png\",\"width\":1728,\"height\":720,\"caption\":\"Climate Policy Initiative\"},\"image\":{\"@id\":\"https:\\\/\\\/www.climatepolicyinitiative.org\\\/pt-br\\\/#\\\/schema\\\/logo\\\/image\\\/\"},\"sameAs\":[\"https:\\\/\\\/www.facebook.com\\\/ClimatePolicyInitiative\",\"https:\\\/\\\/x.com\\\/climatepolicy\",\"https:\\\/\\\/www.linkedin.com\\\/company\\\/climate-policy-initiative\\\/?lipi=urn:li:page:d_flagship3_search_srp_all;GvyQ8DliSYaW9eZhdq8RBQ==\",\"https:\\\/\\\/www.youtube.com\\\/channel\\\/UCE8V0iDgBU8mreZdBegVCcA\",\"https:\\\/\\\/en.wikipedia.org\\\/wiki\\\/Climate_Policy_Initiative\"]}]}<\/script>\n<!-- \/ Yoast SEO plugin. -->","yoast_head_json":{"title":"Como Interpretar o Aumento da Regenera\u00e7\u00e3o na Amaz\u00f4nia Brasileira? - CPI","robots":{"index":"index","follow":"follow","max-snippet":"max-snippet:-1","max-image-preview":"max-image-preview:large","max-video-preview":"max-video-preview:-1"},"canonical":"https:\/\/www.climatepolicyinitiative.org\/pt-br\/publication\/como-interpretar-o-aumento-da-regeneracao-na-amazonia-brasileira\/","og_locale":"pt_BR","og_type":"article","og_title":"Como Interpretar o Aumento da Regenera\u00e7\u00e3o na Amaz\u00f4nia Brasileira? - CPI","og_description":"A partir de uma an\u00e1lise de dados, pesquisadores do CPI, atrav\u00e9s do projeto INPUT, realizaram um estudo que busca interpretar o crescimento da vegeta\u00e7\u00e3o secund\u00e1ria da Amaz\u00f4nia brasileira.","og_url":"https:\/\/www.climatepolicyinitiative.org\/pt-br\/publication\/como-interpretar-o-aumento-da-regeneracao-na-amazonia-brasileira\/","og_site_name":"CPI","article_publisher":"https:\/\/www.facebook.com\/ClimatePolicyInitiative","article_modified_time":"2026-05-01T10:47:07+00:00","og_image":[{"width":1433,"height":1573,"url":"https:\/\/www.climatepolicyinitiative.org\/wp-content\/uploads\/2017\/07\/Figura_02_crop2.jpg","type":"image\/jpeg"}],"twitter_card":"summary_large_image","twitter_site":"@climatepolicy","twitter_misc":{"Est. tempo de leitura":"1 minuto"},"schema":{"@context":"https:\/\/schema.org","@graph":[{"@type":"WebPage","@id":"https:\/\/www.climatepolicyinitiative.org\/pt-br\/publication\/como-interpretar-o-aumento-da-regeneracao-na-amazonia-brasileira\/","url":"https:\/\/www.climatepolicyinitiative.org\/pt-br\/publication\/como-interpretar-o-aumento-da-regeneracao-na-amazonia-brasileira\/","name":"Como Interpretar o Aumento da Regenera\u00e7\u00e3o na Amaz\u00f4nia Brasileira? - CPI","isPartOf":{"@id":"https:\/\/www.climatepolicyinitiative.org\/pt-br\/#website"},"primaryImageOfPage":{"@id":"https:\/\/www.climatepolicyinitiative.org\/pt-br\/publication\/como-interpretar-o-aumento-da-regeneracao-na-amazonia-brasileira\/#primaryimage"},"image":{"@id":"https:\/\/www.climatepolicyinitiative.org\/pt-br\/publication\/como-interpretar-o-aumento-da-regeneracao-na-amazonia-brasileira\/#primaryimage"},"thumbnailUrl":"https:\/\/www.climatepolicyinitiative.org\/wp-content\/uploads\/2017\/07\/Figura_02_crop2.jpg","datePublished":"2017-07-11T16:36:40+00:00","dateModified":"2026-05-01T10:47:07+00:00","breadcrumb":{"@id":"https:\/\/www.climatepolicyinitiative.org\/pt-br\/publication\/como-interpretar-o-aumento-da-regeneracao-na-amazonia-brasileira\/#breadcrumb"},"inLanguage":"pt-BR","potentialAction":[{"@type":"ReadAction","target":["https:\/\/www.climatepolicyinitiative.org\/pt-br\/publication\/como-interpretar-o-aumento-da-regeneracao-na-amazonia-brasileira\/"]}]},{"@type":"ImageObject","inLanguage":"pt-BR","@id":"https:\/\/www.climatepolicyinitiative.org\/pt-br\/publication\/como-interpretar-o-aumento-da-regeneracao-na-amazonia-brasileira\/#primaryimage","url":"https:\/\/www.climatepolicyinitiative.org\/wp-content\/uploads\/2017\/07\/Figura_02_crop2.jpg","contentUrl":"https:\/\/www.climatepolicyinitiative.org\/wp-content\/uploads\/2017\/07\/Figura_02_crop2.jpg","width":1433,"height":1573},{"@type":"BreadcrumbList","@id":"https:\/\/www.climatepolicyinitiative.org\/pt-br\/publication\/como-interpretar-o-aumento-da-regeneracao-na-amazonia-brasileira\/#breadcrumb","itemListElement":[{"@type":"ListItem","position":1,"name":"Home","item":"https:\/\/www.climatepolicyinitiative.org\/pt-br\/"},{"@type":"ListItem","position":2,"name":"Publications","item":"https:\/\/www.climatepolicyinitiative.org\/publication\/"},{"@type":"ListItem","position":3,"name":"Como Interpretar o Aumento da Regenera\u00e7\u00e3o na Amaz\u00f4nia Brasileira?"}]},{"@type":"WebSite","@id":"https:\/\/www.climatepolicyinitiative.org\/pt-br\/#website","url":"https:\/\/www.climatepolicyinitiative.org\/pt-br\/","name":"CPI","description":"Climate Policy Initiative works to improve the most important energy and land use policies around the world, with a particular focus on finance.","publisher":{"@id":"https:\/\/www.climatepolicyinitiative.org\/pt-br\/#organization"},"potentialAction":[{"@type":"SearchAction","target":{"@type":"EntryPoint","urlTemplate":"https:\/\/www.climatepolicyinitiative.org\/pt-br\/?s={search_term_string}"},"query-input":{"@type":"PropertyValueSpecification","valueRequired":true,"valueName":"search_term_string"}}],"inLanguage":"pt-BR"},{"@type":"Organization","@id":"https:\/\/www.climatepolicyinitiative.org\/pt-br\/#organization","name":"Climate Policy Initiative","url":"https:\/\/www.climatepolicyinitiative.org\/pt-br\/","logo":{"@type":"ImageObject","inLanguage":"pt-BR","@id":"https:\/\/www.climatepolicyinitiative.org\/pt-br\/#\/schema\/logo\/image\/","url":"https:\/\/www.climatepolicyinitiative.org\/wp-content\/uploads\/2021\/07\/CPI_logo_cmyk_transparent.png","contentUrl":"https:\/\/www.climatepolicyinitiative.org\/wp-content\/uploads\/2021\/07\/CPI_logo_cmyk_transparent.png","width":1728,"height":720,"caption":"Climate Policy Initiative"},"image":{"@id":"https:\/\/www.climatepolicyinitiative.org\/pt-br\/#\/schema\/logo\/image\/"},"sameAs":["https:\/\/www.facebook.com\/ClimatePolicyInitiative","https:\/\/x.com\/climatepolicy","https:\/\/www.linkedin.com\/company\/climate-policy-initiative\/?lipi=urn:li:page:d_flagship3_search_srp_all;GvyQ8DliSYaW9eZhdq8RBQ==","https:\/\/www.youtube.com\/channel\/UCE8V0iDgBU8mreZdBegVCcA","https:\/\/en.wikipedia.org\/wiki\/Climate_Policy_Initiative"]}]}},"_links":{"self":[{"href":"https:\/\/www.climatepolicyinitiative.org\/pt-br\/wp-json\/wp\/v2\/cpi_publications\/28910","targetHints":{"allow":["GET"]}}],"collection":[{"href":"https:\/\/www.climatepolicyinitiative.org\/pt-br\/wp-json\/wp\/v2\/cpi_publications"}],"about":[{"href":"https:\/\/www.climatepolicyinitiative.org\/pt-br\/wp-json\/wp\/v2\/types\/cpi_publications"}],"author":[{"embeddable":true,"href":"https:\/\/www.climatepolicyinitiative.org\/pt-br\/wp-json\/wp\/v2\/users\/33"}],"wp:featuredmedia":[{"embeddable":true,"href":"https:\/\/www.climatepolicyinitiative.org\/pt-br\/wp-json\/wp\/v2\/media\/26875"}],"wp:attachment":[{"href":"https:\/\/www.climatepolicyinitiative.org\/pt-br\/wp-json\/wp\/v2\/media?parent=28910"}],"wp:term":[{"taxonomy":"programs","embeddable":true,"href":"https:\/\/www.climatepolicyinitiative.org\/pt-br\/wp-json\/wp\/v2\/programs?post=28910"},{"taxonomy":"regions","embeddable":true,"href":"https:\/\/www.climatepolicyinitiative.org\/pt-br\/wp-json\/wp\/v2\/regions?post=28910"},{"taxonomy":"topics","embeddable":true,"href":"https:\/\/www.climatepolicyinitiative.org\/pt-br\/wp-json\/wp\/v2\/topics?post=28910"},{"taxonomy":"collaborations","embeddable":true,"href":"https:\/\/www.climatepolicyinitiative.org\/pt-br\/wp-json\/wp\/v2\/collaborations?post=28910"}],"curies":[{"name":"wp","href":"https:\/\/api.w.org\/{rel}","templated":true}]}}