{"id":89809,"date":"2025-03-31T12:07:51","date_gmt":"2025-03-31T12:07:51","guid":{"rendered":"https:\/\/www.climatepolicyinitiative.org\/?post_type=cpi_pr&#038;p=89809"},"modified":"2025-03-31T15:44:36","modified_gmt":"2025-03-31T15:44:36","slug":"desmatamento-na-amazonia-ameaca-seguranca-energetica-do-pais-e-gera-perdas-de-bilhoes-para-setor-eletrico","status":"publish","type":"cpi_pr","link":"https:\/\/www.climatepolicyinitiative.org\/pt-br\/press-release\/desmatamento-na-amazonia-ameaca-seguranca-energetica-do-pais-e-gera-perdas-de-bilhoes-para-setor-eletrico\/","title":{"rendered":"Desmatamento na Amaz\u00f4nia amea\u00e7a seguran\u00e7a energ\u00e9tica do pa\u00eds e gera perdas de bilh\u00f5es para setor el\u00e9trico\u00a0"},"content":{"rendered":"\n<p><em>As duas maiores hidrel\u00e9tricas do pa\u00eds t\u00eam perdas anuais conjuntas de 3,8mil GWh de energia decorrentes do desmatamento.<\/em>\u00a0<\/p>\n\n\n\n<p>O desmatamento na Amaz\u00f4nia est\u00e1 custando caro para o Brasil. Um <a href=\"https:\/\/www.climatepolicyinitiative.org\/pt-br\/publication\/o-desmatamento-corta-a-luz-itaipu-belo-monte-e-o-preco-da-floresta-perdida\/\" target=\"_blank\" rel=\"noreferrer noopener\">estudo in\u00e9dito<\/a> do Climate Policy Initiative\/PUC-Rio (CPI\/PUC-Rio) e do Amaz\u00f4nia 2030 identifica que as usinas de Itaipu e Belo Monte perdem juntas, por ano, energia suficiente para abastecer 1,5 milh\u00e3o de pessoas como consequ\u00eancia do desmatamento na Amaz\u00f4nia. A perda energ\u00e9tica gera preju\u00edzo anual de mais de R$ 1 bilh\u00e3o em receita para as usinas.\u00a0\u00a0<\/p>\n\n\n\n<p>\u201cA energia hidrel\u00e9trica \u00e9 uma fonte de gera\u00e7\u00e3o renov\u00e1vel, barata e que traz maior flexibilidade para operar o sistema el\u00e9trico. Mas \u00e9 tamb\u00e9m uma fonte bastante vulner\u00e1vel \u00e0s altera\u00e7\u00f5es nos regimes de chuva. O desmatamento na Amaz\u00f4nia afeta n\u00e3o somente a \u00e1rea desmatada, mas impacta negativamente usinas a quil\u00f4metros de dist\u00e2ncia do bioma.\u201d, explica Gustavo Pinto, analista s\u00eanior do CPI\/PUC-Rio.&nbsp;<\/p>\n\n\n\n<p>Itaipu \u00e9 a maior usina hidrel\u00e9trica do Brasil e est\u00e1 situada no estado do Paran\u00e1, a mais de 1.000 km de dist\u00e2ncia da fronteira do bioma Amaz\u00f4nia. Mesmo distante, a usina tem sofrido com uma perda potencial de gera\u00e7\u00e3o m\u00e9dia de 1.380 GWh e de R$ 500 milh\u00f5es em receita por ano. A perda de energia, advinda do desmatamento, \u00e9 equivalente ao consumo de 552 mil brasileiros em 2023.&nbsp;<\/p>\n\n\n\n<p>No caso de Belo Monte, a segunda maior hidrel\u00e9trica do pa\u00eds, que est\u00e1 localizada dentro do bioma Amaz\u00f4nia, a perda potencial m\u00e9dia de gera\u00e7\u00e3o por conta do desmatamento \u00e9 2.400 GWh e R$ 638 milh\u00f5es em receita por ano. A energia perdida equivale ao consumo de 956 mil brasileiros em 2023.&nbsp;<\/p>\n\n\n\n<p>Juntas, as duas usinas representam 23% da gera\u00e7\u00e3o hidr\u00e1ulica da matriz el\u00e9trica brasileira. Como as usinas s\u00e3o do tipo fio d\u2019\u00e1gua, dependem do fluxo natural dos rios e do regime de chuvas.&nbsp;&nbsp;<\/p>\n\n\n\n<p>A floresta Amaz\u00f4nica influencia os padr\u00f5es de chuva atrav\u00e9s do mecanismo conhecido por rios voadores. Correntes de ar carregadas de umidade levam \u00e1gua da Amaz\u00f4nia em dire\u00e7\u00e3o \u00e0 Cordilheira dos Andes no sentido norte-sul, garantindo o abastecimento de rios e a irriga\u00e7\u00e3o das planta\u00e7\u00f5es. Quando as correntes de ar atravessam \u00e1reas desmatadas, perdem umidade com mais facilidade, reduzindo a incid\u00eancia de chuva ao longo do caminho das correntes. Com isso, a vaz\u00e3o dos rios \u00e9 reduzida e, por consequ\u00eancia, a capacidade de gera\u00e7\u00e3o hidrel\u00e9trica nas usinas tamb\u00e9m.&nbsp;<\/p>\n\n\n\n<p>\u201cO desmatamento na Amaz\u00f4nia amea\u00e7a a matriz el\u00e9trica, pois os impactos gerados nas usinas s\u00e3o bastante significativos. Somado a isso, temos ainda o aumento da frequ\u00eancia de eventos clim\u00e1ticos extremos e escassez h\u00eddrica, o que torna o futuro da matriz el\u00e9trica nacional ainda mais desafiador.\u201d, destaca Pinto.&nbsp;<\/p>\n\n\n\n<p>O estudo identifica as \u00e1reas da Amaz\u00f4nia que s\u00e3o atravessadas pelas correntes de ar essenciais para a gera\u00e7\u00e3o de energia nas duas usinas. No caso de Itaipu, 17% da \u00e1rea mais relevante para sua opera\u00e7\u00e3o j\u00e1 foram desmatados. Analisando os 5% da \u00e1rea da floresta mais relevante para a gera\u00e7\u00e3o de eletricidade na usina, o valor de conserva\u00e7\u00e3o da floresta \u00e9 R$ 12.990,6\/km\u00b2.&nbsp;&nbsp;&nbsp;<\/p>\n\n\n\n<p>No caso de Belo Monte, 13% da \u00e1rea da floresta mais relevante para a opera\u00e7\u00e3o da usina j\u00e1 foram desmatados. Nos 5% de \u00e1rea mais relevante para gera\u00e7\u00e3o de energia, a regi\u00e3o desmatada sobe para 27%, e o valor de conserva\u00e7\u00e3o da floresta \u00e9 R$ 85.395\/km\u00b2.&nbsp;<\/p>\n\n\n\n<p>\u201cA identifica\u00e7\u00e3o das \u00e1reas que mais influenciam a gera\u00e7\u00e3o de energia das usinas \u00e9 importante para orientar a implementa\u00e7\u00e3o de pol\u00edticas de conserva\u00e7\u00e3o e restaura\u00e7\u00e3o de modo mais eficiente e o direcionamento de recursos para mitigar os efeitos adversos da gera\u00e7\u00e3o de energia do pa\u00eds.\u201d, destaca Jo\u00e3o Arbache, analista do CPI\/PUC-Rio.&nbsp;&nbsp;<\/p>\n\n\n\n<p>Arbache explica tamb\u00e9m a import\u00e2ncia de considerar as categorias fundi\u00e1rias de cada \u00e1rea para garantir que sejam propostas solu\u00e7\u00f5es adequadas \u00e0s necessidades de cada \u00e1rea.&nbsp;<\/p>\n\n\n\n<p>A hidroeletricidade \u00e9 a principal fonte de energia do Brasil, respons\u00e1vel por 60% da gera\u00e7\u00e3o de energia em 2023. Os pesquisadores explicam que, se continuarmos com as perdas de energia das hidrel\u00e9tricas, a capacidade de o Sistema Interligado Nacional (SIN) atender \u00e0 demanda nacional pode ser comprometida.&nbsp;<\/p>\n\n\n\n<p>\u201cO setor el\u00e9trico precisa investir na conserva\u00e7\u00e3o da Amaz\u00f4nia. A prote\u00e7\u00e3o da floresta \u00e9 fundamental para a estabilidade do fornecimento de energia e para evitar preju\u00edzos econ\u00f4micos para as hidrel\u00e9tricas.\u201d, destaca Pinto.&nbsp;<\/p>\n\n\n\n<p><strong>Sobre o Climate Policy Initiative<\/strong>&nbsp;<br>O Climate Policy Initiative (CPI) \u00e9 uma organiza\u00e7\u00e3o com experi\u00eancia internacional em an\u00e1lise de pol\u00edticas p\u00fablicas e finan\u00e7as, que possui sete escrit\u00f3rios ao redor do mundo. No Brasil, \u00e9 afiliado \u00e0 Pontif\u00edcia Universidade Cat\u00f3lica do Rio de Janeiro (PUC-Rio) e atua no aprimoramento de pol\u00edticas p\u00fablicas e finan\u00e7as sustent\u00e1veis a fim de promover a transi\u00e7\u00e3o para uma economia de baixo carbono. O CPI\/PUC-Rio desenvolve an\u00e1lises baseadas em evid\u00eancia e estabelece parcerias estrat\u00e9gicas com membros do governo, da sociedade civil, do setor privado e de institui\u00e7\u00f5es financeiras.&nbsp;<\/p>\n\n\n\n<p><strong>Mais informa\u00e7\u00f5es:&nbsp;<\/strong><br>Camila Calado Lima<br>camila.lima@cpiglobal.org&nbsp;<br>(86) 99966-0560&nbsp;<\/p>\n","protected":false},"excerpt":{"rendered":"<p>As duas maiores hidrel\u00e9tricas do pa\u00eds t\u00eam perdas anuais conjuntas de 3,8mil GWh de energia decorrentes do desmatamento.\u00a0 O desmatamento na Amaz\u00f4nia est\u00e1 custando caro para o Brasil. Um estudo in\u00e9dito do Climate Policy Initiative\/PUC-Rio (CPI\/PUC-Rio) e do Amaz\u00f4nia 2030 identifica que as usinas de Itaipu e Belo Monte perdem juntas, por ano, energia suficiente [&hellip;]<\/p>\n","protected":false},"featured_media":0,"template":"","format":"standard","meta":{"_acf_changed":true},"programs":[1845,1241],"regions":[1377],"topics":[1306],"collaborations":[],"class_list":["post-89809","cpi_pr","type-cpi_pr","status-publish","format-standard","hentry","programs-amazonia-2030","programs-brazil-policy-center","regions-brasil","topics-energia-hidreletrica"],"acf":[],"yoast_head":"<!-- This site is optimized with the Yoast SEO plugin v27.3 - https:\/\/yoast.com\/product\/yoast-seo-wordpress\/ -->\n<title>Desmatamento na Amaz\u00f4nia amea\u00e7a seguran\u00e7a energ\u00e9tica do pa\u00eds e gera perdas de bilh\u00f5es para setor el\u00e9trico\u00a0 - CPI<\/title>\n<meta name=\"robots\" content=\"index, follow, max-snippet:-1, max-image-preview:large, max-video-preview:-1\" \/>\n<link rel=\"canonical\" href=\"https:\/\/www.climatepolicyinitiative.org\/pt-br\/press-release\/desmatamento-na-amazonia-ameaca-seguranca-energetica-do-pais-e-gera-perdas-de-bilhoes-para-setor-eletrico\/\" \/>\n<meta property=\"og:locale\" content=\"pt_BR\" \/>\n<meta property=\"og:type\" content=\"article\" \/>\n<meta property=\"og:title\" content=\"Desmatamento na Amaz\u00f4nia amea\u00e7a seguran\u00e7a energ\u00e9tica do pa\u00eds e gera perdas de bilh\u00f5es para setor el\u00e9trico\u00a0 - CPI\" \/>\n<meta property=\"og:description\" content=\"As duas maiores hidrel\u00e9tricas do pa\u00eds t\u00eam perdas anuais conjuntas de 3,8mil GWh de energia decorrentes do desmatamento.\u00a0 O desmatamento na Amaz\u00f4nia est\u00e1 custando caro para o Brasil. Um estudo in\u00e9dito do Climate Policy Initiative\/PUC-Rio (CPI\/PUC-Rio) e do Amaz\u00f4nia 2030 identifica que as usinas de Itaipu e Belo Monte perdem juntas, por ano, energia suficiente [&hellip;]\" \/>\n<meta property=\"og:url\" content=\"https:\/\/www.climatepolicyinitiative.org\/pt-br\/press-release\/desmatamento-na-amazonia-ameaca-seguranca-energetica-do-pais-e-gera-perdas-de-bilhoes-para-setor-eletrico\/\" \/>\n<meta property=\"og:site_name\" content=\"CPI\" \/>\n<meta property=\"article:publisher\" content=\"https:\/\/www.facebook.com\/ClimatePolicyInitiative\" \/>\n<meta property=\"article:modified_time\" content=\"2025-03-31T15:44:36+00:00\" \/>\n<meta name=\"twitter:card\" content=\"summary_large_image\" \/>\n<meta name=\"twitter:site\" content=\"@climatepolicy\" \/>\n<meta name=\"twitter:label1\" content=\"Est. tempo de leitura\" \/>\n\t<meta name=\"twitter:data1\" content=\"4 minutos\" \/>\n<script type=\"application\/ld+json\" class=\"yoast-schema-graph\">{\"@context\":\"https:\\\/\\\/schema.org\",\"@graph\":[{\"@type\":\"WebPage\",\"@id\":\"https:\\\/\\\/www.climatepolicyinitiative.org\\\/pt-br\\\/press-release\\\/desmatamento-na-amazonia-ameaca-seguranca-energetica-do-pais-e-gera-perdas-de-bilhoes-para-setor-eletrico\\\/\",\"url\":\"https:\\\/\\\/www.climatepolicyinitiative.org\\\/pt-br\\\/press-release\\\/desmatamento-na-amazonia-ameaca-seguranca-energetica-do-pais-e-gera-perdas-de-bilhoes-para-setor-eletrico\\\/\",\"name\":\"Desmatamento na Amaz\u00f4nia amea\u00e7a seguran\u00e7a energ\u00e9tica do pa\u00eds e gera perdas de bilh\u00f5es para setor el\u00e9trico\u00a0 - CPI\",\"isPartOf\":{\"@id\":\"https:\\\/\\\/www.climatepolicyinitiative.org\\\/pt-br\\\/#website\"},\"datePublished\":\"2025-03-31T12:07:51+00:00\",\"dateModified\":\"2025-03-31T15:44:36+00:00\",\"breadcrumb\":{\"@id\":\"https:\\\/\\\/www.climatepolicyinitiative.org\\\/pt-br\\\/press-release\\\/desmatamento-na-amazonia-ameaca-seguranca-energetica-do-pais-e-gera-perdas-de-bilhoes-para-setor-eletrico\\\/#breadcrumb\"},\"inLanguage\":\"pt-BR\",\"potentialAction\":[{\"@type\":\"ReadAction\",\"target\":[\"https:\\\/\\\/www.climatepolicyinitiative.org\\\/pt-br\\\/press-release\\\/desmatamento-na-amazonia-ameaca-seguranca-energetica-do-pais-e-gera-perdas-de-bilhoes-para-setor-eletrico\\\/\"]}]},{\"@type\":\"BreadcrumbList\",\"@id\":\"https:\\\/\\\/www.climatepolicyinitiative.org\\\/pt-br\\\/press-release\\\/desmatamento-na-amazonia-ameaca-seguranca-energetica-do-pais-e-gera-perdas-de-bilhoes-para-setor-eletrico\\\/#breadcrumb\",\"itemListElement\":[{\"@type\":\"ListItem\",\"position\":1,\"name\":\"Home\",\"item\":\"https:\\\/\\\/www.climatepolicyinitiative.org\\\/pt-br\\\/\"},{\"@type\":\"ListItem\",\"position\":2,\"name\":\"Press Releases\",\"item\":\"https:\\\/\\\/www.climatepolicyinitiative.org\\\/press-release\\\/\"},{\"@type\":\"ListItem\",\"position\":3,\"name\":\"Desmatamento na Amaz\u00f4nia amea\u00e7a seguran\u00e7a energ\u00e9tica do pa\u00eds e gera perdas de bilh\u00f5es para setor el\u00e9trico\u00a0\"}]},{\"@type\":\"WebSite\",\"@id\":\"https:\\\/\\\/www.climatepolicyinitiative.org\\\/pt-br\\\/#website\",\"url\":\"https:\\\/\\\/www.climatepolicyinitiative.org\\\/pt-br\\\/\",\"name\":\"CPI\",\"description\":\"Climate Policy Initiative works to improve the most important energy and land use policies around the world, with a particular focus on finance.\",\"publisher\":{\"@id\":\"https:\\\/\\\/www.climatepolicyinitiative.org\\\/pt-br\\\/#organization\"},\"potentialAction\":[{\"@type\":\"SearchAction\",\"target\":{\"@type\":\"EntryPoint\",\"urlTemplate\":\"https:\\\/\\\/www.climatepolicyinitiative.org\\\/pt-br\\\/?s={search_term_string}\"},\"query-input\":{\"@type\":\"PropertyValueSpecification\",\"valueRequired\":true,\"valueName\":\"search_term_string\"}}],\"inLanguage\":\"pt-BR\"},{\"@type\":\"Organization\",\"@id\":\"https:\\\/\\\/www.climatepolicyinitiative.org\\\/pt-br\\\/#organization\",\"name\":\"Climate Policy Initiative\",\"url\":\"https:\\\/\\\/www.climatepolicyinitiative.org\\\/pt-br\\\/\",\"logo\":{\"@type\":\"ImageObject\",\"inLanguage\":\"pt-BR\",\"@id\":\"https:\\\/\\\/www.climatepolicyinitiative.org\\\/pt-br\\\/#\\\/schema\\\/logo\\\/image\\\/\",\"url\":\"https:\\\/\\\/www.climatepolicyinitiative.org\\\/wp-content\\\/uploads\\\/2021\\\/07\\\/CPI_logo_cmyk_transparent.png\",\"contentUrl\":\"https:\\\/\\\/www.climatepolicyinitiative.org\\\/wp-content\\\/uploads\\\/2021\\\/07\\\/CPI_logo_cmyk_transparent.png\",\"width\":1728,\"height\":720,\"caption\":\"Climate Policy Initiative\"},\"image\":{\"@id\":\"https:\\\/\\\/www.climatepolicyinitiative.org\\\/pt-br\\\/#\\\/schema\\\/logo\\\/image\\\/\"},\"sameAs\":[\"https:\\\/\\\/www.facebook.com\\\/ClimatePolicyInitiative\",\"https:\\\/\\\/x.com\\\/climatepolicy\",\"https:\\\/\\\/www.linkedin.com\\\/company\\\/climate-policy-initiative\\\/?lipi=urn:li:page:d_flagship3_search_srp_all;GvyQ8DliSYaW9eZhdq8RBQ==\",\"https:\\\/\\\/www.youtube.com\\\/channel\\\/UCE8V0iDgBU8mreZdBegVCcA\",\"https:\\\/\\\/en.wikipedia.org\\\/wiki\\\/Climate_Policy_Initiative\"]}]}<\/script>\n<!-- \/ Yoast SEO plugin. -->","yoast_head_json":{"title":"Desmatamento na Amaz\u00f4nia amea\u00e7a seguran\u00e7a energ\u00e9tica do pa\u00eds e gera perdas de bilh\u00f5es para setor el\u00e9trico\u00a0 - CPI","robots":{"index":"index","follow":"follow","max-snippet":"max-snippet:-1","max-image-preview":"max-image-preview:large","max-video-preview":"max-video-preview:-1"},"canonical":"https:\/\/www.climatepolicyinitiative.org\/pt-br\/press-release\/desmatamento-na-amazonia-ameaca-seguranca-energetica-do-pais-e-gera-perdas-de-bilhoes-para-setor-eletrico\/","og_locale":"pt_BR","og_type":"article","og_title":"Desmatamento na Amaz\u00f4nia amea\u00e7a seguran\u00e7a energ\u00e9tica do pa\u00eds e gera perdas de bilh\u00f5es para setor el\u00e9trico\u00a0 - CPI","og_description":"As duas maiores hidrel\u00e9tricas do pa\u00eds t\u00eam perdas anuais conjuntas de 3,8mil GWh de energia decorrentes do desmatamento.\u00a0 O desmatamento na Amaz\u00f4nia est\u00e1 custando caro para o Brasil. Um estudo in\u00e9dito do Climate Policy Initiative\/PUC-Rio (CPI\/PUC-Rio) e do Amaz\u00f4nia 2030 identifica que as usinas de Itaipu e Belo Monte perdem juntas, por ano, energia suficiente [&hellip;]","og_url":"https:\/\/www.climatepolicyinitiative.org\/pt-br\/press-release\/desmatamento-na-amazonia-ameaca-seguranca-energetica-do-pais-e-gera-perdas-de-bilhoes-para-setor-eletrico\/","og_site_name":"CPI","article_publisher":"https:\/\/www.facebook.com\/ClimatePolicyInitiative","article_modified_time":"2025-03-31T15:44:36+00:00","twitter_card":"summary_large_image","twitter_site":"@climatepolicy","twitter_misc":{"Est. tempo de leitura":"4 minutos"},"schema":{"@context":"https:\/\/schema.org","@graph":[{"@type":"WebPage","@id":"https:\/\/www.climatepolicyinitiative.org\/pt-br\/press-release\/desmatamento-na-amazonia-ameaca-seguranca-energetica-do-pais-e-gera-perdas-de-bilhoes-para-setor-eletrico\/","url":"https:\/\/www.climatepolicyinitiative.org\/pt-br\/press-release\/desmatamento-na-amazonia-ameaca-seguranca-energetica-do-pais-e-gera-perdas-de-bilhoes-para-setor-eletrico\/","name":"Desmatamento na Amaz\u00f4nia amea\u00e7a seguran\u00e7a energ\u00e9tica do pa\u00eds e gera perdas de bilh\u00f5es para setor el\u00e9trico\u00a0 - CPI","isPartOf":{"@id":"https:\/\/www.climatepolicyinitiative.org\/pt-br\/#website"},"datePublished":"2025-03-31T12:07:51+00:00","dateModified":"2025-03-31T15:44:36+00:00","breadcrumb":{"@id":"https:\/\/www.climatepolicyinitiative.org\/pt-br\/press-release\/desmatamento-na-amazonia-ameaca-seguranca-energetica-do-pais-e-gera-perdas-de-bilhoes-para-setor-eletrico\/#breadcrumb"},"inLanguage":"pt-BR","potentialAction":[{"@type":"ReadAction","target":["https:\/\/www.climatepolicyinitiative.org\/pt-br\/press-release\/desmatamento-na-amazonia-ameaca-seguranca-energetica-do-pais-e-gera-perdas-de-bilhoes-para-setor-eletrico\/"]}]},{"@type":"BreadcrumbList","@id":"https:\/\/www.climatepolicyinitiative.org\/pt-br\/press-release\/desmatamento-na-amazonia-ameaca-seguranca-energetica-do-pais-e-gera-perdas-de-bilhoes-para-setor-eletrico\/#breadcrumb","itemListElement":[{"@type":"ListItem","position":1,"name":"Home","item":"https:\/\/www.climatepolicyinitiative.org\/pt-br\/"},{"@type":"ListItem","position":2,"name":"Press Releases","item":"https:\/\/www.climatepolicyinitiative.org\/press-release\/"},{"@type":"ListItem","position":3,"name":"Desmatamento na Amaz\u00f4nia amea\u00e7a seguran\u00e7a energ\u00e9tica do pa\u00eds e gera perdas de bilh\u00f5es para setor el\u00e9trico\u00a0"}]},{"@type":"WebSite","@id":"https:\/\/www.climatepolicyinitiative.org\/pt-br\/#website","url":"https:\/\/www.climatepolicyinitiative.org\/pt-br\/","name":"CPI","description":"Climate Policy Initiative works to improve the most important energy and land use policies around the world, with a particular focus on finance.","publisher":{"@id":"https:\/\/www.climatepolicyinitiative.org\/pt-br\/#organization"},"potentialAction":[{"@type":"SearchAction","target":{"@type":"EntryPoint","urlTemplate":"https:\/\/www.climatepolicyinitiative.org\/pt-br\/?s={search_term_string}"},"query-input":{"@type":"PropertyValueSpecification","valueRequired":true,"valueName":"search_term_string"}}],"inLanguage":"pt-BR"},{"@type":"Organization","@id":"https:\/\/www.climatepolicyinitiative.org\/pt-br\/#organization","name":"Climate Policy Initiative","url":"https:\/\/www.climatepolicyinitiative.org\/pt-br\/","logo":{"@type":"ImageObject","inLanguage":"pt-BR","@id":"https:\/\/www.climatepolicyinitiative.org\/pt-br\/#\/schema\/logo\/image\/","url":"https:\/\/www.climatepolicyinitiative.org\/wp-content\/uploads\/2021\/07\/CPI_logo_cmyk_transparent.png","contentUrl":"https:\/\/www.climatepolicyinitiative.org\/wp-content\/uploads\/2021\/07\/CPI_logo_cmyk_transparent.png","width":1728,"height":720,"caption":"Climate Policy Initiative"},"image":{"@id":"https:\/\/www.climatepolicyinitiative.org\/pt-br\/#\/schema\/logo\/image\/"},"sameAs":["https:\/\/www.facebook.com\/ClimatePolicyInitiative","https:\/\/x.com\/climatepolicy","https:\/\/www.linkedin.com\/company\/climate-policy-initiative\/?lipi=urn:li:page:d_flagship3_search_srp_all;GvyQ8DliSYaW9eZhdq8RBQ==","https:\/\/www.youtube.com\/channel\/UCE8V0iDgBU8mreZdBegVCcA","https:\/\/en.wikipedia.org\/wiki\/Climate_Policy_Initiative"]}]}},"_links":{"self":[{"href":"https:\/\/www.climatepolicyinitiative.org\/pt-br\/wp-json\/wp\/v2\/cpi_pr\/89809","targetHints":{"allow":["GET"]}}],"collection":[{"href":"https:\/\/www.climatepolicyinitiative.org\/pt-br\/wp-json\/wp\/v2\/cpi_pr"}],"about":[{"href":"https:\/\/www.climatepolicyinitiative.org\/pt-br\/wp-json\/wp\/v2\/types\/cpi_pr"}],"wp:attachment":[{"href":"https:\/\/www.climatepolicyinitiative.org\/pt-br\/wp-json\/wp\/v2\/media?parent=89809"}],"wp:term":[{"taxonomy":"programs","embeddable":true,"href":"https:\/\/www.climatepolicyinitiative.org\/pt-br\/wp-json\/wp\/v2\/programs?post=89809"},{"taxonomy":"regions","embeddable":true,"href":"https:\/\/www.climatepolicyinitiative.org\/pt-br\/wp-json\/wp\/v2\/regions?post=89809"},{"taxonomy":"topics","embeddable":true,"href":"https:\/\/www.climatepolicyinitiative.org\/pt-br\/wp-json\/wp\/v2\/topics?post=89809"},{"taxonomy":"collaborations","embeddable":true,"href":"https:\/\/www.climatepolicyinitiative.org\/pt-br\/wp-json\/wp\/v2\/collaborations?post=89809"}],"curies":[{"name":"wp","href":"https:\/\/api.w.org\/{rel}","templated":true}]}}