{"id":83003,"date":"2024-12-05T16:44:39","date_gmt":"2024-12-05T16:44:39","guid":{"rendered":"https:\/\/www.climatepolicyinitiative.org\/?post_type=cpi_pr&#038;p=83003"},"modified":"2024-12-05T17:28:14","modified_gmt":"2024-12-05T17:28:14","slug":"codigo-florestal-ganha-impulso-com-avancos-na-analise-do-car-em-todo-o-pais","status":"publish","type":"cpi_pr","link":"https:\/\/www.climatepolicyinitiative.org\/pt-br\/press-release\/codigo-florestal-ganha-impulso-com-avancos-na-analise-do-car-em-todo-o-pais\/","title":{"rendered":"C\u00f3digo Florestal ganha impulso com avan\u00e7os na an\u00e1lise do CAR em todo o pa\u00eds\u00a0"},"content":{"rendered":"\n<p><em>Ferramentas digitais e estrat\u00e9gias inovadoras destravam o maior gargalo na implementa\u00e7\u00e3o da lei.<\/em><\/p>\n\n\n\n<p>O Climate Policy Initiative\/PUC-Rio divulgou hoje, 5, <a href=\"https:\/\/www.climatepolicyinitiative.org\/pt-br\/publication\/onde-estamos-na-implementacao-do-codigo-florestal-radiografia-do-car-e-do-pra-nos-estados-brasileiros-edicao-2024\/\">novo estudo<\/a> que revela avan\u00e7os significativos na implementa\u00e7\u00e3o do C\u00f3digo Florestal no Brasil. Em 2024, todos os estados alcan\u00e7aram a etapa de an\u00e1lise do Cadastro Ambiental Rural (CAR), e j\u00e1 s\u00e3o 252.144 an\u00e1lises conclu\u00eddas no pa\u00eds. &nbsp;<\/p>\n\n\n\n<p>\u201cA etapa de an\u00e1lise de dados continua sendo o principal gargalo de implementa\u00e7\u00e3o da lei, mas este ano tivemos uma virada de chave muito significativa. A partir de agora, conseguiremos ter aumento de escala.\u201d, diz Cristina Leme Lopes, gerente s\u00eanior de pesquisa do CPI\/PUC-Rio.&nbsp;<\/p>\n\n\n\n<p>S\u00e3o Paulo lidera&nbsp;com 388 mil cadastros com an\u00e1lise iniciada (90% dos cadastros do estado), seguido por Par\u00e1 com 236 mil (72% dos cadastros do estado). No restante do pa\u00eds, o n\u00famero&nbsp;varia bastante: 12 estados possuem entre 10 mil e 100 mil an\u00e1lises iniciadas, 3 estados t\u00eam entre 1.000 e 10 mil an\u00e1lises iniciadas, e 9 estados apresentam entre 10 e 1.000 an\u00e1lises iniciadas. Apenas Bahia n\u00e3o tem dados sobre essa etapa.&nbsp;<\/p>\n\n\n\n<p>Quatro novos estados implementaram sistemas de automa\u00e7\u00e3o para avan\u00e7ar nas an\u00e1lises dos cadastros. Alagoas, Cear\u00e1 e Rio de Janeiro adotaram a ferramenta de an\u00e1lise dinamizada do Servi\u00e7o Florestal Brasileiro (SFB). Apesar das instabilidades no sistema, Alagoas conseguiu aumentar as an\u00e1lises em 1.300%, e Rio de Janeiro dobrou. Mato Grosso adotou uma estrat\u00e9gia diferente implementando o CAR Digital. &nbsp;<\/p>\n\n\n\n<p>\u201cAs ferramentas de automa\u00e7\u00e3o s\u00e3o cruciais para ampliar o n\u00famero e a efici\u00eancia das an\u00e1lises. Mesmo com todos os desafios enfrentados este ano pela DataPrev com essas ferramentas, elas ainda s\u00e3o a grande aposta. O CAR Digital de Mato Grosso, por exemplo, recria&nbsp;cadastros&nbsp;com maior precis\u00e3o a partir do cruzamento dos per\u00edmetros dos registros existentes. O propriet\u00e1rio pode aceitar o novo CAR ou apresentar provas que justifiquem a manuten\u00e7\u00e3o do anterior.\u201d, afirma Lopes. Ao todo, dez estados j\u00e1 adotam sistemas de automa\u00e7\u00e3o. Minas Gerais e Par\u00e1 adotaram o CAR 2.0, ferramenta de an\u00e1lise automatizada da regularidade ambiental do im\u00f3vel.&nbsp;<\/p>\n\n\n\n<p>As an\u00e1lises por equipe tamb\u00e9m s\u00e3o indispens\u00e1veis para ampliar a escala da an\u00e1lise. Minas Gerais quadruplicou o n\u00famero de an\u00e1lises (de 13 mil para 71,8 mil). Par\u00e1 tem avan\u00e7ado nas an\u00e1lises com a ado\u00e7\u00e3o de diferentes estrat\u00e9gias, como uma equipe t\u00e9cnica robusta, mutir\u00f5es, habilita\u00e7\u00e3o de munic\u00edpios para conduzir an\u00e1lises e a contrata\u00e7\u00e3o de empresas especializadas.\u00a0<\/p>\n\n\n\n<p>\u201cDificuldade de comunica\u00e7\u00e3o com propriet\u00e1rios e possuidores, baixa qualidade dos cadastros, inconsist\u00eancias com bases de refer\u00eancia e a defasagem dos dados continuam atrapalhando a conclus\u00e3o das an\u00e1lises do CAR. \u00a0Avan\u00e7ar na an\u00e1lise dos cadastros significa progredir em todas essas diferentes dimens\u00f5es.\u201d, destaca Lopes. \u00a0<\/p>\n\n\n\n<p>Apesar de a etapa de inscri\u00e7\u00e3o dos im\u00f3veis rurais no CAR j\u00e1 estar consolidada em todos os estados, os cadastros seguem aumentando em todo pa\u00eds. Em 2024, as inscri\u00e7\u00f5es no CAR cresceram 5,7%, chegando a 7,65 milh\u00f5es de cadastros. O aumento se deve \u00e0&nbsp;inscri\u00e7\u00e3o de pequenos agricultores, de povos e comunidades tradicionais (PCT), da inscri\u00e7\u00e3o individualizada de lotes de assentamento e de atualiza\u00e7\u00f5es cadastrais de im\u00f3veis rurais. Bahia e Minas Gerais t\u00eam o maior n\u00famero de cadastros do pa\u00eds: mais de um milh\u00e3o.&nbsp;<\/p>\n\n\n\n<p>O ano tamb\u00e9m foi marcado por avan\u00e7os na inscri\u00e7\u00e3o de PCT com todos os estados apresentando ao menos uma inscri\u00e7\u00e3o. Bahia dobrou o n\u00famero de CAR\/PCT, e Alagoas \u00e9 o estado com maior n\u00famero (1.209).&nbsp;<\/p>\n\n\n\n<p>O C\u00f3digo Florestal tem papel estrat\u00e9gico na proje\u00e7\u00e3o do Brasil na agenda internacional, como na regulamenta\u00e7\u00e3o do mercado de carbono e nas negocia\u00e7\u00f5es do acordo entre Mercosul e Uni\u00e3o Europeia, que avan\u00e7aram em 2024. O acordo exige o cumprimento de normas ambientais, como o combate ao desmatamento ilegal. &nbsp;<\/p>\n\n\n\n<p>Para Joana Chiavari, diretora de pesquisa do CPI\/PUC-Rio, \u201cas negocia\u00e7\u00f5es entre Mercosul e Uni\u00e3o Europeia refor\u00e7am a import\u00e2ncia da plena implementa\u00e7\u00e3o do C\u00f3digo Florestal para&nbsp;consolidar o Brasil como l\u00edder em sustentabilidade, garantindo prote\u00e7\u00e3o&nbsp;ambiental e benef\u00edcios econ\u00f4micos e sociais para o pa\u00eds. O C\u00f3digo Florestal \u00e9 instrumento crucial de mitiga\u00e7\u00e3o e adapta\u00e7\u00e3o&nbsp;\u00e0s mudan\u00e7as clim\u00e1ticas e de sustentabilidade da produ\u00e7\u00e3o agropecu\u00e1ria brasileira.\u201d&nbsp;<\/p>\n\n\n\n<p><strong>Destaques por regi\u00e3o<\/strong>&nbsp;<\/p>\n\n\n\n<p>No <strong>Nordeste<\/strong>, Piau\u00ed, Pernambuco e Rio Grande do Norte avan\u00e7aram para a etapa de&nbsp;an\u00e1lise do CAR, enquanto Alagoas e Cear\u00e1 iniciaram a an\u00e1lise dinamizada. Alagoas e Maranh\u00e3o implementaram o Programa de Regulariza\u00e7\u00e3o Ambiental (PRA) e j\u00e1 possuem termos de compromisso assinados para a regulariza\u00e7\u00e3o ambiental de im\u00f3veis rurais.&nbsp;<\/p>\n\n\n\n<p>No <strong>Sudeste<\/strong>, Esp\u00edrito Santo, Minas Gerais, Rio de Janeiro e S\u00e3o Paulo alcan\u00e7aram todas as etapas de implementa\u00e7\u00e3o do CAR e do PRA. O Esp\u00edrito Santo regulamentou e implementou o PRA. Rio de Janeiro iniciou a an\u00e1lise dinamizada e avan\u00e7ou no programa de regulariza\u00e7\u00e3o ambiental. Minas Gerais, com a segunda maior base cadastral do pa\u00eds, obteve altas taxas de an\u00e1lise do CAR. S\u00e3o Paulo, por sua vez, consolida sua lideran\u00e7a com avan\u00e7os em todas as etapas.&nbsp;<\/p>\n\n\n\n<p>Na<strong> Amaz\u00f4nia<\/strong>,<strong>&nbsp;<\/strong>Acre, Mato Grosso, Par\u00e1 e Rond\u00f4nia, l\u00edderes da agenda ambiental na regi\u00e3o, continuam avan\u00e7ando, em especial na regulariza\u00e7\u00e3o ambiental de im\u00f3veis rurais. Roraima iniciou as an\u00e1lises do CAR e Tocantins regulamentou o PRA.&nbsp;<\/p>\n\n\n\n<p>No <strong>Sul<\/strong>, estados permanecem no mesmo n\u00edvel identificado em 2023.&nbsp;<\/p>\n\n\n\n<p>O CPI\/PUC-Rio tem um trabalho cont\u00ednuo de monitoramento da implementa\u00e7\u00e3o do C\u00f3digo Florestal nos estados brasileiros. Esta \u00e9 a sexta edi\u00e7\u00e3o do relat\u00f3rio. &nbsp;<\/p>\n\n\n\n<p>\u201c\u00c9 um guia indispens\u00e1vel para acompanhar o <em>status<\/em> da regulamenta\u00e7\u00e3o e da implementa\u00e7\u00e3o do C\u00f3digo Florestal em todos os estados. O estudo tem um grande diferencial que \u00e9 o di\u00e1logo direto com os estados. Al\u00e9m da coleta de dados nas bases p\u00fablicas, realizamos reuni\u00f5es&nbsp;diretamente com os \u00f3rg\u00e3os estaduais conseguindo informa\u00e7\u00f5es atualizadas sobre an\u00e1lises de CAR, n\u00famero de termos de compromisso assinados para a regulariza\u00e7\u00e3o ambiental e as estrat\u00e9gias para comunica\u00e7\u00e3o com os produtores rurais.\u201d, explica Chiavari.<\/p>\n\n\n\n<hr class=\"wp-block-separator has-alpha-channel-opacity\"\/>\n\n\n\n<p><strong>Sobre o Climate Policy Initiative<\/strong>&nbsp;<br>O Climate Policy Initiative (CPI) \u00e9 uma organiza\u00e7\u00e3o com experi\u00eancia internacional em an\u00e1lise de pol\u00edticas p\u00fablicas e finan\u00e7as, que possui sete escrit\u00f3rios ao redor do mundo. No Brasil, \u00e9 afiliado \u00e0 Pontif\u00edcia Universidade Cat\u00f3lica do Rio de Janeiro (PUC-Rio) e atua no aprimoramento de pol\u00edticas p\u00fablicas e finan\u00e7as sustent\u00e1veis a fim de promover a transi\u00e7\u00e3o para uma economia de baixo carbono. O CPI\/PUC-Rio desenvolve an\u00e1lises baseadas em evid\u00eancia e estabelece parcerias estrat\u00e9gicas com membros do governo, da sociedade civil, do setor privado e de institui\u00e7\u00f5es financeiras.&nbsp;<\/p>\n\n\n\n<p><strong>Mais informa\u00e7\u00f5es:&nbsp;<\/strong><br>Camila Calado Lima<br>camila.lima@cpiglobal.org&nbsp;<br>(86) 99966-0560&nbsp;<\/p>\n","protected":false},"excerpt":{"rendered":"<p>Ferramentas digitais e estrat\u00e9gias inovadoras destravam o maior gargalo na implementa\u00e7\u00e3o da lei. O Climate Policy Initiative\/PUC-Rio divulgou hoje, 5, novo estudo que revela avan\u00e7os significativos na implementa\u00e7\u00e3o do C\u00f3digo Florestal no Brasil. Em 2024, todos os estados alcan\u00e7aram a etapa de an\u00e1lise do Cadastro Ambiental Rural (CAR), e j\u00e1 s\u00e3o 252.144 an\u00e1lises conclu\u00eddas no [&hellip;]<\/p>\n","protected":false},"featured_media":0,"template":"","format":"standard","meta":{"_acf_changed":false},"programs":[1241],"regions":[],"topics":[1458,1246,1267],"collaborations":[],"class_list":["post-83003","cpi_pr","type-cpi_pr","status-publish","format-standard","hentry","programs-brazil-policy-center","topics-analise-legal","topics-codigo-florestal","topics-direito-e-governanca-do-clima"],"acf":[],"yoast_head":"<!-- This site is optimized with the Yoast SEO plugin v27.3 - https:\/\/yoast.com\/product\/yoast-seo-wordpress\/ -->\n<title>C\u00f3digo Florestal ganha impulso com avan\u00e7os na an\u00e1lise do CAR em todo o pa\u00eds\u00a0 - CPI<\/title>\n<meta name=\"robots\" content=\"index, follow, max-snippet:-1, max-image-preview:large, max-video-preview:-1\" \/>\n<link rel=\"canonical\" href=\"https:\/\/www.climatepolicyinitiative.org\/pt-br\/press-release\/codigo-florestal-ganha-impulso-com-avancos-na-analise-do-car-em-todo-o-pais\/\" \/>\n<meta property=\"og:locale\" content=\"pt_BR\" \/>\n<meta property=\"og:type\" content=\"article\" \/>\n<meta property=\"og:title\" content=\"C\u00f3digo Florestal ganha impulso com avan\u00e7os na an\u00e1lise do CAR em todo o pa\u00eds\u00a0 - CPI\" \/>\n<meta property=\"og:description\" content=\"Ferramentas digitais e estrat\u00e9gias inovadoras destravam o maior gargalo na implementa\u00e7\u00e3o da lei. O Climate Policy Initiative\/PUC-Rio divulgou hoje, 5, novo estudo que revela avan\u00e7os significativos na implementa\u00e7\u00e3o do C\u00f3digo Florestal no Brasil. Em 2024, todos os estados alcan\u00e7aram a etapa de an\u00e1lise do Cadastro Ambiental Rural (CAR), e j\u00e1 s\u00e3o 252.144 an\u00e1lises conclu\u00eddas no [&hellip;]\" \/>\n<meta property=\"og:url\" content=\"https:\/\/www.climatepolicyinitiative.org\/pt-br\/press-release\/codigo-florestal-ganha-impulso-com-avancos-na-analise-do-car-em-todo-o-pais\/\" \/>\n<meta property=\"og:site_name\" content=\"CPI\" \/>\n<meta property=\"article:publisher\" content=\"https:\/\/www.facebook.com\/ClimatePolicyInitiative\" \/>\n<meta property=\"article:modified_time\" content=\"2024-12-05T17:28:14+00:00\" \/>\n<meta name=\"twitter:card\" content=\"summary_large_image\" \/>\n<meta name=\"twitter:site\" content=\"@climatepolicy\" \/>\n<meta name=\"twitter:label1\" content=\"Est. tempo de leitura\" \/>\n\t<meta name=\"twitter:data1\" content=\"5 minutos\" \/>\n<script type=\"application\/ld+json\" class=\"yoast-schema-graph\">{\"@context\":\"https:\\\/\\\/schema.org\",\"@graph\":[{\"@type\":\"WebPage\",\"@id\":\"https:\\\/\\\/www.climatepolicyinitiative.org\\\/pt-br\\\/press-release\\\/codigo-florestal-ganha-impulso-com-avancos-na-analise-do-car-em-todo-o-pais\\\/\",\"url\":\"https:\\\/\\\/www.climatepolicyinitiative.org\\\/pt-br\\\/press-release\\\/codigo-florestal-ganha-impulso-com-avancos-na-analise-do-car-em-todo-o-pais\\\/\",\"name\":\"C\u00f3digo Florestal ganha impulso com avan\u00e7os na an\u00e1lise do CAR em todo o pa\u00eds\u00a0 - CPI\",\"isPartOf\":{\"@id\":\"https:\\\/\\\/www.climatepolicyinitiative.org\\\/pt-br\\\/#website\"},\"datePublished\":\"2024-12-05T16:44:39+00:00\",\"dateModified\":\"2024-12-05T17:28:14+00:00\",\"breadcrumb\":{\"@id\":\"https:\\\/\\\/www.climatepolicyinitiative.org\\\/pt-br\\\/press-release\\\/codigo-florestal-ganha-impulso-com-avancos-na-analise-do-car-em-todo-o-pais\\\/#breadcrumb\"},\"inLanguage\":\"pt-BR\",\"potentialAction\":[{\"@type\":\"ReadAction\",\"target\":[\"https:\\\/\\\/www.climatepolicyinitiative.org\\\/pt-br\\\/press-release\\\/codigo-florestal-ganha-impulso-com-avancos-na-analise-do-car-em-todo-o-pais\\\/\"]}]},{\"@type\":\"BreadcrumbList\",\"@id\":\"https:\\\/\\\/www.climatepolicyinitiative.org\\\/pt-br\\\/press-release\\\/codigo-florestal-ganha-impulso-com-avancos-na-analise-do-car-em-todo-o-pais\\\/#breadcrumb\",\"itemListElement\":[{\"@type\":\"ListItem\",\"position\":1,\"name\":\"Home\",\"item\":\"https:\\\/\\\/www.climatepolicyinitiative.org\\\/pt-br\\\/\"},{\"@type\":\"ListItem\",\"position\":2,\"name\":\"Press Releases\",\"item\":\"https:\\\/\\\/www.climatepolicyinitiative.org\\\/press-release\\\/\"},{\"@type\":\"ListItem\",\"position\":3,\"name\":\"C\u00f3digo Florestal ganha impulso com avan\u00e7os na an\u00e1lise do CAR em todo o pa\u00eds\u00a0\"}]},{\"@type\":\"WebSite\",\"@id\":\"https:\\\/\\\/www.climatepolicyinitiative.org\\\/pt-br\\\/#website\",\"url\":\"https:\\\/\\\/www.climatepolicyinitiative.org\\\/pt-br\\\/\",\"name\":\"CPI\",\"description\":\"Climate Policy Initiative works to improve the most important energy and land use policies around the world, with a particular focus on finance.\",\"publisher\":{\"@id\":\"https:\\\/\\\/www.climatepolicyinitiative.org\\\/pt-br\\\/#organization\"},\"potentialAction\":[{\"@type\":\"SearchAction\",\"target\":{\"@type\":\"EntryPoint\",\"urlTemplate\":\"https:\\\/\\\/www.climatepolicyinitiative.org\\\/pt-br\\\/?s={search_term_string}\"},\"query-input\":{\"@type\":\"PropertyValueSpecification\",\"valueRequired\":true,\"valueName\":\"search_term_string\"}}],\"inLanguage\":\"pt-BR\"},{\"@type\":\"Organization\",\"@id\":\"https:\\\/\\\/www.climatepolicyinitiative.org\\\/pt-br\\\/#organization\",\"name\":\"Climate Policy Initiative\",\"url\":\"https:\\\/\\\/www.climatepolicyinitiative.org\\\/pt-br\\\/\",\"logo\":{\"@type\":\"ImageObject\",\"inLanguage\":\"pt-BR\",\"@id\":\"https:\\\/\\\/www.climatepolicyinitiative.org\\\/pt-br\\\/#\\\/schema\\\/logo\\\/image\\\/\",\"url\":\"https:\\\/\\\/www.climatepolicyinitiative.org\\\/wp-content\\\/uploads\\\/2021\\\/07\\\/CPI_logo_cmyk_transparent.png\",\"contentUrl\":\"https:\\\/\\\/www.climatepolicyinitiative.org\\\/wp-content\\\/uploads\\\/2021\\\/07\\\/CPI_logo_cmyk_transparent.png\",\"width\":1728,\"height\":720,\"caption\":\"Climate Policy Initiative\"},\"image\":{\"@id\":\"https:\\\/\\\/www.climatepolicyinitiative.org\\\/pt-br\\\/#\\\/schema\\\/logo\\\/image\\\/\"},\"sameAs\":[\"https:\\\/\\\/www.facebook.com\\\/ClimatePolicyInitiative\",\"https:\\\/\\\/x.com\\\/climatepolicy\",\"https:\\\/\\\/www.linkedin.com\\\/company\\\/climate-policy-initiative\\\/?lipi=urn:li:page:d_flagship3_search_srp_all;GvyQ8DliSYaW9eZhdq8RBQ==\",\"https:\\\/\\\/www.youtube.com\\\/channel\\\/UCE8V0iDgBU8mreZdBegVCcA\",\"https:\\\/\\\/en.wikipedia.org\\\/wiki\\\/Climate_Policy_Initiative\"]}]}<\/script>\n<!-- \/ Yoast SEO plugin. -->","yoast_head_json":{"title":"C\u00f3digo Florestal ganha impulso com avan\u00e7os na an\u00e1lise do CAR em todo o pa\u00eds\u00a0 - CPI","robots":{"index":"index","follow":"follow","max-snippet":"max-snippet:-1","max-image-preview":"max-image-preview:large","max-video-preview":"max-video-preview:-1"},"canonical":"https:\/\/www.climatepolicyinitiative.org\/pt-br\/press-release\/codigo-florestal-ganha-impulso-com-avancos-na-analise-do-car-em-todo-o-pais\/","og_locale":"pt_BR","og_type":"article","og_title":"C\u00f3digo Florestal ganha impulso com avan\u00e7os na an\u00e1lise do CAR em todo o pa\u00eds\u00a0 - CPI","og_description":"Ferramentas digitais e estrat\u00e9gias inovadoras destravam o maior gargalo na implementa\u00e7\u00e3o da lei. O Climate Policy Initiative\/PUC-Rio divulgou hoje, 5, novo estudo que revela avan\u00e7os significativos na implementa\u00e7\u00e3o do C\u00f3digo Florestal no Brasil. Em 2024, todos os estados alcan\u00e7aram a etapa de an\u00e1lise do Cadastro Ambiental Rural (CAR), e j\u00e1 s\u00e3o 252.144 an\u00e1lises conclu\u00eddas no [&hellip;]","og_url":"https:\/\/www.climatepolicyinitiative.org\/pt-br\/press-release\/codigo-florestal-ganha-impulso-com-avancos-na-analise-do-car-em-todo-o-pais\/","og_site_name":"CPI","article_publisher":"https:\/\/www.facebook.com\/ClimatePolicyInitiative","article_modified_time":"2024-12-05T17:28:14+00:00","twitter_card":"summary_large_image","twitter_site":"@climatepolicy","twitter_misc":{"Est. tempo de leitura":"5 minutos"},"schema":{"@context":"https:\/\/schema.org","@graph":[{"@type":"WebPage","@id":"https:\/\/www.climatepolicyinitiative.org\/pt-br\/press-release\/codigo-florestal-ganha-impulso-com-avancos-na-analise-do-car-em-todo-o-pais\/","url":"https:\/\/www.climatepolicyinitiative.org\/pt-br\/press-release\/codigo-florestal-ganha-impulso-com-avancos-na-analise-do-car-em-todo-o-pais\/","name":"C\u00f3digo Florestal ganha impulso com avan\u00e7os na an\u00e1lise do CAR em todo o pa\u00eds\u00a0 - CPI","isPartOf":{"@id":"https:\/\/www.climatepolicyinitiative.org\/pt-br\/#website"},"datePublished":"2024-12-05T16:44:39+00:00","dateModified":"2024-12-05T17:28:14+00:00","breadcrumb":{"@id":"https:\/\/www.climatepolicyinitiative.org\/pt-br\/press-release\/codigo-florestal-ganha-impulso-com-avancos-na-analise-do-car-em-todo-o-pais\/#breadcrumb"},"inLanguage":"pt-BR","potentialAction":[{"@type":"ReadAction","target":["https:\/\/www.climatepolicyinitiative.org\/pt-br\/press-release\/codigo-florestal-ganha-impulso-com-avancos-na-analise-do-car-em-todo-o-pais\/"]}]},{"@type":"BreadcrumbList","@id":"https:\/\/www.climatepolicyinitiative.org\/pt-br\/press-release\/codigo-florestal-ganha-impulso-com-avancos-na-analise-do-car-em-todo-o-pais\/#breadcrumb","itemListElement":[{"@type":"ListItem","position":1,"name":"Home","item":"https:\/\/www.climatepolicyinitiative.org\/pt-br\/"},{"@type":"ListItem","position":2,"name":"Press Releases","item":"https:\/\/www.climatepolicyinitiative.org\/press-release\/"},{"@type":"ListItem","position":3,"name":"C\u00f3digo Florestal ganha impulso com avan\u00e7os na an\u00e1lise do CAR em todo o pa\u00eds\u00a0"}]},{"@type":"WebSite","@id":"https:\/\/www.climatepolicyinitiative.org\/pt-br\/#website","url":"https:\/\/www.climatepolicyinitiative.org\/pt-br\/","name":"CPI","description":"Climate Policy Initiative works to improve the most important energy and land use policies around the world, with a particular focus on finance.","publisher":{"@id":"https:\/\/www.climatepolicyinitiative.org\/pt-br\/#organization"},"potentialAction":[{"@type":"SearchAction","target":{"@type":"EntryPoint","urlTemplate":"https:\/\/www.climatepolicyinitiative.org\/pt-br\/?s={search_term_string}"},"query-input":{"@type":"PropertyValueSpecification","valueRequired":true,"valueName":"search_term_string"}}],"inLanguage":"pt-BR"},{"@type":"Organization","@id":"https:\/\/www.climatepolicyinitiative.org\/pt-br\/#organization","name":"Climate Policy Initiative","url":"https:\/\/www.climatepolicyinitiative.org\/pt-br\/","logo":{"@type":"ImageObject","inLanguage":"pt-BR","@id":"https:\/\/www.climatepolicyinitiative.org\/pt-br\/#\/schema\/logo\/image\/","url":"https:\/\/www.climatepolicyinitiative.org\/wp-content\/uploads\/2021\/07\/CPI_logo_cmyk_transparent.png","contentUrl":"https:\/\/www.climatepolicyinitiative.org\/wp-content\/uploads\/2021\/07\/CPI_logo_cmyk_transparent.png","width":1728,"height":720,"caption":"Climate Policy Initiative"},"image":{"@id":"https:\/\/www.climatepolicyinitiative.org\/pt-br\/#\/schema\/logo\/image\/"},"sameAs":["https:\/\/www.facebook.com\/ClimatePolicyInitiative","https:\/\/x.com\/climatepolicy","https:\/\/www.linkedin.com\/company\/climate-policy-initiative\/?lipi=urn:li:page:d_flagship3_search_srp_all;GvyQ8DliSYaW9eZhdq8RBQ==","https:\/\/www.youtube.com\/channel\/UCE8V0iDgBU8mreZdBegVCcA","https:\/\/en.wikipedia.org\/wiki\/Climate_Policy_Initiative"]}]}},"_links":{"self":[{"href":"https:\/\/www.climatepolicyinitiative.org\/pt-br\/wp-json\/wp\/v2\/cpi_pr\/83003","targetHints":{"allow":["GET"]}}],"collection":[{"href":"https:\/\/www.climatepolicyinitiative.org\/pt-br\/wp-json\/wp\/v2\/cpi_pr"}],"about":[{"href":"https:\/\/www.climatepolicyinitiative.org\/pt-br\/wp-json\/wp\/v2\/types\/cpi_pr"}],"wp:attachment":[{"href":"https:\/\/www.climatepolicyinitiative.org\/pt-br\/wp-json\/wp\/v2\/media?parent=83003"}],"wp:term":[{"taxonomy":"programs","embeddable":true,"href":"https:\/\/www.climatepolicyinitiative.org\/pt-br\/wp-json\/wp\/v2\/programs?post=83003"},{"taxonomy":"regions","embeddable":true,"href":"https:\/\/www.climatepolicyinitiative.org\/pt-br\/wp-json\/wp\/v2\/regions?post=83003"},{"taxonomy":"topics","embeddable":true,"href":"https:\/\/www.climatepolicyinitiative.org\/pt-br\/wp-json\/wp\/v2\/topics?post=83003"},{"taxonomy":"collaborations","embeddable":true,"href":"https:\/\/www.climatepolicyinitiative.org\/pt-br\/wp-json\/wp\/v2\/collaborations?post=83003"}],"curies":[{"name":"wp","href":"https:\/\/api.w.org\/{rel}","templated":true}]}}