{"id":68967,"date":"2024-02-27T01:13:11","date_gmt":"2024-02-27T01:13:11","guid":{"rendered":"https:\/\/www.climatepolicyinitiative.org\/event\/forum-brasileiro-de-financiamento-climatico\/"},"modified":"2024-02-27T01:15:44","modified_gmt":"2024-02-27T01:15:44","slug":"forum-brasileiro-de-financiamento-climatico","status":"publish","type":"cpi_events","link":"https:\/\/www.climatepolicyinitiative.org\/pt-br\/event\/forum-brasileiro-de-financiamento-climatico\/","title":{"rendered":"F\u00f3rum Brasileiro de Financiamento Clim\u00e1tico"},"content":{"rendered":"\n<p>\u00c0s v\u00e9speras da reuni\u00e3o dos Ministros da Fazenda do G20, em S\u00e3o Paulo, o <a href=\"https:\/\/climaesociedade.org\/en\/\">Instituto Clima e Sociedade (iCS)<\/a> organizou eventos paralelamente ao F\u00f3rum Brasileiro de Finan\u00e7as Clim\u00e1ticas. Especialistas do CPI participar\u00e3o dos paineis abaixo.<\/p>\n\n\n\n<hr class=\"wp-block-separator has-alpha-channel-opacity\"\/>\n\n\n\n<h2 class=\"wp-block-heading\">A reforma da arquitetura do sistema financeiro internacional e a agenda do G20<\/h2>\n\n\n\n<p><em>10:00 &#8211; 11:30<\/em><\/p>\n\n\n\n<p><strong>Abertura:<\/strong> Maria Netto, iCS<\/p>\n\n\n\n<p><strong>Moderadora:<\/strong> <a href=\"https:\/\/www.climatepolicyinitiative.org\/people\/barbara-buchner\/\">Barbara Buchner<\/a>, CPI<\/p>\n\n\n\n<p><strong>Palestrantes:<\/strong><\/p>\n\n\n\n<ul class=\"wp-block-list\">\n<li><strong>Rachel Kyte<\/strong>, Blavatnik School of Government \/ University of Oxford<\/li>\n\n\n\n<li><strong>Erik Bergloff<\/strong>, AIIB<\/li>\n\n\n\n<li><strong>Kate Hampton<\/strong>, Children\u2019s Investment Fund Foundation (CIFF)<\/li>\n\n\n\n<li><strong>Ben Weisman<\/strong>, GFANZ<\/li>\n<\/ul>\n\n\n\n<hr class=\"wp-block-separator has-alpha-channel-opacity\"\/>\n\n\n\n<h2 class=\"wp-block-heading\">Restaura\u00e7\u00e3o florestal: solu\u00e7\u00e3o baseada na natureza e no clima para o desenvolvimento de baixo carbono<\/h2>\n\n\n\n<p><em>16h00 &#8211; 17h00<\/em><\/p>\n\n\n\n<p><strong>Abertura:<\/strong><\/p>\n\n\n\n<ul class=\"wp-block-list\">\n<li><strong>Thais Ferraz<\/strong>, iCS<\/li>\n\n\n\n<li><strong>Mirela Sandrini<\/strong>, WRI<\/li>\n<\/ul>\n\n\n\n<p><strong>Moderadora: Ana Yang<\/strong>, iCS \/ Chatam House<\/p>\n\n\n\n<p><strong>Palestrantes:<\/strong><\/p>\n\n\n\n<ul class=\"wp-block-list\">\n<li><strong>Leon Clarke<\/strong>, Bezos Earth Fund<\/li>\n\n\n\n<li><strong><a href=\"https:\/\/www.climatepolicyinitiative.org\/pt-br\/people\/juliano-j-assuncao\/\">Juliano Assun\u00e7\u00e3o<\/a><\/strong>, Amaz\u00f4nia 2030 \/ CPI<\/li>\n\n\n\n<li><strong>Valmir Ortega<\/strong>, Belterra Agroflorestas<\/li>\n\n\n\n<li><strong>Den\u00edsio Liberato<\/strong>, BB Asset Management<\/li>\n<\/ul>\n","protected":false},"excerpt":{"rendered":"<p>\u00c0s v\u00e9speras da reuni\u00e3o dos Ministros da Fazenda do G20, em S\u00e3o Paulo, o Instituto Clima e Sociedade (iCS) organizou eventos paralelamente ao F\u00f3rum Brasileiro de Finan\u00e7as Clim\u00e1ticas. Especialistas do CPI participar\u00e3o dos paineis abaixo. A reforma da arquitetura do sistema financeiro internacional e a agenda do G20 10:00 &#8211; 11:30 Abertura: Maria Netto, iCS [&hellip;]<\/p>\n","protected":false},"featured_media":68965,"menu_order":0,"template":"","format":"standard","meta":{"_acf_changed":false},"programs":[],"regions":[],"topics":[],"collaborations":[],"class_list":["post-68967","cpi_events","type-cpi_events","status-publish","format-standard","has-post-thumbnail","hentry"],"acf":[],"yoast_head":"<!-- This site is optimized with the Yoast SEO plugin v27.3 - https:\/\/yoast.com\/product\/yoast-seo-wordpress\/ -->\n<title>F\u00f3rum Brasileiro de Financiamento Clim\u00e1tico - CPI<\/title>\n<meta name=\"robots\" content=\"index, follow, max-snippet:-1, max-image-preview:large, max-video-preview:-1\" \/>\n<link rel=\"canonical\" href=\"https:\/\/www.climatepolicyinitiative.org\/pt-br\/event\/forum-brasileiro-de-financiamento-climatico\/\" \/>\n<meta property=\"og:locale\" content=\"pt_BR\" \/>\n<meta property=\"og:type\" content=\"article\" \/>\n<meta property=\"og:title\" content=\"F\u00f3rum Brasileiro de Financiamento Clim\u00e1tico - CPI\" \/>\n<meta property=\"og:description\" content=\"\u00c0s v\u00e9speras da reuni\u00e3o dos Ministros da Fazenda do G20, em S\u00e3o Paulo, o Instituto Clima e Sociedade (iCS) organizou eventos paralelamente ao F\u00f3rum Brasileiro de Finan\u00e7as Clim\u00e1ticas. Especialistas do CPI participar\u00e3o dos paineis abaixo. A reforma da arquitetura do sistema financeiro internacional e a agenda do G20 10:00 &#8211; 11:30 Abertura: Maria Netto, iCS [&hellip;]\" \/>\n<meta property=\"og:url\" content=\"https:\/\/www.climatepolicyinitiative.org\/pt-br\/event\/forum-brasileiro-de-financiamento-climatico\/\" \/>\n<meta property=\"og:site_name\" content=\"CPI\" \/>\n<meta property=\"article:publisher\" content=\"https:\/\/www.facebook.com\/ClimatePolicyInitiative\" \/>\n<meta property=\"article:modified_time\" content=\"2024-02-27T01:15:44+00:00\" \/>\n<meta property=\"og:image\" content=\"https:\/\/www.climatepolicyinitiative.org\/wp-content\/uploads\/2024\/02\/Depositphotos_362863996_XL-scaled.jpg\" \/>\n\t<meta property=\"og:image:width\" content=\"2560\" \/>\n\t<meta property=\"og:image:height\" content=\"1703\" \/>\n\t<meta property=\"og:image:type\" content=\"image\/jpeg\" \/>\n<meta name=\"twitter:card\" content=\"summary_large_image\" \/>\n<meta name=\"twitter:site\" content=\"@climatepolicy\" \/>\n<meta name=\"twitter:label1\" content=\"Est. tempo de leitura\" \/>\n\t<meta name=\"twitter:data1\" content=\"1 minuto\" \/>\n<script type=\"application\/ld+json\" class=\"yoast-schema-graph\">{\"@context\":\"https:\\\/\\\/schema.org\",\"@graph\":[{\"@type\":\"WebPage\",\"@id\":\"https:\\\/\\\/www.climatepolicyinitiative.org\\\/pt-br\\\/event\\\/forum-brasileiro-de-financiamento-climatico\\\/\",\"url\":\"https:\\\/\\\/www.climatepolicyinitiative.org\\\/pt-br\\\/event\\\/forum-brasileiro-de-financiamento-climatico\\\/\",\"name\":\"F\u00f3rum Brasileiro de Financiamento Clim\u00e1tico - CPI\",\"isPartOf\":{\"@id\":\"https:\\\/\\\/www.climatepolicyinitiative.org\\\/pt-br\\\/#website\"},\"primaryImageOfPage\":{\"@id\":\"https:\\\/\\\/www.climatepolicyinitiative.org\\\/pt-br\\\/event\\\/forum-brasileiro-de-financiamento-climatico\\\/#primaryimage\"},\"image\":{\"@id\":\"https:\\\/\\\/www.climatepolicyinitiative.org\\\/pt-br\\\/event\\\/forum-brasileiro-de-financiamento-climatico\\\/#primaryimage\"},\"thumbnailUrl\":\"https:\\\/\\\/www.climatepolicyinitiative.org\\\/wp-content\\\/uploads\\\/2024\\\/02\\\/Depositphotos_362863996_XL-scaled.jpg\",\"datePublished\":\"2024-02-27T01:13:11+00:00\",\"dateModified\":\"2024-02-27T01:15:44+00:00\",\"breadcrumb\":{\"@id\":\"https:\\\/\\\/www.climatepolicyinitiative.org\\\/pt-br\\\/event\\\/forum-brasileiro-de-financiamento-climatico\\\/#breadcrumb\"},\"inLanguage\":\"pt-BR\",\"potentialAction\":[{\"@type\":\"ReadAction\",\"target\":[\"https:\\\/\\\/www.climatepolicyinitiative.org\\\/pt-br\\\/event\\\/forum-brasileiro-de-financiamento-climatico\\\/\"]}]},{\"@type\":\"ImageObject\",\"inLanguage\":\"pt-BR\",\"@id\":\"https:\\\/\\\/www.climatepolicyinitiative.org\\\/pt-br\\\/event\\\/forum-brasileiro-de-financiamento-climatico\\\/#primaryimage\",\"url\":\"https:\\\/\\\/www.climatepolicyinitiative.org\\\/wp-content\\\/uploads\\\/2024\\\/02\\\/Depositphotos_362863996_XL-scaled.jpg\",\"contentUrl\":\"https:\\\/\\\/www.climatepolicyinitiative.org\\\/wp-content\\\/uploads\\\/2024\\\/02\\\/Depositphotos_362863996_XL-scaled.jpg\",\"width\":2560,\"height\":1703},{\"@type\":\"BreadcrumbList\",\"@id\":\"https:\\\/\\\/www.climatepolicyinitiative.org\\\/pt-br\\\/event\\\/forum-brasileiro-de-financiamento-climatico\\\/#breadcrumb\",\"itemListElement\":[{\"@type\":\"ListItem\",\"position\":1,\"name\":\"Home\",\"item\":\"https:\\\/\\\/www.climatepolicyinitiative.org\\\/pt-br\\\/\"},{\"@type\":\"ListItem\",\"position\":2,\"name\":\"Events\",\"item\":\"https:\\\/\\\/www.climatepolicyinitiative.org\\\/event\\\/\"},{\"@type\":\"ListItem\",\"position\":3,\"name\":\"F\u00f3rum Brasileiro de Financiamento Clim\u00e1tico\"}]},{\"@type\":\"WebSite\",\"@id\":\"https:\\\/\\\/www.climatepolicyinitiative.org\\\/pt-br\\\/#website\",\"url\":\"https:\\\/\\\/www.climatepolicyinitiative.org\\\/pt-br\\\/\",\"name\":\"CPI\",\"description\":\"Climate Policy Initiative works to improve the most important energy and land use policies around the world, with a particular focus on finance.\",\"publisher\":{\"@id\":\"https:\\\/\\\/www.climatepolicyinitiative.org\\\/pt-br\\\/#organization\"},\"potentialAction\":[{\"@type\":\"SearchAction\",\"target\":{\"@type\":\"EntryPoint\",\"urlTemplate\":\"https:\\\/\\\/www.climatepolicyinitiative.org\\\/pt-br\\\/?s={search_term_string}\"},\"query-input\":{\"@type\":\"PropertyValueSpecification\",\"valueRequired\":true,\"valueName\":\"search_term_string\"}}],\"inLanguage\":\"pt-BR\"},{\"@type\":\"Organization\",\"@id\":\"https:\\\/\\\/www.climatepolicyinitiative.org\\\/pt-br\\\/#organization\",\"name\":\"Climate Policy Initiative\",\"url\":\"https:\\\/\\\/www.climatepolicyinitiative.org\\\/pt-br\\\/\",\"logo\":{\"@type\":\"ImageObject\",\"inLanguage\":\"pt-BR\",\"@id\":\"https:\\\/\\\/www.climatepolicyinitiative.org\\\/pt-br\\\/#\\\/schema\\\/logo\\\/image\\\/\",\"url\":\"https:\\\/\\\/www.climatepolicyinitiative.org\\\/wp-content\\\/uploads\\\/2021\\\/07\\\/CPI_logo_cmyk_transparent.png\",\"contentUrl\":\"https:\\\/\\\/www.climatepolicyinitiative.org\\\/wp-content\\\/uploads\\\/2021\\\/07\\\/CPI_logo_cmyk_transparent.png\",\"width\":1728,\"height\":720,\"caption\":\"Climate Policy Initiative\"},\"image\":{\"@id\":\"https:\\\/\\\/www.climatepolicyinitiative.org\\\/pt-br\\\/#\\\/schema\\\/logo\\\/image\\\/\"},\"sameAs\":[\"https:\\\/\\\/www.facebook.com\\\/ClimatePolicyInitiative\",\"https:\\\/\\\/x.com\\\/climatepolicy\",\"https:\\\/\\\/www.linkedin.com\\\/company\\\/climate-policy-initiative\\\/?lipi=urn:li:page:d_flagship3_search_srp_all;GvyQ8DliSYaW9eZhdq8RBQ==\",\"https:\\\/\\\/www.youtube.com\\\/channel\\\/UCE8V0iDgBU8mreZdBegVCcA\",\"https:\\\/\\\/en.wikipedia.org\\\/wiki\\\/Climate_Policy_Initiative\"]}]}<\/script>\n<!-- \/ Yoast SEO plugin. -->","yoast_head_json":{"title":"F\u00f3rum Brasileiro de Financiamento Clim\u00e1tico - CPI","robots":{"index":"index","follow":"follow","max-snippet":"max-snippet:-1","max-image-preview":"max-image-preview:large","max-video-preview":"max-video-preview:-1"},"canonical":"https:\/\/www.climatepolicyinitiative.org\/pt-br\/event\/forum-brasileiro-de-financiamento-climatico\/","og_locale":"pt_BR","og_type":"article","og_title":"F\u00f3rum Brasileiro de Financiamento Clim\u00e1tico - CPI","og_description":"\u00c0s v\u00e9speras da reuni\u00e3o dos Ministros da Fazenda do G20, em S\u00e3o Paulo, o Instituto Clima e Sociedade (iCS) organizou eventos paralelamente ao F\u00f3rum Brasileiro de Finan\u00e7as Clim\u00e1ticas. Especialistas do CPI participar\u00e3o dos paineis abaixo. A reforma da arquitetura do sistema financeiro internacional e a agenda do G20 10:00 &#8211; 11:30 Abertura: Maria Netto, iCS [&hellip;]","og_url":"https:\/\/www.climatepolicyinitiative.org\/pt-br\/event\/forum-brasileiro-de-financiamento-climatico\/","og_site_name":"CPI","article_publisher":"https:\/\/www.facebook.com\/ClimatePolicyInitiative","article_modified_time":"2024-02-27T01:15:44+00:00","og_image":[{"width":2560,"height":1703,"url":"https:\/\/www.climatepolicyinitiative.org\/wp-content\/uploads\/2024\/02\/Depositphotos_362863996_XL-scaled.jpg","type":"image\/jpeg"}],"twitter_card":"summary_large_image","twitter_site":"@climatepolicy","twitter_misc":{"Est. tempo de leitura":"1 minuto"},"schema":{"@context":"https:\/\/schema.org","@graph":[{"@type":"WebPage","@id":"https:\/\/www.climatepolicyinitiative.org\/pt-br\/event\/forum-brasileiro-de-financiamento-climatico\/","url":"https:\/\/www.climatepolicyinitiative.org\/pt-br\/event\/forum-brasileiro-de-financiamento-climatico\/","name":"F\u00f3rum Brasileiro de Financiamento Clim\u00e1tico - CPI","isPartOf":{"@id":"https:\/\/www.climatepolicyinitiative.org\/pt-br\/#website"},"primaryImageOfPage":{"@id":"https:\/\/www.climatepolicyinitiative.org\/pt-br\/event\/forum-brasileiro-de-financiamento-climatico\/#primaryimage"},"image":{"@id":"https:\/\/www.climatepolicyinitiative.org\/pt-br\/event\/forum-brasileiro-de-financiamento-climatico\/#primaryimage"},"thumbnailUrl":"https:\/\/www.climatepolicyinitiative.org\/wp-content\/uploads\/2024\/02\/Depositphotos_362863996_XL-scaled.jpg","datePublished":"2024-02-27T01:13:11+00:00","dateModified":"2024-02-27T01:15:44+00:00","breadcrumb":{"@id":"https:\/\/www.climatepolicyinitiative.org\/pt-br\/event\/forum-brasileiro-de-financiamento-climatico\/#breadcrumb"},"inLanguage":"pt-BR","potentialAction":[{"@type":"ReadAction","target":["https:\/\/www.climatepolicyinitiative.org\/pt-br\/event\/forum-brasileiro-de-financiamento-climatico\/"]}]},{"@type":"ImageObject","inLanguage":"pt-BR","@id":"https:\/\/www.climatepolicyinitiative.org\/pt-br\/event\/forum-brasileiro-de-financiamento-climatico\/#primaryimage","url":"https:\/\/www.climatepolicyinitiative.org\/wp-content\/uploads\/2024\/02\/Depositphotos_362863996_XL-scaled.jpg","contentUrl":"https:\/\/www.climatepolicyinitiative.org\/wp-content\/uploads\/2024\/02\/Depositphotos_362863996_XL-scaled.jpg","width":2560,"height":1703},{"@type":"BreadcrumbList","@id":"https:\/\/www.climatepolicyinitiative.org\/pt-br\/event\/forum-brasileiro-de-financiamento-climatico\/#breadcrumb","itemListElement":[{"@type":"ListItem","position":1,"name":"Home","item":"https:\/\/www.climatepolicyinitiative.org\/pt-br\/"},{"@type":"ListItem","position":2,"name":"Events","item":"https:\/\/www.climatepolicyinitiative.org\/event\/"},{"@type":"ListItem","position":3,"name":"F\u00f3rum Brasileiro de Financiamento Clim\u00e1tico"}]},{"@type":"WebSite","@id":"https:\/\/www.climatepolicyinitiative.org\/pt-br\/#website","url":"https:\/\/www.climatepolicyinitiative.org\/pt-br\/","name":"CPI","description":"Climate Policy Initiative works to improve the most important energy and land use policies around the world, with a particular focus on finance.","publisher":{"@id":"https:\/\/www.climatepolicyinitiative.org\/pt-br\/#organization"},"potentialAction":[{"@type":"SearchAction","target":{"@type":"EntryPoint","urlTemplate":"https:\/\/www.climatepolicyinitiative.org\/pt-br\/?s={search_term_string}"},"query-input":{"@type":"PropertyValueSpecification","valueRequired":true,"valueName":"search_term_string"}}],"inLanguage":"pt-BR"},{"@type":"Organization","@id":"https:\/\/www.climatepolicyinitiative.org\/pt-br\/#organization","name":"Climate Policy Initiative","url":"https:\/\/www.climatepolicyinitiative.org\/pt-br\/","logo":{"@type":"ImageObject","inLanguage":"pt-BR","@id":"https:\/\/www.climatepolicyinitiative.org\/pt-br\/#\/schema\/logo\/image\/","url":"https:\/\/www.climatepolicyinitiative.org\/wp-content\/uploads\/2021\/07\/CPI_logo_cmyk_transparent.png","contentUrl":"https:\/\/www.climatepolicyinitiative.org\/wp-content\/uploads\/2021\/07\/CPI_logo_cmyk_transparent.png","width":1728,"height":720,"caption":"Climate Policy Initiative"},"image":{"@id":"https:\/\/www.climatepolicyinitiative.org\/pt-br\/#\/schema\/logo\/image\/"},"sameAs":["https:\/\/www.facebook.com\/ClimatePolicyInitiative","https:\/\/x.com\/climatepolicy","https:\/\/www.linkedin.com\/company\/climate-policy-initiative\/?lipi=urn:li:page:d_flagship3_search_srp_all;GvyQ8DliSYaW9eZhdq8RBQ==","https:\/\/www.youtube.com\/channel\/UCE8V0iDgBU8mreZdBegVCcA","https:\/\/en.wikipedia.org\/wiki\/Climate_Policy_Initiative"]}]}},"_links":{"self":[{"href":"https:\/\/www.climatepolicyinitiative.org\/pt-br\/wp-json\/wp\/v2\/cpi_events\/68967","targetHints":{"allow":["GET"]}}],"collection":[{"href":"https:\/\/www.climatepolicyinitiative.org\/pt-br\/wp-json\/wp\/v2\/cpi_events"}],"about":[{"href":"https:\/\/www.climatepolicyinitiative.org\/pt-br\/wp-json\/wp\/v2\/types\/cpi_events"}],"wp:featuredmedia":[{"embeddable":true,"href":"https:\/\/www.climatepolicyinitiative.org\/pt-br\/wp-json\/wp\/v2\/media\/68965"}],"wp:attachment":[{"href":"https:\/\/www.climatepolicyinitiative.org\/pt-br\/wp-json\/wp\/v2\/media?parent=68967"}],"wp:term":[{"taxonomy":"programs","embeddable":true,"href":"https:\/\/www.climatepolicyinitiative.org\/pt-br\/wp-json\/wp\/v2\/programs?post=68967"},{"taxonomy":"regions","embeddable":true,"href":"https:\/\/www.climatepolicyinitiative.org\/pt-br\/wp-json\/wp\/v2\/regions?post=68967"},{"taxonomy":"topics","embeddable":true,"href":"https:\/\/www.climatepolicyinitiative.org\/pt-br\/wp-json\/wp\/v2\/topics?post=68967"},{"taxonomy":"collaborations","embeddable":true,"href":"https:\/\/www.climatepolicyinitiative.org\/pt-br\/wp-json\/wp\/v2\/collaborations?post=68967"}],"curies":[{"name":"wp","href":"https:\/\/api.w.org\/{rel}","templated":true}]}}