{"id":47519,"date":"2022-06-27T19:42:22","date_gmt":"2022-06-27T19:42:22","guid":{"rendered":"https:\/\/www.climatepolicyinitiative.org\/?post_type=cpi_events&#038;p=47519"},"modified":"2022-09-21T17:37:35","modified_gmt":"2022-09-21T17:37:35","slug":"webinar-cancelamento-de-car-em-terras-indigenas-desafios-e-propostas-para-um-melhor-regulamentacao","status":"publish","type":"cpi_events","link":"https:\/\/www.climatepolicyinitiative.org\/pt-br\/event\/webinar-cancelamento-de-car-em-terras-indigenas-desafios-e-propostas-para-um-melhor-regulamentacao\/","title":{"rendered":"Webinar: Cancelamento de CAR em Terras Ind\u00edgenas: Desafios e Propostas para um Melhor Regulamenta\u00e7\u00e3o"},"content":{"rendered":"\n<p>Milhares de hectares em Terras Ind\u00edgenas v\u00eam sendo objeto de inscri\u00e7\u00e3o irregular no Cadastro Ambiental Rural (CAR), promovendo danos ambientais e conflitos fundi\u00e1rios.<\/p>\n\n\n\n<p>De acordo com o Servi\u00e7o Florestal Brasileiro, h\u00e1 em torno de 6.775 cadastros sobrepostos a Terras Ind\u00edgenas homologadas e dados recentes indicam que a inscri\u00e7\u00e3o de novas \u00e1reas do CAR, em sobreposi\u00e7\u00e3o a \u00e1reas protegidas, aumentou 56% nos \u00faltimos dois anos. O&nbsp;cancelamento&nbsp;desses cadastros \u00e9 uma quest\u00e3o de ordem fundi\u00e1ria, social e ambiental e deve ser tratada de modo priorit\u00e1rio e urgente.<\/p>\n\n\n\n<p><strong>No dia&nbsp;29 de junho, das 16h \u00e0s 18h, o CPI\/PUC-Rio realiza o&nbsp;webinar&nbsp;de lan\u00e7amento da publica\u00e7\u00e3o&nbsp;<a href=\"https:\/\/www.climatepolicyinitiative.org\/pt-br\/publication\/cancelamento-de-car-em-terras-indigenas-desafios-e-propostas-para-uma-melhor-implementacao\/\" target=\"_blank\" rel=\"noreferrer noopener\">Cancelamento&nbsp;de CAR em Terras Ind\u00edgenas: Desafios e Propostas para uma Melhor Regulamenta\u00e7\u00e3o.<\/a><\/strong><\/p>\n\n\n\n<h2 class=\"wp-block-heading\">AGENDA<\/h2>\n\n\n\n<p><strong>ABERTURA E MEDIA\u00c7\u00c3O<\/strong><br><strong>Joana Chiavari<\/strong> <br><em>Diretora Associada, Direito e Governan\u00e7a do Clima, CPI\/PUC-Rio&nbsp;<\/em><\/p>\n\n\n\n<p><strong>APRESENTA\u00c7\u00c3O<\/strong><br><strong>Cristina Leme Lopes<\/strong><br><em>Gerente de Pesquisa, Direito e Governan\u00e7a do Clima,&nbsp;CPI\/PUC-Rio<\/em><\/p>\n\n\n\n<p><strong>DEBATEDORES<\/strong><br><strong>Luiz Eloy Terena<\/strong><br><em>Coordenador Jur\u00eddico da APIB\/COIAB<\/em><\/p>\n\n\n\n<p><strong>Gustavo Kenner Alc\u00e2ntara<\/strong><br><em>Procurador da Rep\u00fablica 1\u00ba Of\u00edcio\/Santar\u00e9m\/PA, MPF<strong>&nbsp;<\/strong><\/em><\/p>\n\n\n\n<p><strong>Juliana de Paula Batista<\/strong><br><em>Advogada S\u00eanior do ISA<\/em><\/p>\n\n\n\n<p><strong>Rodolpho Bastos &nbsp;<\/strong><br><em>Secret\u00e1rio Adjunto de Gest\u00e3o e Regularidade Ambiental, da SEMAS\/PA<\/em><\/p>\n\n\n\n<p><span class=\"button\"><strong><a href=\"https:\/\/youtu.be\/XVh5p8J-eV0\" target=\"_blank\" rel=\"noreferrer noopener\">Assista ao webinar<\/a><\/strong><\/span><\/p>\n","protected":false},"excerpt":{"rendered":"<p>Milhares de hectares em Terras Ind\u00edgenas v\u00eam sendo objeto de inscri\u00e7\u00e3o irregular no Cadastro Ambiental Rural (CAR), promovendo danos ambientais e conflitos fundi\u00e1rios. De acordo com o Servi\u00e7o Florestal Brasileiro, h\u00e1 em torno de 6.775 cadastros sobrepostos a Terras Ind\u00edgenas homologadas e dados recentes indicam que a inscri\u00e7\u00e3o de novas \u00e1reas do CAR, em sobreposi\u00e7\u00e3o [&hellip;]<\/p>\n","protected":false},"featured_media":47530,"menu_order":0,"template":"","format":"standard","meta":{"_acf_changed":false},"programs":[1241],"regions":[1377],"topics":[1246,1249,1267,1320],"collaborations":[],"class_list":["post-47519","cpi_events","type-cpi_events","status-publish","format-standard","has-post-thumbnail","hentry","programs-brazil-policy-center","regions-brasil","topics-codigo-florestal","topics-conservacao-de-recursos-naturais","topics-direito-e-governanca-do-clima","topics-uso-da-terra-e-conservacao"],"acf":[],"yoast_head":"<!-- This site is optimized with the Yoast SEO plugin v27.3 - https:\/\/yoast.com\/product\/yoast-seo-wordpress\/ -->\n<title>Webinar: Cancelamento de CAR em Terras Ind\u00edgenas: Desafios e Propostas para um Melhor Regulamenta\u00e7\u00e3o - CPI<\/title>\n<meta name=\"robots\" content=\"index, follow, max-snippet:-1, max-image-preview:large, max-video-preview:-1\" \/>\n<link rel=\"canonical\" href=\"https:\/\/www.climatepolicyinitiative.org\/pt-br\/event\/webinar-cancelamento-de-car-em-terras-indigenas-desafios-e-propostas-para-um-melhor-regulamentacao\/\" \/>\n<meta property=\"og:locale\" content=\"pt_BR\" \/>\n<meta property=\"og:type\" content=\"article\" \/>\n<meta property=\"og:title\" content=\"Webinar: Cancelamento de CAR em Terras Ind\u00edgenas: Desafios e Propostas para um Melhor Regulamenta\u00e7\u00e3o - CPI\" \/>\n<meta property=\"og:description\" content=\"Milhares de hectares em Terras Ind\u00edgenas v\u00eam sendo objeto de inscri\u00e7\u00e3o irregular no Cadastro Ambiental Rural (CAR), promovendo danos ambientais e conflitos fundi\u00e1rios. De acordo com o Servi\u00e7o Florestal Brasileiro, h\u00e1 em torno de 6.775 cadastros sobrepostos a Terras Ind\u00edgenas homologadas e dados recentes indicam que a inscri\u00e7\u00e3o de novas \u00e1reas do CAR, em sobreposi\u00e7\u00e3o [&hellip;]\" \/>\n<meta property=\"og:url\" content=\"https:\/\/www.climatepolicyinitiative.org\/pt-br\/event\/webinar-cancelamento-de-car-em-terras-indigenas-desafios-e-propostas-para-um-melhor-regulamentacao\/\" \/>\n<meta property=\"og:site_name\" content=\"CPI\" \/>\n<meta property=\"article:publisher\" content=\"https:\/\/www.facebook.com\/ClimatePolicyInitiative\" \/>\n<meta property=\"article:modified_time\" content=\"2022-09-21T17:37:35+00:00\" \/>\n<meta property=\"og:image\" content=\"https:\/\/www.climatepolicyinitiative.org\/wp-content\/uploads\/2022\/06\/WEBINAR-SITE-1-1024x576.png\" \/>\n\t<meta property=\"og:image:width\" content=\"1024\" \/>\n\t<meta property=\"og:image:height\" content=\"576\" \/>\n\t<meta property=\"og:image:type\" content=\"image\/png\" \/>\n<meta name=\"twitter:card\" content=\"summary_large_image\" \/>\n<meta name=\"twitter:site\" content=\"@climatepolicy\" \/>\n<meta name=\"twitter:label1\" content=\"Est. tempo de leitura\" \/>\n\t<meta name=\"twitter:data1\" content=\"1 minuto\" \/>\n<script type=\"application\/ld+json\" class=\"yoast-schema-graph\">{\"@context\":\"https:\\\/\\\/schema.org\",\"@graph\":[{\"@type\":\"WebPage\",\"@id\":\"https:\\\/\\\/www.climatepolicyinitiative.org\\\/pt-br\\\/event\\\/webinar-cancelamento-de-car-em-terras-indigenas-desafios-e-propostas-para-um-melhor-regulamentacao\\\/\",\"url\":\"https:\\\/\\\/www.climatepolicyinitiative.org\\\/pt-br\\\/event\\\/webinar-cancelamento-de-car-em-terras-indigenas-desafios-e-propostas-para-um-melhor-regulamentacao\\\/\",\"name\":\"Webinar: Cancelamento de CAR em Terras Ind\u00edgenas: Desafios e Propostas para um Melhor Regulamenta\u00e7\u00e3o - CPI\",\"isPartOf\":{\"@id\":\"https:\\\/\\\/www.climatepolicyinitiative.org\\\/pt-br\\\/#website\"},\"primaryImageOfPage\":{\"@id\":\"https:\\\/\\\/www.climatepolicyinitiative.org\\\/pt-br\\\/event\\\/webinar-cancelamento-de-car-em-terras-indigenas-desafios-e-propostas-para-um-melhor-regulamentacao\\\/#primaryimage\"},\"image\":{\"@id\":\"https:\\\/\\\/www.climatepolicyinitiative.org\\\/pt-br\\\/event\\\/webinar-cancelamento-de-car-em-terras-indigenas-desafios-e-propostas-para-um-melhor-regulamentacao\\\/#primaryimage\"},\"thumbnailUrl\":\"https:\\\/\\\/www.climatepolicyinitiative.org\\\/wp-content\\\/uploads\\\/2022\\\/06\\\/WEBINAR-SITE-1.png\",\"datePublished\":\"2022-06-27T19:42:22+00:00\",\"dateModified\":\"2022-09-21T17:37:35+00:00\",\"breadcrumb\":{\"@id\":\"https:\\\/\\\/www.climatepolicyinitiative.org\\\/pt-br\\\/event\\\/webinar-cancelamento-de-car-em-terras-indigenas-desafios-e-propostas-para-um-melhor-regulamentacao\\\/#breadcrumb\"},\"inLanguage\":\"pt-BR\",\"potentialAction\":[{\"@type\":\"ReadAction\",\"target\":[\"https:\\\/\\\/www.climatepolicyinitiative.org\\\/pt-br\\\/event\\\/webinar-cancelamento-de-car-em-terras-indigenas-desafios-e-propostas-para-um-melhor-regulamentacao\\\/\"]}]},{\"@type\":\"ImageObject\",\"inLanguage\":\"pt-BR\",\"@id\":\"https:\\\/\\\/www.climatepolicyinitiative.org\\\/pt-br\\\/event\\\/webinar-cancelamento-de-car-em-terras-indigenas-desafios-e-propostas-para-um-melhor-regulamentacao\\\/#primaryimage\",\"url\":\"https:\\\/\\\/www.climatepolicyinitiative.org\\\/wp-content\\\/uploads\\\/2022\\\/06\\\/WEBINAR-SITE-1.png\",\"contentUrl\":\"https:\\\/\\\/www.climatepolicyinitiative.org\\\/wp-content\\\/uploads\\\/2022\\\/06\\\/WEBINAR-SITE-1.png\",\"width\":1200,\"height\":675},{\"@type\":\"BreadcrumbList\",\"@id\":\"https:\\\/\\\/www.climatepolicyinitiative.org\\\/pt-br\\\/event\\\/webinar-cancelamento-de-car-em-terras-indigenas-desafios-e-propostas-para-um-melhor-regulamentacao\\\/#breadcrumb\",\"itemListElement\":[{\"@type\":\"ListItem\",\"position\":1,\"name\":\"Home\",\"item\":\"https:\\\/\\\/www.climatepolicyinitiative.org\\\/pt-br\\\/\"},{\"@type\":\"ListItem\",\"position\":2,\"name\":\"Events\",\"item\":\"https:\\\/\\\/www.climatepolicyinitiative.org\\\/event\\\/\"},{\"@type\":\"ListItem\",\"position\":3,\"name\":\"Webinar: Cancelamento de CAR em Terras Ind\u00edgenas: Desafios e Propostas para um Melhor Regulamenta\u00e7\u00e3o\"}]},{\"@type\":\"WebSite\",\"@id\":\"https:\\\/\\\/www.climatepolicyinitiative.org\\\/pt-br\\\/#website\",\"url\":\"https:\\\/\\\/www.climatepolicyinitiative.org\\\/pt-br\\\/\",\"name\":\"CPI\",\"description\":\"Climate Policy Initiative works to improve the most important energy and land use policies around the world, with a particular focus on finance.\",\"publisher\":{\"@id\":\"https:\\\/\\\/www.climatepolicyinitiative.org\\\/pt-br\\\/#organization\"},\"potentialAction\":[{\"@type\":\"SearchAction\",\"target\":{\"@type\":\"EntryPoint\",\"urlTemplate\":\"https:\\\/\\\/www.climatepolicyinitiative.org\\\/pt-br\\\/?s={search_term_string}\"},\"query-input\":{\"@type\":\"PropertyValueSpecification\",\"valueRequired\":true,\"valueName\":\"search_term_string\"}}],\"inLanguage\":\"pt-BR\"},{\"@type\":\"Organization\",\"@id\":\"https:\\\/\\\/www.climatepolicyinitiative.org\\\/pt-br\\\/#organization\",\"name\":\"Climate Policy Initiative\",\"url\":\"https:\\\/\\\/www.climatepolicyinitiative.org\\\/pt-br\\\/\",\"logo\":{\"@type\":\"ImageObject\",\"inLanguage\":\"pt-BR\",\"@id\":\"https:\\\/\\\/www.climatepolicyinitiative.org\\\/pt-br\\\/#\\\/schema\\\/logo\\\/image\\\/\",\"url\":\"https:\\\/\\\/www.climatepolicyinitiative.org\\\/wp-content\\\/uploads\\\/2021\\\/07\\\/CPI_logo_cmyk_transparent.png\",\"contentUrl\":\"https:\\\/\\\/www.climatepolicyinitiative.org\\\/wp-content\\\/uploads\\\/2021\\\/07\\\/CPI_logo_cmyk_transparent.png\",\"width\":1728,\"height\":720,\"caption\":\"Climate Policy Initiative\"},\"image\":{\"@id\":\"https:\\\/\\\/www.climatepolicyinitiative.org\\\/pt-br\\\/#\\\/schema\\\/logo\\\/image\\\/\"},\"sameAs\":[\"https:\\\/\\\/www.facebook.com\\\/ClimatePolicyInitiative\",\"https:\\\/\\\/x.com\\\/climatepolicy\",\"https:\\\/\\\/www.linkedin.com\\\/company\\\/climate-policy-initiative\\\/?lipi=urn:li:page:d_flagship3_search_srp_all;GvyQ8DliSYaW9eZhdq8RBQ==\",\"https:\\\/\\\/www.youtube.com\\\/channel\\\/UCE8V0iDgBU8mreZdBegVCcA\",\"https:\\\/\\\/en.wikipedia.org\\\/wiki\\\/Climate_Policy_Initiative\"]}]}<\/script>\n<!-- \/ Yoast SEO plugin. -->","yoast_head_json":{"title":"Webinar: Cancelamento de CAR em Terras Ind\u00edgenas: Desafios e Propostas para um Melhor Regulamenta\u00e7\u00e3o - CPI","robots":{"index":"index","follow":"follow","max-snippet":"max-snippet:-1","max-image-preview":"max-image-preview:large","max-video-preview":"max-video-preview:-1"},"canonical":"https:\/\/www.climatepolicyinitiative.org\/pt-br\/event\/webinar-cancelamento-de-car-em-terras-indigenas-desafios-e-propostas-para-um-melhor-regulamentacao\/","og_locale":"pt_BR","og_type":"article","og_title":"Webinar: Cancelamento de CAR em Terras Ind\u00edgenas: Desafios e Propostas para um Melhor Regulamenta\u00e7\u00e3o - CPI","og_description":"Milhares de hectares em Terras Ind\u00edgenas v\u00eam sendo objeto de inscri\u00e7\u00e3o irregular no Cadastro Ambiental Rural (CAR), promovendo danos ambientais e conflitos fundi\u00e1rios. De acordo com o Servi\u00e7o Florestal Brasileiro, h\u00e1 em torno de 6.775 cadastros sobrepostos a Terras Ind\u00edgenas homologadas e dados recentes indicam que a inscri\u00e7\u00e3o de novas \u00e1reas do CAR, em sobreposi\u00e7\u00e3o [&hellip;]","og_url":"https:\/\/www.climatepolicyinitiative.org\/pt-br\/event\/webinar-cancelamento-de-car-em-terras-indigenas-desafios-e-propostas-para-um-melhor-regulamentacao\/","og_site_name":"CPI","article_publisher":"https:\/\/www.facebook.com\/ClimatePolicyInitiative","article_modified_time":"2022-09-21T17:37:35+00:00","og_image":[{"width":1024,"height":576,"url":"https:\/\/www.climatepolicyinitiative.org\/wp-content\/uploads\/2022\/06\/WEBINAR-SITE-1-1024x576.png","type":"image\/png"}],"twitter_card":"summary_large_image","twitter_site":"@climatepolicy","twitter_misc":{"Est. tempo de leitura":"1 minuto"},"schema":{"@context":"https:\/\/schema.org","@graph":[{"@type":"WebPage","@id":"https:\/\/www.climatepolicyinitiative.org\/pt-br\/event\/webinar-cancelamento-de-car-em-terras-indigenas-desafios-e-propostas-para-um-melhor-regulamentacao\/","url":"https:\/\/www.climatepolicyinitiative.org\/pt-br\/event\/webinar-cancelamento-de-car-em-terras-indigenas-desafios-e-propostas-para-um-melhor-regulamentacao\/","name":"Webinar: Cancelamento de CAR em Terras Ind\u00edgenas: Desafios e Propostas para um Melhor Regulamenta\u00e7\u00e3o - CPI","isPartOf":{"@id":"https:\/\/www.climatepolicyinitiative.org\/pt-br\/#website"},"primaryImageOfPage":{"@id":"https:\/\/www.climatepolicyinitiative.org\/pt-br\/event\/webinar-cancelamento-de-car-em-terras-indigenas-desafios-e-propostas-para-um-melhor-regulamentacao\/#primaryimage"},"image":{"@id":"https:\/\/www.climatepolicyinitiative.org\/pt-br\/event\/webinar-cancelamento-de-car-em-terras-indigenas-desafios-e-propostas-para-um-melhor-regulamentacao\/#primaryimage"},"thumbnailUrl":"https:\/\/www.climatepolicyinitiative.org\/wp-content\/uploads\/2022\/06\/WEBINAR-SITE-1.png","datePublished":"2022-06-27T19:42:22+00:00","dateModified":"2022-09-21T17:37:35+00:00","breadcrumb":{"@id":"https:\/\/www.climatepolicyinitiative.org\/pt-br\/event\/webinar-cancelamento-de-car-em-terras-indigenas-desafios-e-propostas-para-um-melhor-regulamentacao\/#breadcrumb"},"inLanguage":"pt-BR","potentialAction":[{"@type":"ReadAction","target":["https:\/\/www.climatepolicyinitiative.org\/pt-br\/event\/webinar-cancelamento-de-car-em-terras-indigenas-desafios-e-propostas-para-um-melhor-regulamentacao\/"]}]},{"@type":"ImageObject","inLanguage":"pt-BR","@id":"https:\/\/www.climatepolicyinitiative.org\/pt-br\/event\/webinar-cancelamento-de-car-em-terras-indigenas-desafios-e-propostas-para-um-melhor-regulamentacao\/#primaryimage","url":"https:\/\/www.climatepolicyinitiative.org\/wp-content\/uploads\/2022\/06\/WEBINAR-SITE-1.png","contentUrl":"https:\/\/www.climatepolicyinitiative.org\/wp-content\/uploads\/2022\/06\/WEBINAR-SITE-1.png","width":1200,"height":675},{"@type":"BreadcrumbList","@id":"https:\/\/www.climatepolicyinitiative.org\/pt-br\/event\/webinar-cancelamento-de-car-em-terras-indigenas-desafios-e-propostas-para-um-melhor-regulamentacao\/#breadcrumb","itemListElement":[{"@type":"ListItem","position":1,"name":"Home","item":"https:\/\/www.climatepolicyinitiative.org\/pt-br\/"},{"@type":"ListItem","position":2,"name":"Events","item":"https:\/\/www.climatepolicyinitiative.org\/event\/"},{"@type":"ListItem","position":3,"name":"Webinar: Cancelamento de CAR em Terras Ind\u00edgenas: Desafios e Propostas para um Melhor Regulamenta\u00e7\u00e3o"}]},{"@type":"WebSite","@id":"https:\/\/www.climatepolicyinitiative.org\/pt-br\/#website","url":"https:\/\/www.climatepolicyinitiative.org\/pt-br\/","name":"CPI","description":"Climate Policy Initiative works to improve the most important energy and land use policies around the world, with a particular focus on finance.","publisher":{"@id":"https:\/\/www.climatepolicyinitiative.org\/pt-br\/#organization"},"potentialAction":[{"@type":"SearchAction","target":{"@type":"EntryPoint","urlTemplate":"https:\/\/www.climatepolicyinitiative.org\/pt-br\/?s={search_term_string}"},"query-input":{"@type":"PropertyValueSpecification","valueRequired":true,"valueName":"search_term_string"}}],"inLanguage":"pt-BR"},{"@type":"Organization","@id":"https:\/\/www.climatepolicyinitiative.org\/pt-br\/#organization","name":"Climate Policy Initiative","url":"https:\/\/www.climatepolicyinitiative.org\/pt-br\/","logo":{"@type":"ImageObject","inLanguage":"pt-BR","@id":"https:\/\/www.climatepolicyinitiative.org\/pt-br\/#\/schema\/logo\/image\/","url":"https:\/\/www.climatepolicyinitiative.org\/wp-content\/uploads\/2021\/07\/CPI_logo_cmyk_transparent.png","contentUrl":"https:\/\/www.climatepolicyinitiative.org\/wp-content\/uploads\/2021\/07\/CPI_logo_cmyk_transparent.png","width":1728,"height":720,"caption":"Climate Policy Initiative"},"image":{"@id":"https:\/\/www.climatepolicyinitiative.org\/pt-br\/#\/schema\/logo\/image\/"},"sameAs":["https:\/\/www.facebook.com\/ClimatePolicyInitiative","https:\/\/x.com\/climatepolicy","https:\/\/www.linkedin.com\/company\/climate-policy-initiative\/?lipi=urn:li:page:d_flagship3_search_srp_all;GvyQ8DliSYaW9eZhdq8RBQ==","https:\/\/www.youtube.com\/channel\/UCE8V0iDgBU8mreZdBegVCcA","https:\/\/en.wikipedia.org\/wiki\/Climate_Policy_Initiative"]}]}},"_links":{"self":[{"href":"https:\/\/www.climatepolicyinitiative.org\/pt-br\/wp-json\/wp\/v2\/cpi_events\/47519","targetHints":{"allow":["GET"]}}],"collection":[{"href":"https:\/\/www.climatepolicyinitiative.org\/pt-br\/wp-json\/wp\/v2\/cpi_events"}],"about":[{"href":"https:\/\/www.climatepolicyinitiative.org\/pt-br\/wp-json\/wp\/v2\/types\/cpi_events"}],"wp:featuredmedia":[{"embeddable":true,"href":"https:\/\/www.climatepolicyinitiative.org\/pt-br\/wp-json\/wp\/v2\/media\/47530"}],"wp:attachment":[{"href":"https:\/\/www.climatepolicyinitiative.org\/pt-br\/wp-json\/wp\/v2\/media?parent=47519"}],"wp:term":[{"taxonomy":"programs","embeddable":true,"href":"https:\/\/www.climatepolicyinitiative.org\/pt-br\/wp-json\/wp\/v2\/programs?post=47519"},{"taxonomy":"regions","embeddable":true,"href":"https:\/\/www.climatepolicyinitiative.org\/pt-br\/wp-json\/wp\/v2\/regions?post=47519"},{"taxonomy":"topics","embeddable":true,"href":"https:\/\/www.climatepolicyinitiative.org\/pt-br\/wp-json\/wp\/v2\/topics?post=47519"},{"taxonomy":"collaborations","embeddable":true,"href":"https:\/\/www.climatepolicyinitiative.org\/pt-br\/wp-json\/wp\/v2\/collaborations?post=47519"}],"curies":[{"name":"wp","href":"https:\/\/api.w.org\/{rel}","templated":true}]}}