{"id":44539,"date":"2022-01-21T12:18:37","date_gmt":"2022-01-21T12:18:37","guid":{"rendered":"https:\/\/www.climatepolicyinitiative.org\/?post_type=cpi_events&#038;p=44539"},"modified":"2022-01-24T13:50:09","modified_gmt":"2022-01-24T13:50:09","slug":"webinar-o-papel-do-seguro-rural-na-gestao-de-riscos-agropecuarios","status":"publish","type":"cpi_events","link":"https:\/\/www.climatepolicyinitiative.org\/pt-br\/event\/webinar-o-papel-do-seguro-rural-na-gestao-de-riscos-agropecuarios\/","title":{"rendered":"Webinar: O Papel do Seguro Rural na Gest\u00e3o de Riscos Agropecu\u00e1rios"},"content":{"rendered":"\n<p>A Coaliz\u00e3o Brasil Clima, Floresta e Agricultura, com apoio da Agroicone, CPI\/PUC-Rio e WWF Brasil,\u00a0convida para o webinar <strong>&#8220;O papel do Seguro Rural na Gest\u00e3o Integrada de Riscos Agropecu\u00e1rios&#8221;, no dia 8 de fevereiro das 10h \u00e0s 11h30<\/strong>\u00a0(hor\u00e1rio de Bras\u00edlia).\u00a0<\/p>\n\n\n\n<p>O objetivo desse evento \u00e9 contribuir para o aprimoramento da agenda de seguro rural. \u00c9 necess\u00e1rio desenvolver uma agenda de trabalho para que este instrumento seja indutor de boas pr\u00e1ticas e tecnologias no campo, contribuindo para a redu\u00e7\u00e3o dos crescentes riscos clim\u00e1ticos.&nbsp;<\/p>\n\n\n\n<p>A elabora\u00e7\u00e3o de pol\u00edticas p\u00fablicas e pesquisa aplicada s\u00e3o fundamentais para o advento da gest\u00e3o integrada de riscos \u00e0 agropecu\u00e1ria. No webinar, os debatedores tamb\u00e9m destacar\u00e3o experi\u00eancias de sucesso no campo, onde neg\u00f3cios sustent\u00e1veis foram combinados com o seguro rural pago pela venda de cr\u00e9ditos de carbono.<\/p>\n","protected":false},"excerpt":{"rendered":"<p>A Coaliz\u00e3o Brasil Clima, Floresta e Agricultura, com apoio da Agroicone, CPI\/PUC-Rio e WWF Brasil,\u00a0convida para o webinar &#8220;O papel do Seguro Rural na Gest\u00e3o Integrada de Riscos Agropecu\u00e1rios&#8221;, no dia 8 de fevereiro das 10h \u00e0s 11h30\u00a0(hor\u00e1rio de Bras\u00edlia).\u00a0 O objetivo desse evento \u00e9 contribuir para o aprimoramento da agenda de seguro rural. \u00c9 [&hellip;]<\/p>\n","protected":false},"featured_media":44540,"menu_order":0,"template":"","format":"standard","meta":{"_acf_changed":false},"programs":[1241],"regions":[1377],"topics":[1341],"collaborations":[],"class_list":["post-44539","cpi_events","type-cpi_events","status-publish","format-standard","has-post-thumbnail","hentry","programs-brazil-policy-center","regions-brasil","topics-seguro-rural"],"acf":[],"yoast_head":"<!-- This site is optimized with the Yoast SEO plugin v27.3 - https:\/\/yoast.com\/product\/yoast-seo-wordpress\/ -->\n<title>Webinar: O Papel do Seguro Rural na Gest\u00e3o de Riscos Agropecu\u00e1rios - CPI<\/title>\n<meta name=\"robots\" content=\"index, follow, max-snippet:-1, max-image-preview:large, max-video-preview:-1\" \/>\n<link rel=\"canonical\" href=\"https:\/\/www.climatepolicyinitiative.org\/pt-br\/event\/webinar-o-papel-do-seguro-rural-na-gestao-de-riscos-agropecuarios\/\" \/>\n<meta property=\"og:locale\" content=\"pt_BR\" \/>\n<meta property=\"og:type\" content=\"article\" \/>\n<meta property=\"og:title\" content=\"Webinar: O Papel do Seguro Rural na Gest\u00e3o de Riscos Agropecu\u00e1rios - CPI\" \/>\n<meta property=\"og:description\" content=\"A Coaliz\u00e3o Brasil Clima, Floresta e Agricultura, com apoio da Agroicone, CPI\/PUC-Rio e WWF Brasil,\u00a0convida para o webinar &#8220;O papel do Seguro Rural na Gest\u00e3o Integrada de Riscos Agropecu\u00e1rios&#8221;, no dia 8 de fevereiro das 10h \u00e0s 11h30\u00a0(hor\u00e1rio de Bras\u00edlia).\u00a0 O objetivo desse evento \u00e9 contribuir para o aprimoramento da agenda de seguro rural. \u00c9 [&hellip;]\" \/>\n<meta property=\"og:url\" content=\"https:\/\/www.climatepolicyinitiative.org\/pt-br\/event\/webinar-o-papel-do-seguro-rural-na-gestao-de-riscos-agropecuarios\/\" \/>\n<meta property=\"og:site_name\" content=\"CPI\" \/>\n<meta property=\"article:publisher\" content=\"https:\/\/www.facebook.com\/ClimatePolicyInitiative\" \/>\n<meta property=\"article:modified_time\" content=\"2022-01-24T13:50:09+00:00\" \/>\n<meta property=\"og:image\" content=\"https:\/\/www.climatepolicyinitiative.org\/wp-content\/uploads\/2022\/01\/convite-mailing.jpg\" \/>\n\t<meta property=\"og:image:width\" content=\"1200\" \/>\n\t<meta property=\"og:image:height\" content=\"1196\" \/>\n\t<meta property=\"og:image:type\" content=\"image\/jpeg\" \/>\n<meta name=\"twitter:card\" content=\"summary_large_image\" \/>\n<meta name=\"twitter:site\" content=\"@climatepolicy\" \/>\n<meta name=\"twitter:label1\" content=\"Est. tempo de leitura\" \/>\n\t<meta name=\"twitter:data1\" content=\"1 minuto\" \/>\n<script type=\"application\/ld+json\" class=\"yoast-schema-graph\">{\"@context\":\"https:\\\/\\\/schema.org\",\"@graph\":[{\"@type\":\"WebPage\",\"@id\":\"https:\\\/\\\/www.climatepolicyinitiative.org\\\/pt-br\\\/event\\\/webinar-o-papel-do-seguro-rural-na-gestao-de-riscos-agropecuarios\\\/\",\"url\":\"https:\\\/\\\/www.climatepolicyinitiative.org\\\/pt-br\\\/event\\\/webinar-o-papel-do-seguro-rural-na-gestao-de-riscos-agropecuarios\\\/\",\"name\":\"Webinar: O Papel do Seguro Rural na Gest\u00e3o de Riscos Agropecu\u00e1rios - CPI\",\"isPartOf\":{\"@id\":\"https:\\\/\\\/www.climatepolicyinitiative.org\\\/pt-br\\\/#website\"},\"primaryImageOfPage\":{\"@id\":\"https:\\\/\\\/www.climatepolicyinitiative.org\\\/pt-br\\\/event\\\/webinar-o-papel-do-seguro-rural-na-gestao-de-riscos-agropecuarios\\\/#primaryimage\"},\"image\":{\"@id\":\"https:\\\/\\\/www.climatepolicyinitiative.org\\\/pt-br\\\/event\\\/webinar-o-papel-do-seguro-rural-na-gestao-de-riscos-agropecuarios\\\/#primaryimage\"},\"thumbnailUrl\":\"https:\\\/\\\/www.climatepolicyinitiative.org\\\/wp-content\\\/uploads\\\/2022\\\/01\\\/convite-mailing.jpg\",\"datePublished\":\"2022-01-21T12:18:37+00:00\",\"dateModified\":\"2022-01-24T13:50:09+00:00\",\"breadcrumb\":{\"@id\":\"https:\\\/\\\/www.climatepolicyinitiative.org\\\/pt-br\\\/event\\\/webinar-o-papel-do-seguro-rural-na-gestao-de-riscos-agropecuarios\\\/#breadcrumb\"},\"inLanguage\":\"pt-BR\",\"potentialAction\":[{\"@type\":\"ReadAction\",\"target\":[\"https:\\\/\\\/www.climatepolicyinitiative.org\\\/pt-br\\\/event\\\/webinar-o-papel-do-seguro-rural-na-gestao-de-riscos-agropecuarios\\\/\"]}]},{\"@type\":\"ImageObject\",\"inLanguage\":\"pt-BR\",\"@id\":\"https:\\\/\\\/www.climatepolicyinitiative.org\\\/pt-br\\\/event\\\/webinar-o-papel-do-seguro-rural-na-gestao-de-riscos-agropecuarios\\\/#primaryimage\",\"url\":\"https:\\\/\\\/www.climatepolicyinitiative.org\\\/wp-content\\\/uploads\\\/2022\\\/01\\\/convite-mailing.jpg\",\"contentUrl\":\"https:\\\/\\\/www.climatepolicyinitiative.org\\\/wp-content\\\/uploads\\\/2022\\\/01\\\/convite-mailing.jpg\",\"width\":1200,\"height\":1196},{\"@type\":\"BreadcrumbList\",\"@id\":\"https:\\\/\\\/www.climatepolicyinitiative.org\\\/pt-br\\\/event\\\/webinar-o-papel-do-seguro-rural-na-gestao-de-riscos-agropecuarios\\\/#breadcrumb\",\"itemListElement\":[{\"@type\":\"ListItem\",\"position\":1,\"name\":\"Home\",\"item\":\"https:\\\/\\\/www.climatepolicyinitiative.org\\\/pt-br\\\/\"},{\"@type\":\"ListItem\",\"position\":2,\"name\":\"Events\",\"item\":\"https:\\\/\\\/www.climatepolicyinitiative.org\\\/event\\\/\"},{\"@type\":\"ListItem\",\"position\":3,\"name\":\"Webinar: O Papel do Seguro Rural na Gest\u00e3o de Riscos Agropecu\u00e1rios\"}]},{\"@type\":\"WebSite\",\"@id\":\"https:\\\/\\\/www.climatepolicyinitiative.org\\\/pt-br\\\/#website\",\"url\":\"https:\\\/\\\/www.climatepolicyinitiative.org\\\/pt-br\\\/\",\"name\":\"CPI\",\"description\":\"Climate Policy Initiative works to improve the most important energy and land use policies around the world, with a particular focus on finance.\",\"publisher\":{\"@id\":\"https:\\\/\\\/www.climatepolicyinitiative.org\\\/pt-br\\\/#organization\"},\"potentialAction\":[{\"@type\":\"SearchAction\",\"target\":{\"@type\":\"EntryPoint\",\"urlTemplate\":\"https:\\\/\\\/www.climatepolicyinitiative.org\\\/pt-br\\\/?s={search_term_string}\"},\"query-input\":{\"@type\":\"PropertyValueSpecification\",\"valueRequired\":true,\"valueName\":\"search_term_string\"}}],\"inLanguage\":\"pt-BR\"},{\"@type\":\"Organization\",\"@id\":\"https:\\\/\\\/www.climatepolicyinitiative.org\\\/pt-br\\\/#organization\",\"name\":\"Climate Policy Initiative\",\"url\":\"https:\\\/\\\/www.climatepolicyinitiative.org\\\/pt-br\\\/\",\"logo\":{\"@type\":\"ImageObject\",\"inLanguage\":\"pt-BR\",\"@id\":\"https:\\\/\\\/www.climatepolicyinitiative.org\\\/pt-br\\\/#\\\/schema\\\/logo\\\/image\\\/\",\"url\":\"https:\\\/\\\/www.climatepolicyinitiative.org\\\/wp-content\\\/uploads\\\/2021\\\/07\\\/CPI_logo_cmyk_transparent.png\",\"contentUrl\":\"https:\\\/\\\/www.climatepolicyinitiative.org\\\/wp-content\\\/uploads\\\/2021\\\/07\\\/CPI_logo_cmyk_transparent.png\",\"width\":1728,\"height\":720,\"caption\":\"Climate Policy Initiative\"},\"image\":{\"@id\":\"https:\\\/\\\/www.climatepolicyinitiative.org\\\/pt-br\\\/#\\\/schema\\\/logo\\\/image\\\/\"},\"sameAs\":[\"https:\\\/\\\/www.facebook.com\\\/ClimatePolicyInitiative\",\"https:\\\/\\\/x.com\\\/climatepolicy\",\"https:\\\/\\\/www.linkedin.com\\\/company\\\/climate-policy-initiative\\\/?lipi=urn:li:page:d_flagship3_search_srp_all;GvyQ8DliSYaW9eZhdq8RBQ==\",\"https:\\\/\\\/www.youtube.com\\\/channel\\\/UCE8V0iDgBU8mreZdBegVCcA\",\"https:\\\/\\\/en.wikipedia.org\\\/wiki\\\/Climate_Policy_Initiative\"]}]}<\/script>\n<!-- \/ Yoast SEO plugin. -->","yoast_head_json":{"title":"Webinar: O Papel do Seguro Rural na Gest\u00e3o de Riscos Agropecu\u00e1rios - CPI","robots":{"index":"index","follow":"follow","max-snippet":"max-snippet:-1","max-image-preview":"max-image-preview:large","max-video-preview":"max-video-preview:-1"},"canonical":"https:\/\/www.climatepolicyinitiative.org\/pt-br\/event\/webinar-o-papel-do-seguro-rural-na-gestao-de-riscos-agropecuarios\/","og_locale":"pt_BR","og_type":"article","og_title":"Webinar: O Papel do Seguro Rural na Gest\u00e3o de Riscos Agropecu\u00e1rios - CPI","og_description":"A Coaliz\u00e3o Brasil Clima, Floresta e Agricultura, com apoio da Agroicone, CPI\/PUC-Rio e WWF Brasil,\u00a0convida para o webinar &#8220;O papel do Seguro Rural na Gest\u00e3o Integrada de Riscos Agropecu\u00e1rios&#8221;, no dia 8 de fevereiro das 10h \u00e0s 11h30\u00a0(hor\u00e1rio de Bras\u00edlia).\u00a0 O objetivo desse evento \u00e9 contribuir para o aprimoramento da agenda de seguro rural. \u00c9 [&hellip;]","og_url":"https:\/\/www.climatepolicyinitiative.org\/pt-br\/event\/webinar-o-papel-do-seguro-rural-na-gestao-de-riscos-agropecuarios\/","og_site_name":"CPI","article_publisher":"https:\/\/www.facebook.com\/ClimatePolicyInitiative","article_modified_time":"2022-01-24T13:50:09+00:00","og_image":[{"width":1200,"height":1196,"url":"https:\/\/www.climatepolicyinitiative.org\/wp-content\/uploads\/2022\/01\/convite-mailing.jpg","type":"image\/jpeg"}],"twitter_card":"summary_large_image","twitter_site":"@climatepolicy","twitter_misc":{"Est. tempo de leitura":"1 minuto"},"schema":{"@context":"https:\/\/schema.org","@graph":[{"@type":"WebPage","@id":"https:\/\/www.climatepolicyinitiative.org\/pt-br\/event\/webinar-o-papel-do-seguro-rural-na-gestao-de-riscos-agropecuarios\/","url":"https:\/\/www.climatepolicyinitiative.org\/pt-br\/event\/webinar-o-papel-do-seguro-rural-na-gestao-de-riscos-agropecuarios\/","name":"Webinar: O Papel do Seguro Rural na Gest\u00e3o de Riscos Agropecu\u00e1rios - CPI","isPartOf":{"@id":"https:\/\/www.climatepolicyinitiative.org\/pt-br\/#website"},"primaryImageOfPage":{"@id":"https:\/\/www.climatepolicyinitiative.org\/pt-br\/event\/webinar-o-papel-do-seguro-rural-na-gestao-de-riscos-agropecuarios\/#primaryimage"},"image":{"@id":"https:\/\/www.climatepolicyinitiative.org\/pt-br\/event\/webinar-o-papel-do-seguro-rural-na-gestao-de-riscos-agropecuarios\/#primaryimage"},"thumbnailUrl":"https:\/\/www.climatepolicyinitiative.org\/wp-content\/uploads\/2022\/01\/convite-mailing.jpg","datePublished":"2022-01-21T12:18:37+00:00","dateModified":"2022-01-24T13:50:09+00:00","breadcrumb":{"@id":"https:\/\/www.climatepolicyinitiative.org\/pt-br\/event\/webinar-o-papel-do-seguro-rural-na-gestao-de-riscos-agropecuarios\/#breadcrumb"},"inLanguage":"pt-BR","potentialAction":[{"@type":"ReadAction","target":["https:\/\/www.climatepolicyinitiative.org\/pt-br\/event\/webinar-o-papel-do-seguro-rural-na-gestao-de-riscos-agropecuarios\/"]}]},{"@type":"ImageObject","inLanguage":"pt-BR","@id":"https:\/\/www.climatepolicyinitiative.org\/pt-br\/event\/webinar-o-papel-do-seguro-rural-na-gestao-de-riscos-agropecuarios\/#primaryimage","url":"https:\/\/www.climatepolicyinitiative.org\/wp-content\/uploads\/2022\/01\/convite-mailing.jpg","contentUrl":"https:\/\/www.climatepolicyinitiative.org\/wp-content\/uploads\/2022\/01\/convite-mailing.jpg","width":1200,"height":1196},{"@type":"BreadcrumbList","@id":"https:\/\/www.climatepolicyinitiative.org\/pt-br\/event\/webinar-o-papel-do-seguro-rural-na-gestao-de-riscos-agropecuarios\/#breadcrumb","itemListElement":[{"@type":"ListItem","position":1,"name":"Home","item":"https:\/\/www.climatepolicyinitiative.org\/pt-br\/"},{"@type":"ListItem","position":2,"name":"Events","item":"https:\/\/www.climatepolicyinitiative.org\/event\/"},{"@type":"ListItem","position":3,"name":"Webinar: O Papel do Seguro Rural na Gest\u00e3o de Riscos Agropecu\u00e1rios"}]},{"@type":"WebSite","@id":"https:\/\/www.climatepolicyinitiative.org\/pt-br\/#website","url":"https:\/\/www.climatepolicyinitiative.org\/pt-br\/","name":"CPI","description":"Climate Policy Initiative works to improve the most important energy and land use policies around the world, with a particular focus on finance.","publisher":{"@id":"https:\/\/www.climatepolicyinitiative.org\/pt-br\/#organization"},"potentialAction":[{"@type":"SearchAction","target":{"@type":"EntryPoint","urlTemplate":"https:\/\/www.climatepolicyinitiative.org\/pt-br\/?s={search_term_string}"},"query-input":{"@type":"PropertyValueSpecification","valueRequired":true,"valueName":"search_term_string"}}],"inLanguage":"pt-BR"},{"@type":"Organization","@id":"https:\/\/www.climatepolicyinitiative.org\/pt-br\/#organization","name":"Climate Policy Initiative","url":"https:\/\/www.climatepolicyinitiative.org\/pt-br\/","logo":{"@type":"ImageObject","inLanguage":"pt-BR","@id":"https:\/\/www.climatepolicyinitiative.org\/pt-br\/#\/schema\/logo\/image\/","url":"https:\/\/www.climatepolicyinitiative.org\/wp-content\/uploads\/2021\/07\/CPI_logo_cmyk_transparent.png","contentUrl":"https:\/\/www.climatepolicyinitiative.org\/wp-content\/uploads\/2021\/07\/CPI_logo_cmyk_transparent.png","width":1728,"height":720,"caption":"Climate Policy Initiative"},"image":{"@id":"https:\/\/www.climatepolicyinitiative.org\/pt-br\/#\/schema\/logo\/image\/"},"sameAs":["https:\/\/www.facebook.com\/ClimatePolicyInitiative","https:\/\/x.com\/climatepolicy","https:\/\/www.linkedin.com\/company\/climate-policy-initiative\/?lipi=urn:li:page:d_flagship3_search_srp_all;GvyQ8DliSYaW9eZhdq8RBQ==","https:\/\/www.youtube.com\/channel\/UCE8V0iDgBU8mreZdBegVCcA","https:\/\/en.wikipedia.org\/wiki\/Climate_Policy_Initiative"]}]}},"_links":{"self":[{"href":"https:\/\/www.climatepolicyinitiative.org\/pt-br\/wp-json\/wp\/v2\/cpi_events\/44539","targetHints":{"allow":["GET"]}}],"collection":[{"href":"https:\/\/www.climatepolicyinitiative.org\/pt-br\/wp-json\/wp\/v2\/cpi_events"}],"about":[{"href":"https:\/\/www.climatepolicyinitiative.org\/pt-br\/wp-json\/wp\/v2\/types\/cpi_events"}],"wp:featuredmedia":[{"embeddable":true,"href":"https:\/\/www.climatepolicyinitiative.org\/pt-br\/wp-json\/wp\/v2\/media\/44540"}],"wp:attachment":[{"href":"https:\/\/www.climatepolicyinitiative.org\/pt-br\/wp-json\/wp\/v2\/media?parent=44539"}],"wp:term":[{"taxonomy":"programs","embeddable":true,"href":"https:\/\/www.climatepolicyinitiative.org\/pt-br\/wp-json\/wp\/v2\/programs?post=44539"},{"taxonomy":"regions","embeddable":true,"href":"https:\/\/www.climatepolicyinitiative.org\/pt-br\/wp-json\/wp\/v2\/regions?post=44539"},{"taxonomy":"topics","embeddable":true,"href":"https:\/\/www.climatepolicyinitiative.org\/pt-br\/wp-json\/wp\/v2\/topics?post=44539"},{"taxonomy":"collaborations","embeddable":true,"href":"https:\/\/www.climatepolicyinitiative.org\/pt-br\/wp-json\/wp\/v2\/collaborations?post=44539"}],"curies":[{"name":"wp","href":"https:\/\/api.w.org\/{rel}","templated":true}]}}