{"id":37787,"date":"2021-05-26T17:59:08","date_gmt":"2021-05-26T17:59:08","guid":{"rendered":"https:\/\/www.climatepolicyinitiative.org\/?post_type=cpi_events&#038;p=37787"},"modified":"2021-06-01T22:56:56","modified_gmt":"2021-06-01T22:56:56","slug":"semana-glocal-qual-o-desafio-das-politicas-climaticas-no-brasil","status":"publish","type":"cpi_events","link":"https:\/\/www.climatepolicyinitiative.org\/pt-br\/event\/semana-glocal-qual-o-desafio-das-politicas-climaticas-no-brasil\/","title":{"rendered":"Semana gLOCAL: &#8220;Qual o Desafio das Pol\u00edticas Clim\u00e1ticas no Brasil?&#8221;"},"content":{"rendered":"\n<p>Ao longo da semana gLOCAL, O CPI\/PUC-Rio pretende apresentar os maiores desafios das pol\u00edticas clim\u00e1ticas no Brasil, focando em quatro agendas: conserva\u00e7\u00e3o, energia, instrumentos financeiros e agricultura sustent\u00e1vel. O evento contar\u00e1 com quatro sess\u00f5es apresentando os principais pontos de cada \u00e1rea, com base em informa\u00e7\u00f5es advindas de monitoramento e avalia\u00e7\u00e3o (M&amp;A), e pesquisas aprofundadas de economia e governan\u00e7a desenvolvidas pela organiza\u00e7\u00e3o. Cada sess\u00e3o tamb\u00e9m contar\u00e1 com painel de especialistas em cada \u00e1rea do setor p\u00fablico, privado e terceiro setor.<\/p>\n\n\n\n<hr class=\"wp-block-separator\"\/>\n\n\n\n<h2 class=\"wp-block-heading\">Mesa 1: <strong>Efetividade das Pol\u00edticas de Combate ao Desmatamento<\/strong><\/h2>\n\n\n\n<p>A mesa \u201cEfetividade das Pol\u00edticas de Combate ao Desmatamento\u201d trouxe um resumo do que j\u00e1 aprendemos sobre a efetividade dessas pol\u00edticas a partir de avalia\u00e7\u00f5es de impacto.<\/p>\n\n\n\n<p><strong>Clarissa Gandour<\/strong><br>Coordenadora de Avalia\u00e7\u00e3o de Pol\u00edtica P\u00fablica em Conserva\u00e7\u00e3o do CPI\/PUC-Rio<\/p>\n\n\n\n<p><strong>Cl\u00e1udio Almeida<\/strong><br>Coordenador do Programa de Monitoramento da Amaz\u00f4nia e Demais Biomas do INPE<\/p>\n\n\n\n<p><strong>Francisco Oliveira<\/strong><br>Ex-diretor de Pol\u00edticas de Combate ao Desmatamento do MMA<\/p>\n\n\n\n<p><strong>Gabriel Lui<\/strong><br>Coordenador do Portf\u00f3lio de Uso da Terra do Instituto Clima e Sociedade (iCS), Ex-Coordenador Geral de Pol\u00edticas de Combate ao Desmatamento do MMA e Ex-Diretor do ICMBio<\/p>\n\n\n\n<figure class=\"wp-block-embed is-type-video is-provider-youtube wp-block-embed-youtube wp-embed-aspect-16-9 wp-has-aspect-ratio\"><div class=\"wp-block-embed__wrapper\">\n<iframe loading=\"lazy\" title=\"Efetividade das Pol\u00edticas de Combate ao Desmatamento - Semana gLOCAL de Avalia\u00e7\u00e3o 2021\" width=\"500\" height=\"281\" src=\"https:\/\/www.youtube.com\/embed\/XXfDEDGsj4E?feature=oembed\" frameborder=\"0\" allow=\"accelerometer; autoplay; clipboard-write; encrypted-media; gyroscope; picture-in-picture; web-share\" referrerpolicy=\"strict-origin-when-cross-origin\" allowfullscreen><\/iframe>\n<\/div><\/figure>\n\n\n\n<hr class=\"wp-block-separator\"\/>\n\n\n\n<h2 class=\"wp-block-heading\">Mesa 2: <strong><strong>Avalia\u00e7\u00e3o Experimental do Impacto do Programa ABC Cerrado<\/strong><\/strong><\/h2>\n\n\n\n<p>A mesa \u201cAvalia\u00e7\u00e3o Experimental do Impacto do Programa ABC do Cerrado\u201d falou do programa ABC Cerrado, uma das iniciativas implementadas dentro do Plano ABC (2011-2020).<\/p>\n\n\n\n<p><strong>Arthur Bragan\u00e7a<\/strong><br>Coordenador de Avalia\u00e7\u00e3o de Pol\u00edtica P\u00fablica em Agricultura Sustent\u00e1vel e Infraestrutura do CPI\/PUC-Rio<\/p>\n\n\n\n<p><strong>Barbara Cristina Noronha Farinelli<\/strong><br>Economista S\u00eanior de Agricultura no Banco Mundial<\/p>\n\n\n\n<p><strong>Fabiana Villa Alves<\/strong><br>Coordenadora da Coordena\u00e7\u00e3o-Geral de Mudan\u00e7as Clim\u00e1ticas, Florestas Plantadas e Agropecu\u00e1ria Conservacionista do Minist\u00e9rio da Agricultura<\/p>\n\n\n\n<p><strong>Paulo Barreto<\/strong><br>Pesquisador S\u00eanior do Imazon<\/p>\n\n\n\n<figure class=\"wp-block-embed is-type-video is-provider-youtube wp-block-embed-youtube wp-embed-aspect-16-9 wp-has-aspect-ratio\"><div class=\"wp-block-embed__wrapper\">\n<iframe loading=\"lazy\" title=\"Avalia\u00e7\u00e3o Experimental do Impacto do Programa ABC do Cerrado - Semana gLOCAL de Avalia\u00e7\u00e3o 2021\" width=\"500\" height=\"281\" src=\"https:\/\/www.youtube.com\/embed\/4Mk4u7vE_jA?feature=oembed\" frameborder=\"0\" allow=\"accelerometer; autoplay; clipboard-write; encrypted-media; gyroscope; picture-in-picture; web-share\" referrerpolicy=\"strict-origin-when-cross-origin\" allowfullscreen><\/iframe>\n<\/div><\/figure>\n\n\n\n<hr class=\"wp-block-separator\"\/>\n\n\n\n<h2 class=\"wp-block-heading\">Mesa 3: <strong>Como o Cr\u00e9dito Impacta a Produtividade Agropecu\u00e1ria<\/strong> <strong>e o Desmatamento<\/strong><\/h2>\n\n\n\n<p>A mesa \u201cComo o Cr\u00e9dito Impacta a Produtividade Agropecu\u00e1ria e o Desmatamento\u201d apresentou pesquisas do CPI\/PUC-Rio em parceria com o Banco Central do Brasil sobre como nossa principal pol\u00edtica agr\u00edcola, o cr\u00e9dito rural, impacta a produtividade, o uso da terra e o desmatamento.<\/p>\n\n\n\n<p><strong>Priscila Souza<\/strong><br>Coordenadora de Avalia\u00e7\u00e3o de Pol\u00edtica P\u00fablica em Instrumentos Financeiros do CPI\/PUC-Rio<\/p>\n\n\n\n<p><strong>Andr\u00e9 Albuquerque Sant&#8217;Anna<\/strong><br>Economista do BNDES<\/p>\n\n\n\n<p><strong>Cl\u00e1udio Filgueiras<\/strong><br>Chefe do Departamento de Regula\u00e7\u00e3o, Supervis\u00e3o e Controle das Opera\u00e7\u00f5es do Cr\u00e9dito Rural e do Proagro (DEROP) no Banco Central do Brasil<\/p>\n\n\n\n<p><strong>Leila Harfuch<\/strong><br>S\u00f3cia-gerente do Agroicone<\/p>\n\n\n\n<figure class=\"wp-block-embed is-type-video is-provider-youtube wp-block-embed-youtube wp-embed-aspect-16-9 wp-has-aspect-ratio\"><div class=\"wp-block-embed__wrapper\">\n<iframe loading=\"lazy\" title=\"Como o Cr\u00e9dito Impacta a Produtividade Agropecu\u00e1ria e Desmatamento - Semana gLOCAL de Avalia\u00e7\u00e3o 2021\" width=\"500\" height=\"281\" src=\"https:\/\/www.youtube.com\/embed\/BhMsbFZzvEw?feature=oembed\" frameborder=\"0\" allow=\"accelerometer; autoplay; clipboard-write; encrypted-media; gyroscope; picture-in-picture; web-share\" referrerpolicy=\"strict-origin-when-cross-origin\" allowfullscreen><\/iframe>\n<\/div><\/figure>\n\n\n\n<hr class=\"wp-block-separator\"\/>\n\n\n\n<h2 class=\"wp-block-heading\">Mesa 4: <strong><strong>Monitoramento e Avalia\u00e7\u00e3o das Pol\u00edticas do Setor El\u00e9trico Brasileiro<\/strong><\/strong><\/h2>\n\n\n\n<p>A mesa \u201cMonitoramento e Avalia\u00e7\u00e3o das Pol\u00edticas do Setor El\u00e9trico Brasileiro\u201d teve como objetivo discutir o uso das pr\u00e1ticas de monitoramento e avalia\u00e7\u00e3o (M&amp;A) nas pol\u00edticas p\u00fablicas relacionadas ao Setor El\u00e9trico Brasileiro (SEB).<\/p>\n\n\n\n<p><strong>Amanda Schutze<\/strong><br>Coordenadora de avalia\u00e7\u00e3o de Pol\u00edtica P\u00fablica em Energia do CPI\/PUC-Rio<\/p>\n\n\n\n<p><strong>Agnes M. da Costa<\/strong><br>Chefe de Assessoria Especial em Assuntos Regulat\u00f3rios do Minist\u00e9rio de Minas e Energia<\/p>\n\n\n\n<p><strong>Maria Jo\u00e3o Rolim<\/strong><br>S\u00f3cia do escrit\u00f3rio Rolim, Viotti, Goulart Cardoso Advogados e Presidente da Comiss\u00e3o de Energia da OAB\/SP<\/p>\n\n\n\n<p><strong>Rebeca Regina Regatieri<\/strong><br>Doutoranda na EESP, participou da Coordena\u00e7\u00e3o T\u00e9cnica da Casa Civil da Presid\u00eancia da Rep\u00fablica na elabora\u00e7\u00e3o dos Guias Pr\u00e1ticos de Avalia\u00e7\u00e3o de Pol\u00edticas P\u00fablicas<\/p>\n\n\n\n<p><strong>Carmen Silva Sanches<\/strong><br>Especialista em Regula\u00e7\u00e3o da ANEEL<\/p>\n\n\n\n<figure class=\"wp-block-embed is-type-video is-provider-youtube wp-block-embed-youtube wp-embed-aspect-16-9 wp-has-aspect-ratio\"><div class=\"wp-block-embed__wrapper\">\n<iframe loading=\"lazy\" title=\"Monitoramento e Avalia\u00e7\u00e3o das Pol\u00edticas do Setor El\u00e9trico - Semana gLOCAL de Avalia\u00e7\u00e3o 2021\" width=\"500\" height=\"281\" src=\"https:\/\/www.youtube.com\/embed\/3sH9g0lFq1U?feature=oembed\" frameborder=\"0\" allow=\"accelerometer; autoplay; clipboard-write; encrypted-media; gyroscope; picture-in-picture; web-share\" referrerpolicy=\"strict-origin-when-cross-origin\" allowfullscreen><\/iframe>\n<\/div><\/figure>\n","protected":false},"excerpt":{"rendered":"<p>Ao longo da semana gLOCAL, O CPI\/PUC-Rio pretende apresentar os maiores desafios das pol\u00edticas clim\u00e1ticas no Brasil, focando em quatro agendas: conserva\u00e7\u00e3o, energia, instrumentos financeiros e agricultura sustent\u00e1vel. <\/p>\n","protected":false},"featured_media":37877,"menu_order":0,"template":"","format":"standard","meta":{"_acf_changed":false},"programs":[1241],"regions":[1377],"topics":[1286,1320],"collaborations":[],"class_list":["post-37787","cpi_events","type-cpi_events","status-publish","format-standard","has-post-thumbnail","hentry","programs-brazil-policy-center","regions-brasil","topics-energia-e-infraestrutura","topics-uso-da-terra-e-conservacao"],"acf":[],"yoast_head":"<!-- This site is optimized with the Yoast SEO plugin v27.3 - https:\/\/yoast.com\/product\/yoast-seo-wordpress\/ -->\n<title>Semana gLOCAL: &quot;Qual o Desafio das Pol\u00edticas Clim\u00e1ticas no Brasil?&quot; - CPI<\/title>\n<meta name=\"robots\" content=\"index, follow, max-snippet:-1, max-image-preview:large, max-video-preview:-1\" \/>\n<link rel=\"canonical\" href=\"https:\/\/www.climatepolicyinitiative.org\/pt-br\/event\/semana-glocal-qual-o-desafio-das-politicas-climaticas-no-brasil\/\" \/>\n<meta property=\"og:locale\" content=\"pt_BR\" \/>\n<meta property=\"og:type\" content=\"article\" \/>\n<meta property=\"og:title\" content=\"Semana gLOCAL: \u201cQual o Desafio das Pol\u00edticas Clim\u00e1ticas no Brasil?\u201d\" \/>\n<meta property=\"og:description\" content=\"Ao longo da semana gLOCAL, O CPI\/PUC-Rio apresentou os maiores desafios das pol\u00edticas clim\u00e1ticas no Brasil, focando em quatro agendas: conserva\u00e7\u00e3o, energia, instrumentos financeiros e agricultura sustent\u00e1vel.\" \/>\n<meta property=\"og:url\" content=\"https:\/\/www.climatepolicyinitiative.org\/pt-br\/event\/semana-glocal-qual-o-desafio-das-politicas-climaticas-no-brasil\/\" \/>\n<meta property=\"og:site_name\" content=\"CPI\" \/>\n<meta property=\"article:publisher\" content=\"https:\/\/www.facebook.com\/ClimatePolicyInitiative\" \/>\n<meta property=\"article:modified_time\" content=\"2021-06-01T22:56:56+00:00\" \/>\n<meta property=\"og:image\" content=\"https:\/\/www.climatepolicyinitiative.org\/wp-content\/uploads\/2021\/05\/MicrosoftTeams-image-12.jpg\" \/>\n\t<meta property=\"og:image:width\" content=\"1413\" \/>\n\t<meta property=\"og:image:height\" content=\"839\" \/>\n\t<meta property=\"og:image:type\" content=\"image\/jpeg\" \/>\n<meta name=\"twitter:card\" content=\"summary_large_image\" \/>\n<meta name=\"twitter:site\" content=\"@climatepolicy\" \/>\n<meta name=\"twitter:label1\" content=\"Est. tempo de leitura\" \/>\n\t<meta name=\"twitter:data1\" content=\"3 minutos\" \/>\n<script type=\"application\/ld+json\" class=\"yoast-schema-graph\">{\"@context\":\"https:\\\/\\\/schema.org\",\"@graph\":[{\"@type\":\"WebPage\",\"@id\":\"https:\\\/\\\/www.climatepolicyinitiative.org\\\/pt-br\\\/event\\\/semana-glocal-qual-o-desafio-das-politicas-climaticas-no-brasil\\\/\",\"url\":\"https:\\\/\\\/www.climatepolicyinitiative.org\\\/pt-br\\\/event\\\/semana-glocal-qual-o-desafio-das-politicas-climaticas-no-brasil\\\/\",\"name\":\"Semana gLOCAL: \\\"Qual o Desafio das Pol\u00edticas Clim\u00e1ticas no Brasil?\\\" - CPI\",\"isPartOf\":{\"@id\":\"https:\\\/\\\/www.climatepolicyinitiative.org\\\/pt-br\\\/#website\"},\"primaryImageOfPage\":{\"@id\":\"https:\\\/\\\/www.climatepolicyinitiative.org\\\/pt-br\\\/event\\\/semana-glocal-qual-o-desafio-das-politicas-climaticas-no-brasil\\\/#primaryimage\"},\"image\":{\"@id\":\"https:\\\/\\\/www.climatepolicyinitiative.org\\\/pt-br\\\/event\\\/semana-glocal-qual-o-desafio-das-politicas-climaticas-no-brasil\\\/#primaryimage\"},\"thumbnailUrl\":\"https:\\\/\\\/www.climatepolicyinitiative.org\\\/wp-content\\\/uploads\\\/2021\\\/05\\\/MicrosoftTeams-image-12.jpg\",\"datePublished\":\"2021-05-26T17:59:08+00:00\",\"dateModified\":\"2021-06-01T22:56:56+00:00\",\"breadcrumb\":{\"@id\":\"https:\\\/\\\/www.climatepolicyinitiative.org\\\/pt-br\\\/event\\\/semana-glocal-qual-o-desafio-das-politicas-climaticas-no-brasil\\\/#breadcrumb\"},\"inLanguage\":\"pt-BR\",\"potentialAction\":[{\"@type\":\"ReadAction\",\"target\":[\"https:\\\/\\\/www.climatepolicyinitiative.org\\\/pt-br\\\/event\\\/semana-glocal-qual-o-desafio-das-politicas-climaticas-no-brasil\\\/\"]}]},{\"@type\":\"ImageObject\",\"inLanguage\":\"pt-BR\",\"@id\":\"https:\\\/\\\/www.climatepolicyinitiative.org\\\/pt-br\\\/event\\\/semana-glocal-qual-o-desafio-das-politicas-climaticas-no-brasil\\\/#primaryimage\",\"url\":\"https:\\\/\\\/www.climatepolicyinitiative.org\\\/wp-content\\\/uploads\\\/2021\\\/05\\\/MicrosoftTeams-image-12.jpg\",\"contentUrl\":\"https:\\\/\\\/www.climatepolicyinitiative.org\\\/wp-content\\\/uploads\\\/2021\\\/05\\\/MicrosoftTeams-image-12.jpg\",\"width\":1413,\"height\":839},{\"@type\":\"BreadcrumbList\",\"@id\":\"https:\\\/\\\/www.climatepolicyinitiative.org\\\/pt-br\\\/event\\\/semana-glocal-qual-o-desafio-das-politicas-climaticas-no-brasil\\\/#breadcrumb\",\"itemListElement\":[{\"@type\":\"ListItem\",\"position\":1,\"name\":\"Home\",\"item\":\"https:\\\/\\\/www.climatepolicyinitiative.org\\\/pt-br\\\/\"},{\"@type\":\"ListItem\",\"position\":2,\"name\":\"Events\",\"item\":\"https:\\\/\\\/www.climatepolicyinitiative.org\\\/event\\\/\"},{\"@type\":\"ListItem\",\"position\":3,\"name\":\"Semana gLOCAL: &#8220;Qual o Desafio das Pol\u00edticas Clim\u00e1ticas no Brasil?&#8221;\"}]},{\"@type\":\"WebSite\",\"@id\":\"https:\\\/\\\/www.climatepolicyinitiative.org\\\/pt-br\\\/#website\",\"url\":\"https:\\\/\\\/www.climatepolicyinitiative.org\\\/pt-br\\\/\",\"name\":\"CPI\",\"description\":\"Climate Policy Initiative works to improve the most important energy and land use policies around the world, with a particular focus on finance.\",\"publisher\":{\"@id\":\"https:\\\/\\\/www.climatepolicyinitiative.org\\\/pt-br\\\/#organization\"},\"potentialAction\":[{\"@type\":\"SearchAction\",\"target\":{\"@type\":\"EntryPoint\",\"urlTemplate\":\"https:\\\/\\\/www.climatepolicyinitiative.org\\\/pt-br\\\/?s={search_term_string}\"},\"query-input\":{\"@type\":\"PropertyValueSpecification\",\"valueRequired\":true,\"valueName\":\"search_term_string\"}}],\"inLanguage\":\"pt-BR\"},{\"@type\":\"Organization\",\"@id\":\"https:\\\/\\\/www.climatepolicyinitiative.org\\\/pt-br\\\/#organization\",\"name\":\"Climate Policy Initiative\",\"url\":\"https:\\\/\\\/www.climatepolicyinitiative.org\\\/pt-br\\\/\",\"logo\":{\"@type\":\"ImageObject\",\"inLanguage\":\"pt-BR\",\"@id\":\"https:\\\/\\\/www.climatepolicyinitiative.org\\\/pt-br\\\/#\\\/schema\\\/logo\\\/image\\\/\",\"url\":\"https:\\\/\\\/www.climatepolicyinitiative.org\\\/wp-content\\\/uploads\\\/2021\\\/07\\\/CPI_logo_cmyk_transparent.png\",\"contentUrl\":\"https:\\\/\\\/www.climatepolicyinitiative.org\\\/wp-content\\\/uploads\\\/2021\\\/07\\\/CPI_logo_cmyk_transparent.png\",\"width\":1728,\"height\":720,\"caption\":\"Climate Policy Initiative\"},\"image\":{\"@id\":\"https:\\\/\\\/www.climatepolicyinitiative.org\\\/pt-br\\\/#\\\/schema\\\/logo\\\/image\\\/\"},\"sameAs\":[\"https:\\\/\\\/www.facebook.com\\\/ClimatePolicyInitiative\",\"https:\\\/\\\/x.com\\\/climatepolicy\",\"https:\\\/\\\/www.linkedin.com\\\/company\\\/climate-policy-initiative\\\/?lipi=urn:li:page:d_flagship3_search_srp_all;GvyQ8DliSYaW9eZhdq8RBQ==\",\"https:\\\/\\\/www.youtube.com\\\/channel\\\/UCE8V0iDgBU8mreZdBegVCcA\",\"https:\\\/\\\/en.wikipedia.org\\\/wiki\\\/Climate_Policy_Initiative\"]}]}<\/script>\n<!-- \/ Yoast SEO plugin. -->","yoast_head_json":{"title":"Semana gLOCAL: \"Qual o Desafio das Pol\u00edticas Clim\u00e1ticas no Brasil?\" - CPI","robots":{"index":"index","follow":"follow","max-snippet":"max-snippet:-1","max-image-preview":"max-image-preview:large","max-video-preview":"max-video-preview:-1"},"canonical":"https:\/\/www.climatepolicyinitiative.org\/pt-br\/event\/semana-glocal-qual-o-desafio-das-politicas-climaticas-no-brasil\/","og_locale":"pt_BR","og_type":"article","og_title":"Semana gLOCAL: \u201cQual o Desafio das Pol\u00edticas Clim\u00e1ticas no Brasil?\u201d","og_description":"Ao longo da semana gLOCAL, O CPI\/PUC-Rio apresentou os maiores desafios das pol\u00edticas clim\u00e1ticas no Brasil, focando em quatro agendas: conserva\u00e7\u00e3o, energia, instrumentos financeiros e agricultura sustent\u00e1vel.","og_url":"https:\/\/www.climatepolicyinitiative.org\/pt-br\/event\/semana-glocal-qual-o-desafio-das-politicas-climaticas-no-brasil\/","og_site_name":"CPI","article_publisher":"https:\/\/www.facebook.com\/ClimatePolicyInitiative","article_modified_time":"2021-06-01T22:56:56+00:00","og_image":[{"width":1413,"height":839,"url":"https:\/\/www.climatepolicyinitiative.org\/wp-content\/uploads\/2021\/05\/MicrosoftTeams-image-12.jpg","type":"image\/jpeg"}],"twitter_card":"summary_large_image","twitter_site":"@climatepolicy","twitter_misc":{"Est. tempo de leitura":"3 minutos"},"schema":{"@context":"https:\/\/schema.org","@graph":[{"@type":"WebPage","@id":"https:\/\/www.climatepolicyinitiative.org\/pt-br\/event\/semana-glocal-qual-o-desafio-das-politicas-climaticas-no-brasil\/","url":"https:\/\/www.climatepolicyinitiative.org\/pt-br\/event\/semana-glocal-qual-o-desafio-das-politicas-climaticas-no-brasil\/","name":"Semana gLOCAL: \"Qual o Desafio das Pol\u00edticas Clim\u00e1ticas no Brasil?\" - CPI","isPartOf":{"@id":"https:\/\/www.climatepolicyinitiative.org\/pt-br\/#website"},"primaryImageOfPage":{"@id":"https:\/\/www.climatepolicyinitiative.org\/pt-br\/event\/semana-glocal-qual-o-desafio-das-politicas-climaticas-no-brasil\/#primaryimage"},"image":{"@id":"https:\/\/www.climatepolicyinitiative.org\/pt-br\/event\/semana-glocal-qual-o-desafio-das-politicas-climaticas-no-brasil\/#primaryimage"},"thumbnailUrl":"https:\/\/www.climatepolicyinitiative.org\/wp-content\/uploads\/2021\/05\/MicrosoftTeams-image-12.jpg","datePublished":"2021-05-26T17:59:08+00:00","dateModified":"2021-06-01T22:56:56+00:00","breadcrumb":{"@id":"https:\/\/www.climatepolicyinitiative.org\/pt-br\/event\/semana-glocal-qual-o-desafio-das-politicas-climaticas-no-brasil\/#breadcrumb"},"inLanguage":"pt-BR","potentialAction":[{"@type":"ReadAction","target":["https:\/\/www.climatepolicyinitiative.org\/pt-br\/event\/semana-glocal-qual-o-desafio-das-politicas-climaticas-no-brasil\/"]}]},{"@type":"ImageObject","inLanguage":"pt-BR","@id":"https:\/\/www.climatepolicyinitiative.org\/pt-br\/event\/semana-glocal-qual-o-desafio-das-politicas-climaticas-no-brasil\/#primaryimage","url":"https:\/\/www.climatepolicyinitiative.org\/wp-content\/uploads\/2021\/05\/MicrosoftTeams-image-12.jpg","contentUrl":"https:\/\/www.climatepolicyinitiative.org\/wp-content\/uploads\/2021\/05\/MicrosoftTeams-image-12.jpg","width":1413,"height":839},{"@type":"BreadcrumbList","@id":"https:\/\/www.climatepolicyinitiative.org\/pt-br\/event\/semana-glocal-qual-o-desafio-das-politicas-climaticas-no-brasil\/#breadcrumb","itemListElement":[{"@type":"ListItem","position":1,"name":"Home","item":"https:\/\/www.climatepolicyinitiative.org\/pt-br\/"},{"@type":"ListItem","position":2,"name":"Events","item":"https:\/\/www.climatepolicyinitiative.org\/event\/"},{"@type":"ListItem","position":3,"name":"Semana gLOCAL: &#8220;Qual o Desafio das Pol\u00edticas Clim\u00e1ticas no Brasil?&#8221;"}]},{"@type":"WebSite","@id":"https:\/\/www.climatepolicyinitiative.org\/pt-br\/#website","url":"https:\/\/www.climatepolicyinitiative.org\/pt-br\/","name":"CPI","description":"Climate Policy Initiative works to improve the most important energy and land use policies around the world, with a particular focus on finance.","publisher":{"@id":"https:\/\/www.climatepolicyinitiative.org\/pt-br\/#organization"},"potentialAction":[{"@type":"SearchAction","target":{"@type":"EntryPoint","urlTemplate":"https:\/\/www.climatepolicyinitiative.org\/pt-br\/?s={search_term_string}"},"query-input":{"@type":"PropertyValueSpecification","valueRequired":true,"valueName":"search_term_string"}}],"inLanguage":"pt-BR"},{"@type":"Organization","@id":"https:\/\/www.climatepolicyinitiative.org\/pt-br\/#organization","name":"Climate Policy Initiative","url":"https:\/\/www.climatepolicyinitiative.org\/pt-br\/","logo":{"@type":"ImageObject","inLanguage":"pt-BR","@id":"https:\/\/www.climatepolicyinitiative.org\/pt-br\/#\/schema\/logo\/image\/","url":"https:\/\/www.climatepolicyinitiative.org\/wp-content\/uploads\/2021\/07\/CPI_logo_cmyk_transparent.png","contentUrl":"https:\/\/www.climatepolicyinitiative.org\/wp-content\/uploads\/2021\/07\/CPI_logo_cmyk_transparent.png","width":1728,"height":720,"caption":"Climate Policy Initiative"},"image":{"@id":"https:\/\/www.climatepolicyinitiative.org\/pt-br\/#\/schema\/logo\/image\/"},"sameAs":["https:\/\/www.facebook.com\/ClimatePolicyInitiative","https:\/\/x.com\/climatepolicy","https:\/\/www.linkedin.com\/company\/climate-policy-initiative\/?lipi=urn:li:page:d_flagship3_search_srp_all;GvyQ8DliSYaW9eZhdq8RBQ==","https:\/\/www.youtube.com\/channel\/UCE8V0iDgBU8mreZdBegVCcA","https:\/\/en.wikipedia.org\/wiki\/Climate_Policy_Initiative"]}]}},"_links":{"self":[{"href":"https:\/\/www.climatepolicyinitiative.org\/pt-br\/wp-json\/wp\/v2\/cpi_events\/37787","targetHints":{"allow":["GET"]}}],"collection":[{"href":"https:\/\/www.climatepolicyinitiative.org\/pt-br\/wp-json\/wp\/v2\/cpi_events"}],"about":[{"href":"https:\/\/www.climatepolicyinitiative.org\/pt-br\/wp-json\/wp\/v2\/types\/cpi_events"}],"wp:featuredmedia":[{"embeddable":true,"href":"https:\/\/www.climatepolicyinitiative.org\/pt-br\/wp-json\/wp\/v2\/media\/37877"}],"wp:attachment":[{"href":"https:\/\/www.climatepolicyinitiative.org\/pt-br\/wp-json\/wp\/v2\/media?parent=37787"}],"wp:term":[{"taxonomy":"programs","embeddable":true,"href":"https:\/\/www.climatepolicyinitiative.org\/pt-br\/wp-json\/wp\/v2\/programs?post=37787"},{"taxonomy":"regions","embeddable":true,"href":"https:\/\/www.climatepolicyinitiative.org\/pt-br\/wp-json\/wp\/v2\/regions?post=37787"},{"taxonomy":"topics","embeddable":true,"href":"https:\/\/www.climatepolicyinitiative.org\/pt-br\/wp-json\/wp\/v2\/topics?post=37787"},{"taxonomy":"collaborations","embeddable":true,"href":"https:\/\/www.climatepolicyinitiative.org\/pt-br\/wp-json\/wp\/v2\/collaborations?post=37787"}],"curies":[{"name":"wp","href":"https:\/\/api.w.org\/{rel}","templated":true}]}}